{"id":37160,"date":"2023-03-31T16:58:12","date_gmt":"2023-03-31T16:58:12","guid":{"rendered":"https:\/\/ap-hotelsresorts.com\/?page_id=37160"},"modified":"2026-03-24T13:44:47","modified_gmt":"2026-03-24T13:44:47","slug":"vacaciones-de-semana-santa","status":"publish","type":"page","link":"https:\/\/ap-hotelsresorts.com\/es\/vacaciones-de-semana-santa\/","title":{"rendered":"Vacaciones de Semana Santa"},"content":{"rendered":"<p>[vc_row equal_height=\u00bbyes\u00bb css=\u00bb.vc_custom_1602589077162{margin-top: 15px !important;background-color: #fbf9f9 !important;}\u00bb el_class=\u00bbrestaurant-item\u00bb][vc_column offset=\u00bbvc_col-lg-offset-0 vc_col-lg-6 vc_col-md-12 vc_col-sm-offset-0&#8243; css=\u00bb.vc_custom_1674227939384{padding-top: 28% !important;padding-bottom: 28% !important;background-position: center !important;background-repeat: no-repeat !important;background-size: cover !important;}\u00bb]<div class=\"mkdf-elements-holder   mkdf-one-column  mkdf-responsive-mode-768 \" ><div class=\"mkdf-eh-item    \"  data-item-class=\"mkdf-eh-custom-3247\">\n\t<div class=\"mkdf-eh-item-inner\">\n\t\t<div class=\"mkdf-eh-item-content mkdf-eh-custom-3247\" style=\"padding: 10px 10px 10px 10px\">\n\t\t\t[vc_empty_space]<div class=\"mkdf-section-title-holder  mkdf-st-standard mkdf-st-ha-left mkdf-st-title-left mkdf-st-normal-space \" style=\"text-align: left\">\n\t<div class=\"mkdf-st-inner\">\n\t\t\t\t\t\t\t<h2 class=\"mkdf-st-title\" >\n\t\t\t\tSemana Santa Algarve\t\t\t\t\t\t\t<\/h2>\n\t\t\t\t\t\t\t<\/div>\n<\/div>[vc_empty_space height=\u00bb20px\u00bb]<div class=\"mkdf-section-title-holder  mkdf-st-standard mkdf-st-ha-left mkdf-st-title-left mkdf-st-normal-space \" style=\"text-align: left\">\n\t<div class=\"mkdf-st-inner\">\n\t\t\t\t\t\t\t\t\t<\/div>\n<\/div>[vc_empty_space height=\u00bb20px\u00bb][vc_column_text]<\/p>\n<h3><strong>SEMANA SANTA EN EL ALGARVE<\/strong><\/h3>\n<p>&nbsp;<\/p>\n<p>En <strong>AP Eva Senses,<\/strong> el Chef Alberto Carvalho ha preparado un almuerzo de Pascua con los manjares m\u00e1s tradicionales. Re\u00fanase con su familia en la mesa de aHrune con una fant\u00e1stica vista a <strong>Ria Formosa.<\/strong>[\/vc_column_text][vc_empty_space][vc_empty_space]<a itemprop=\"url\" href=\"https:\/\/ap-hotelsresorts.com\/wp-content\/uploads\/2023\/04\/Easter-Menu-AP-EVA.pdf\" target=\"_blank\"  class=\"mkdf-btn mkdf-btn-medium mkdf-btn-solid\"  >\n    <span class=\"mkdf-btn-text\">MENU BUFFET<\/span>\n    <\/a>[vc_empty_space height=\u00bb60px\u00bb]\t\t<\/div>\n\t<\/div>\n<\/div><\/div>[\/vc_column][vc_column css=\u00bb.vc_custom_1680281991188{padding-bottom: 10% !important;padding-left: 5% !important;background-image: url(https:\/\/ap-hotelsresorts.com\/wp-content\/uploads\/2023\/03\/IMG_0345-1-scaled.jpg?id=37243) !important;background-position: center !important;background-repeat: no-repeat !important;background-size: cover !important;}\u00bb offset=\u00bbvc_col-lg-offset-0 vc_col-lg-6 vc_col-md-12 vc_col-sm-offset-0&#8243;][\/vc_column][\/vc_row][vc_row equal_height=\u00bbyes\u00bb css=\u00bb.vc_custom_1602589077162{margin-top: 15px !important;background-color: #fbf9f9 !important;}\u00bb el_class=\u00bbrestaurant-item\u00bb][vc_column offset=\u00bbvc_col-lg-offset-0 vc_col-lg-6 vc_col-md-12 vc_col-sm-offset-0&#8243; css=\u00bb.vc_custom_1680282011163{padding-top: 28% !important;padding-bottom: 28% !important;background-image: url(https:\/\/ap-hotelsresorts.com\/wp-content\/uploads\/2023\/03\/Cabrito-LusoLife-Christoforidis-936-scaled-copiar-1.jpg?id=37238) !important;background-position: center !important;background-repeat: no-repeat !important;background-size: cover !important;}\u00bb][\/vc_column][vc_column css=\u00bb.vc_custom_1603455624204{padding-bottom: 10% !important;padding-left: 5% !important;background-position: center !important;background-repeat: no-repeat !important;background-size: cover !important;}\u00bb offset=\u00bbvc_col-lg-offset-0 vc_col-lg-6 vc_col-md-12 vc_col-sm-offset-0&#8243;]<div class=\"mkdf-elements-holder   mkdf-one-column  mkdf-responsive-mode-768 \" ><div class=\"mkdf-eh-item    \"  data-item-class=\"mkdf-eh-custom-1304\">\n\t<div class=\"mkdf-eh-item-inner\">\n\t\t<div class=\"mkdf-eh-item-content mkdf-eh-custom-1304\" >\n\t\t\t<div class=\"mkdf-section-title-holder  mkdf-st-standard mkdf-st-ha-left mkdf-st-title-left mkdf-st-normal-space \" style=\"text-align: left\">\n\t<div class=\"mkdf-st-inner\">\n\t\t\t\t\t\t\t<h2 class=\"mkdf-st-title\" >\n\t\t\t\tSEMANA SANTA VIANA DO CASTELO\t\t\t\t\t\t\t<\/h2>\n\t\t\t\t\t\t\t<\/div>\n<\/div>[vc_empty_space height=\u00bb20px\u00bb][vc_empty_space height=\u00bb20px\u00bb][vc_column_text]<\/p>\n<h3><strong>PASCUA EN AP DONA ANINHAS<\/strong><\/h3>\n<p><strong>Viana do Castelo<\/strong> es una ciudad de tradici\u00f3n, de memoria, pero tambi\u00e9n de luz y alegr\u00eda, donde la cultura tiene una se\u00f1a de identidad muy fuerte, lo que le confiere un car\u00e1cter \u00fanico.<\/p>\n<p>El prolongado <strong>fin de semana de Pascua<\/strong> es una excelente ocasi\u00f3n para descubrir esta hist\u00f3rica ciudad y conocer <strong>AP Dona Aninhas.<\/strong><\/p>\n<p>El AP Dona Aninhas ha preparado un fant\u00e1stico almuerzo y cena <strong>buffet de Pascua.<\/strong> Disfrute en familia de los manjares tradicionales de <strong>Semana Santa del Norte de Portugal.<\/strong><\/p>\n<p>M\u00e1s informaci\u00f3n en: +351 258 248 570 | rec.donaaninhas@ap-hotelsresorts.com[\/vc_column_text][vc_empty_space][vc_column_text]M\u00e1s informaci\u00f3n en: +351 258 248 570 | rec.donaaninhas@ap-hotelsresorts.com[\/vc_column_text][vc_empty_space]<a itemprop=\"url\" href=\"https:\/\/ap-hotelsresorts.com\/wp-content\/uploads\/2026\/03\/APDA_26_PASCOA_MENUS.pdf\" target=\"_blank\"  class=\"mkdf-btn mkdf-btn-medium mkdf-btn-solid\"  >\n    <span class=\"mkdf-btn-text\">Menu Buffet<\/span>\n    <\/a>[vc_empty_space height=\u00bb60px\u00bb]\t\t<\/div>\n\t<\/div>\n<\/div><\/div>[\/vc_column][\/vc_row][vc_row equal_height=\u00bbyes\u00bb css=\u00bb.vc_custom_1774280655014{margin-top: 15px !important;background-color: #fbf9f9 !important;}\u00bb el_class=\u00bbrestaurant-item\u00bb][vc_column css=\u00bb.vc_custom_1603455624204{padding-bottom: 10% !important;padding-left: 5% !important;background-position: center !important;background-repeat: no-repeat !important;background-size: cover !important;}\u00bb offset=\u00bbvc_col-lg-offset-0 vc_col-lg-6 vc_col-md-12 vc_col-sm-offset-0&#8243;]<div class=\"mkdf-elements-holder   mkdf-one-column  mkdf-responsive-mode-768 \" ><div class=\"mkdf-eh-item    \"  data-item-class=\"mkdf-eh-custom-8516\">\n\t<div class=\"mkdf-eh-item-inner\">\n\t\t<div class=\"mkdf-eh-item-content mkdf-eh-custom-8516\" >\n\t\t\t<div class=\"mkdf-section-title-holder  mkdf-st-standard mkdf-st-ha-left mkdf-st-title-left mkdf-st-normal-space \" style=\"text-align: left\">\n\t<div class=\"mkdf-st-inner\">\n\t\t\t\t\t\t\t<h2 class=\"mkdf-st-title\" >\n\t\t\t\tSemana Santa en Sines\t\t\t\t\t\t\t<\/h2>\n\t\t\t\t\t\t\t<\/div>\n<\/div>[vc_empty_space height=\u00bb20px\u00bb][vc_empty_space height=\u00bb20px\u00bb][vc_column_text]<\/p>\n<h3><strong>Semana Santa en Sines<\/strong><\/h3>\n<h3><\/h3>\n<p data-start=\"527\" data-end=\"701\">Sines es una ciudad marcada por el mar, la historia y la autenticidad de sus tradiciones, donde la tranquilidad y la belleza natural se combinan para crear un ambiente \u00fanico.<\/p>\n<p data-start=\"703\" data-end=\"845\">El fin de semana largo de Semana Santa es el momento ideal para descubrir este destino costero y disfrutar de momentos especiales en AP Sines.<\/p>\n<p data-start=\"847\" data-end=\"1036\" data-is-last-node=\"\" data-is-only-node=\"\">AP Sines ha preparado un delicioso almuerzo buffet de Pascua. Celebre esta ocasi\u00f3n en familia y saboree una selecci\u00f3n de delicias tradicionales, pensadas para hacer su d\u00eda a\u00fan m\u00e1s especial.<\/p>\n<p>[\/vc_column_text][vc_empty_space][vc_column_text]Descubra m\u00e1s en: <span style=\"text-decoration: underline;\"><a href=\"tel: +351 269 000 100\">+351\u00a0<\/a><a href=\"tel: +351 269 000 100\" data-dtype=\"d3ph\" data-local-attribute=\"d3ph\" data-ved=\"2ahUKEwiIiYCq5eqJAxU5QkEAHbvJO7oQkAgoAHoECEEQAw\"><span aria-label=\"Call phone number 269 000 100\">269 000 100<\/span><\/a><\/span> | <a href=\"mailto:rec.sines@ap-hotelsresorts.com\"><span style=\"text-decoration: underline;\">rec.sines@ap-hotelsresorts.com<\/span><\/a>[\/vc_column_text][vc_empty_space]<a itemprop=\"url\" href=\"https:\/\/ap-hotelsresorts.com\/wp-content\/uploads\/2026\/03\/AP_SINES_26_PASCOA_MENU.pdf\" target=\"_blank\"  class=\"mkdf-btn mkdf-btn-medium mkdf-btn-solid\"  >\n    <span class=\"mkdf-btn-text\">Men\u00fa de Pascua<\/span>\n    <\/a>[vc_empty_space height=\u00bb60px\u00bb]\t\t<\/div>\n\t<\/div>\n<\/div><\/div>[\/vc_column][vc_column offset=\u00bbvc_col-lg-offset-0 vc_col-lg-6 vc_col-md-12 vc_col-sm-offset-0&#8243; css=\u00bb.vc_custom_1774279799776{padding-top: 28% !important;padding-bottom: 28% !important;background-image: url(https:\/\/ap-hotelsresorts.com\/wp-content\/uploads\/2024\/11\/AP-Sines-Restaurante-22-scaled.jpg?id=57906) !important;background-position: center !important;background-repeat: no-repeat !important;background-size: cover !important;}\u00bb][\/vc_column][\/vc_row][vc_row content_text_aligment=\u00bbcenter\u00bb css=\u00bb.vc_custom_1603455731030{margin-top: 10px !important;padding-top: 40px !important;padding-bottom: 80px !important;background-position: center !important;background-repeat: no-repeat !important;background-size: cover !important;}\u00bb el_class=\u00bbadriana-hotel-footer-address-top\u00bb][vc_column offset=\u00bbvc_col-lg-offset-1 vc_col-lg-10 vc_col-md-offset-1 vc_col-md-10&#8243; el_class=\u00bbadriana-hotel-footer-address\u00bb]<div class=\"mkdf-section-title-holder  mkdf-st-standard mkdf-st-ha-center mkdf-st-title-left mkdf-st-normal-space \" style=\"text-align: center\">\n\t<div class=\"mkdf-st-inner\">\n\t\t\t\t\t\t\t<h2 class=\"mkdf-st-title\" >\n\t\t\t\tAP HOTELS &amp; RESORTS\t\t\t\t\t\t\t<\/h2>\n\t\t\t\t\t\t\t<\/div>\n<\/div>[vc_empty_space height=\u00bb40px\u00bb][vc_column_text]<\/p>\n<p style=\"text-align: center;\">Rocha Baixinha, Apartado 6115, 8200-379, Albufeira, Algarve, Portugal<\/p>\n<p style=\"text-align: center;\">(+351) 289 540 105 | book@ap-hotelsresorts.com<\/p>\n<p style=\"text-align: center;\">SOCIAL MEDIA<\/p>\n<p>[\/vc_column_text][vc_column_text]<\/p>\n<p>[\/vc_column_text]    <span class=\"mkdf-icon-shortcode mkdf-normal   mkdf-icon-small\"  data-color=\"#000000\">\n                    <a itemprop=\"url\" class=\"\" href=\"https:\/\/www.instagram.com\/aphotelsresorts\/\" target=\"_blank\">\n                    <i class=\"mkdf-icon-font-awesome fa fa-instagram mkdf-icon-element\" style=\"color: #000000\" ><\/i>                    <\/a>\n            <\/span>\n    <span class=\"mkdf-icon-shortcode mkdf-circle   mkdf-icon-small\" style=\"background-color: #ffffff;border-color: #000000\" data-color=\"#000000\">\n                    <a itemprop=\"url\" class=\"\" href=\"https:\/\/www.facebook.com\/aphotelsresorts\" target=\"_blank\">\n                    <i class=\"mkdf-icon-font-awesome fa fa-facebook mkdf-icon-element\" style=\"color: #000000\" ><\/i>                    <\/a>\n            <\/span>\n[vc_empty_space height=\u00bb40px\u00bb]<a itemprop=\"url\" href=\"https:\/\/ap-hotelsresorts.com\/contacts\/\" target=\"_self\" style=\"color: #000000;border-color: #000000;margin: 0px 10px 0px 0px\" class=\"mkdf-btn mkdf-btn-medium mkdf-btn-outline mkdf-btn-custom-hover-bg mkdf-btn-custom-border-hover mkdf-btn-custom-hover-color mkdf-btn-icon\" data-hover-color=\"#000000\" data-hover-bg-color=\"#826d67\" data-hover-border-color=\"#826d67\" >\n    <span class=\"mkdf-btn-text\">CONTACT US<\/span>\n    <i class=\"mkdf-icon-linear-icon lnr lnr-arrow-right \" ><\/i><\/a><a itemprop=\"url\" href=\"https:\/\/ap-hotelsresorts.com\/contacts\/\" target=\"_self\" style=\"color: #000000;border-color: #000000\" class=\"mkdf-btn mkdf-btn-medium mkdf-btn-outline mkdf-btn-custom-hover-bg mkdf-btn-custom-border-hover mkdf-btn-custom-hover-color mkdf-btn-icon\" data-hover-color=\"#000000\" data-hover-bg-color=\"#826d67\" data-hover-border-color=\"#826d67\" >\n    <span class=\"mkdf-btn-text\">LOCATIONS<\/span>\n    <i class=\"mkdf-icon-linear-icon lnr lnr-arrow-right \" ><\/i><\/a>[\/vc_column][\/vc_row]<\/p>\n","protected":false},"excerpt":{"rendered":"<p>[vc_row equal_height=\u00bbyes\u00bb css=\u00bb.vc_custom_1602589077162{margin-top: 15px !important;background-color: #fbf9f9 !important;}\u00bb el_class=\u00bbrestaurant-item\u00bb][vc_column offset=\u00bbvc_col-lg-offset-0 vc_col-lg-6 vc_col-md-12 vc_col-sm-offset-0&#8243; css=\u00bb.vc_custom_1674227939384{padding-top: 28% !important;padding-bottom: 28% !important;background-position: center !important;background-repeat: no-repeat !important;background-size: cover !important;}\u00bb][\/vc_column][vc_column css=\u00bb.vc_custom_1680281991188{padding-bottom: 10% !important;padding-left: 5% !important;background-image: url(https:\/\/ap-hotelsresorts.com\/wp-content\/uploads\/2023\/03\/IMG_0345-1-scaled.jpg?id=37243) !important;background-position: center !important;background-repeat: no-repeat !important;background-size: cover !important;}\u00bb offset=\u00bbvc_col-lg-offset-0 vc_col-lg-6 vc_col-md-12 vc_col-sm-offset-0&#8243;][\/vc_column][\/vc_row][vc_row [&hellip;]<\/p>\n","protected":false},"author":11,"featured_media":0,"parent":0,"menu_order":0,"comment_status":"closed","ping_status":"closed","template":"full-width.php","meta":[],"yoast_head":"<!-- This site is optimized with the Yoast SEO plugin v18.1 - https:\/\/yoast.com\/wordpress\/plugins\/seo\/ -->\n<title>Vacaciones de Semana Santa - AP HOTELS &amp; RESORTS .<\/title>\n<meta name=\"robots\" content=\"index, follow, max-snippet:-1, max-image-preview:large, max-video-preview:-1\" \/>\n<link rel=\"canonical\" href=\"https:\/\/ap-hotelsresorts.com\/es\/vacaciones-de-semana-santa\/\" \/>\n<meta property=\"og:locale\" content=\"es_ES\" \/>\n<meta property=\"og:type\" content=\"article\" \/>\n<meta property=\"og:title\" content=\"Vacaciones de Semana Santa - AP HOTELS &amp; RESORTS .\" \/>\n<meta property=\"og:description\" content=\"[vc_row equal_height=\u00bbyes\u00bb css=\u00bb.vc_custom_1602589077162{margin-top: 15px !important;background-color: #fbf9f9 !important;}\u00bb el_class=\u00bbrestaurant-item\u00bb][vc_column offset=\u00bbvc_col-lg-offset-0 vc_col-lg-6 vc_col-md-12 vc_col-sm-offset-0&#8243; css=\u00bb.vc_custom_1674227939384{padding-top: 28% !important;padding-bottom: 28% !important;background-position: center !important;background-repeat: no-repeat !important;background-size: cover !important;}\u00bb][\/vc_column][vc_column css=\u00bb.vc_custom_1680281991188{padding-bottom: 10% !important;padding-left: 5% !important;background-image: url(https:\/\/ap-hotelsresorts.com\/wp-content\/uploads\/2023\/03\/IMG_0345-1-scaled.jpg?id=37243) !important;background-position: center !important;background-repeat: no-repeat !important;background-size: cover !important;}\u00bb offset=\u00bbvc_col-lg-offset-0 vc_col-lg-6 vc_col-md-12 vc_col-sm-offset-0&#8243;][\/vc_column][\/vc_row][vc_row [&hellip;]\" \/>\n<meta property=\"og:url\" content=\"https:\/\/ap-hotelsresorts.com\/es\/vacaciones-de-semana-santa\/\" \/>\n<meta property=\"og:site_name\" content=\"AP HOTELS &amp; RESORTS .\" \/>\n<meta property=\"article:publisher\" content=\"https:\/\/www.facebook.com\/aphotelsresorts\" \/>\n<meta property=\"article:modified_time\" content=\"2026-03-24T13:44:47+00:00\" \/>\n<meta name=\"twitter:card\" content=\"summary_large_image\" \/>\n<meta name=\"twitter:site\" content=\"@ApHotels\" \/>\n<meta name=\"twitter:label1\" content=\"Tiempo de lectura\" \/>\n\t<meta name=\"twitter:data1\" content=\"2 minutos\" \/>\n<script type=\"application\/ld+json\" class=\"yoast-schema-graph\">{\"@context\":\"https:\/\/schema.org\",\"@graph\":[{\"@type\":\"Organization\",\"@id\":\"https:\/\/ap-hotelsresorts.com\/#organization\",\"name\":\"AP HOTELS & RESORTS\",\"url\":\"https:\/\/ap-hotelsresorts.com\/\",\"sameAs\":[\"https:\/\/www.facebook.com\/aphotelsresorts\",\"https:\/\/www.instagram.com\/aphotelsresorts\/\",\"https:\/\/www.linkedin.com\/company\/ap-hotels-and-resorts\",\"https:\/\/www.youtube.com\/channel\/UCSmwGBz36kx2XALzeVAlKEg\",\"https:\/\/twitter.com\/ApHotels\"],\"logo\":{\"@type\":\"ImageObject\",\"@id\":\"https:\/\/ap-hotelsresorts.com\/#logo\",\"inLanguage\":\"es\",\"url\":\"https:\/\/ap-hotelsresorts.com\/wp-content\/uploads\/2021\/03\/logo-1.png\",\"contentUrl\":\"https:\/\/ap-hotelsresorts.com\/wp-content\/uploads\/2021\/03\/logo-1.png\",\"width\":\"3915\",\"height\":\"1388\",\"caption\":\"AP HOTELS & RESORTS\"},\"image\":{\"@id\":\"https:\/\/ap-hotelsresorts.com\/#logo\"}},{\"@type\":\"WebSite\",\"@id\":\"https:\/\/ap-hotelsresorts.com\/#website\",\"url\":\"https:\/\/ap-hotelsresorts.com\/\",\"name\":\"AP HOTELS &amp; RESORTS .\",\"description\":\"Albufeira . Faro . Portim\u00e3o . Tavira . Algarve\",\"publisher\":{\"@id\":\"https:\/\/ap-hotelsresorts.com\/#organization\"},\"potentialAction\":[{\"@type\":\"SearchAction\",\"target\":{\"@type\":\"EntryPoint\",\"urlTemplate\":\"https:\/\/ap-hotelsresorts.com\/?s={search_term_string}\"},\"query-input\":\"required name=search_term_string\"}],\"inLanguage\":\"es\"},{\"@type\":\"WebPage\",\"@id\":\"https:\/\/ap-hotelsresorts.com\/es\/vacaciones-de-semana-santa\/#webpage\",\"url\":\"https:\/\/ap-hotelsresorts.com\/es\/vacaciones-de-semana-santa\/\",\"name\":\"Vacaciones de Semana Santa - AP HOTELS &amp; RESORTS .\",\"isPartOf\":{\"@id\":\"https:\/\/ap-hotelsresorts.com\/#website\"},\"datePublished\":\"2023-03-31T16:58:12+00:00\",\"dateModified\":\"2026-03-24T13:44:47+00:00\",\"breadcrumb\":{\"@id\":\"https:\/\/ap-hotelsresorts.com\/es\/vacaciones-de-semana-santa\/#breadcrumb\"},\"inLanguage\":\"es\",\"potentialAction\":[{\"@type\":\"ReadAction\",\"target\":[\"https:\/\/ap-hotelsresorts.com\/es\/vacaciones-de-semana-santa\/\"]}]},{\"@type\":\"BreadcrumbList\",\"@id\":\"https:\/\/ap-hotelsresorts.com\/es\/vacaciones-de-semana-santa\/#breadcrumb\",\"itemListElement\":[{\"@type\":\"ListItem\",\"position\":1,\"name\":\"Home\",\"item\":\"https:\/\/ap-hotelsresorts.com\/es\/\"},{\"@type\":\"ListItem\",\"position\":2,\"name\":\"Vacaciones de Semana Santa\"}]}]}<\/script>\n<!-- \/ Yoast SEO plugin. -->","yoast_head_json":{"title":"Vacaciones de Semana Santa - AP HOTELS &amp; RESORTS .","robots":{"index":"index","follow":"follow","max-snippet":"max-snippet:-1","max-image-preview":"max-image-preview:large","max-video-preview":"max-video-preview:-1"},"canonical":"https:\/\/ap-hotelsresorts.com\/es\/vacaciones-de-semana-santa\/","og_locale":"es_ES","og_type":"article","og_title":"Vacaciones de Semana Santa - AP HOTELS &amp; RESORTS .","og_description":"[vc_row equal_height=\u00bbyes\u00bb css=\u00bb.vc_custom_1602589077162{margin-top: 15px !important;background-color: #fbf9f9 !important;}\u00bb el_class=\u00bbrestaurant-item\u00bb][vc_column offset=\u00bbvc_col-lg-offset-0 vc_col-lg-6 vc_col-md-12 vc_col-sm-offset-0&#8243; css=\u00bb.vc_custom_1674227939384{padding-top: 28% !important;padding-bottom: 28% !important;background-position: center !important;background-repeat: no-repeat !important;background-size: cover !important;}\u00bb][\/vc_column][vc_column css=\u00bb.vc_custom_1680281991188{padding-bottom: 10% !important;padding-left: 5% !important;background-image: url(https:\/\/ap-hotelsresorts.com\/wp-content\/uploads\/2023\/03\/IMG_0345-1-scaled.jpg?id=37243) !important;background-position: center !important;background-repeat: no-repeat !important;background-size: cover !important;}\u00bb offset=\u00bbvc_col-lg-offset-0 vc_col-lg-6 vc_col-md-12 vc_col-sm-offset-0&#8243;][\/vc_column][\/vc_row][vc_row [&hellip;]","og_url":"https:\/\/ap-hotelsresorts.com\/es\/vacaciones-de-semana-santa\/","og_site_name":"AP HOTELS &amp; RESORTS .","article_publisher":"https:\/\/www.facebook.com\/aphotelsresorts","article_modified_time":"2026-03-24T13:44:47+00:00","twitter_card":"summary_large_image","twitter_site":"@ApHotels","twitter_misc":{"Tiempo de lectura":"2 minutos"},"schema":{"@context":"https:\/\/schema.org","@graph":[{"@type":"Organization","@id":"https:\/\/ap-hotelsresorts.com\/#organization","name":"AP HOTELS & RESORTS","url":"https:\/\/ap-hotelsresorts.com\/","sameAs":["https:\/\/www.facebook.com\/aphotelsresorts","https:\/\/www.instagram.com\/aphotelsresorts\/","https:\/\/www.linkedin.com\/company\/ap-hotels-and-resorts","https:\/\/www.youtube.com\/channel\/UCSmwGBz36kx2XALzeVAlKEg","https:\/\/twitter.com\/ApHotels"],"logo":{"@type":"ImageObject","@id":"https:\/\/ap-hotelsresorts.com\/#logo","inLanguage":"es","url":"https:\/\/ap-hotelsresorts.com\/wp-content\/uploads\/2021\/03\/logo-1.png","contentUrl":"https:\/\/ap-hotelsresorts.com\/wp-content\/uploads\/2021\/03\/logo-1.png","width":"3915","height":"1388","caption":"AP HOTELS & RESORTS"},"image":{"@id":"https:\/\/ap-hotelsresorts.com\/#logo"}},{"@type":"WebSite","@id":"https:\/\/ap-hotelsresorts.com\/#website","url":"https:\/\/ap-hotelsresorts.com\/","name":"AP HOTELS &amp; RESORTS .","description":"Albufeira . Faro . Portim\u00e3o . Tavira . Algarve","publisher":{"@id":"https:\/\/ap-hotelsresorts.com\/#organization"},"potentialAction":[{"@type":"SearchAction","target":{"@type":"EntryPoint","urlTemplate":"https:\/\/ap-hotelsresorts.com\/?s={search_term_string}"},"query-input":"required name=search_term_string"}],"inLanguage":"es"},{"@type":"WebPage","@id":"https:\/\/ap-hotelsresorts.com\/es\/vacaciones-de-semana-santa\/#webpage","url":"https:\/\/ap-hotelsresorts.com\/es\/vacaciones-de-semana-santa\/","name":"Vacaciones de Semana Santa - AP HOTELS &amp; RESORTS .","isPartOf":{"@id":"https:\/\/ap-hotelsresorts.com\/#website"},"datePublished":"2023-03-31T16:58:12+00:00","dateModified":"2026-03-24T13:44:47+00:00","breadcrumb":{"@id":"https:\/\/ap-hotelsresorts.com\/es\/vacaciones-de-semana-santa\/#breadcrumb"},"inLanguage":"es","potentialAction":[{"@type":"ReadAction","target":["https:\/\/ap-hotelsresorts.com\/es\/vacaciones-de-semana-santa\/"]}]},{"@type":"BreadcrumbList","@id":"https:\/\/ap-hotelsresorts.com\/es\/vacaciones-de-semana-santa\/#breadcrumb","itemListElement":[{"@type":"ListItem","position":1,"name":"Home","item":"https:\/\/ap-hotelsresorts.com\/es\/"},{"@type":"ListItem","position":2,"name":"Vacaciones de Semana Santa"}]}]}},"_links":{"self":[{"href":"https:\/\/ap-hotelsresorts.com\/es\/wp-json\/wp\/v2\/pages\/37160"}],"collection":[{"href":"https:\/\/ap-hotelsresorts.com\/es\/wp-json\/wp\/v2\/pages"}],"about":[{"href":"https:\/\/ap-hotelsresorts.com\/es\/wp-json\/wp\/v2\/types\/page"}],"author":[{"embeddable":true,"href":"https:\/\/ap-hotelsresorts.com\/es\/wp-json\/wp\/v2\/users\/11"}],"replies":[{"embeddable":true,"href":"https:\/\/ap-hotelsresorts.com\/es\/wp-json\/wp\/v2\/comments?post=37160"}],"version-history":[{"count":0,"href":"https:\/\/ap-hotelsresorts.com\/es\/wp-json\/wp\/v2\/pages\/37160\/revisions"}],"wp:attachment":[{"href":"https:\/\/ap-hotelsresorts.com\/es\/wp-json\/wp\/v2\/media?parent=37160"}],"curies":[{"name":"wp","href":"https:\/\/api.w.org\/{rel}","templated":true}]}}