{"id":40447,"date":"2023-04-28T16:29:02","date_gmt":"2023-04-28T16:29:02","guid":{"rendered":"https:\/\/ap-hotelsresorts.com\/donaaninhas\/rooms\/"},"modified":"2026-04-15T09:46:27","modified_gmt":"2026-04-15T09:46:27","slug":"habitaciones","status":"publish","type":"page","link":"https:\/\/ap-hotelsresorts.com\/es\/donaaninhas\/habitaciones\/","title":{"rendered":"Habitaciones"},"content":{"rendered":"<p>[vc_row equal_height=\u00bbyes\u00bb css=\u00bb.vc_custom_1680263267072{background-color: #fbf9f9 !important;}\u00bb el_class=\u00bbrestaurant-item\u00bb][vc_column offset=\u00bbvc_col-lg-offset-0 vc_col-lg-6 vc_col-md-12 vc_col-sm-offset-0&#8243; css=\u00bb.vc_custom_1680263177359{padding-top: 0px !important;padding-right: 0px !important;background-position: center !important;background-repeat: no-repeat !important;background-size: cover !important;}\u00bb el_class=\u00bborderimg\u00bb][vc_images_carousel images=\u00bb38693,40054,40044,40039&#8243; img_size=\u00bbfull\u00bb onclick=\u00bblink_no\u00bb wrap=\u00bbyes\u00bb][\/vc_column][vc_column css=\u00bb.vc_custom_1680264166083{padding-right: 15px !important;padding-bottom: 10px !important;padding-left: 35px !important;background-color: #f4f2f0 !important;background-position: center !important;background-repeat: no-repeat !important;background-size: cover !important;}\u00bb offset=\u00bbvc_col-lg-offset-0 vc_col-lg-6 vc_col-md-12 vc_col-sm-offset-0&#8243; el_class=\u00bbordertxt\u00bb]<div class=\"mkdf-elements-holder   mkdf-one-column  mkdf-responsive-mode-768 \" ><div class=\"mkdf-eh-item   mkdf-horizontal-alignment-center \"  data-item-class=\"mkdf-eh-custom-5113\">\n\t<div class=\"mkdf-eh-item-inner\">\n\t\t<div class=\"mkdf-eh-item-content mkdf-eh-custom-5113\" >\n\t\t\t<div class=\"mkdf-section-title-holder  mkdf-st-standard mkdf-st-ha-left mkdf-st-title-left mkdf-st-normal-space \" style=\"text-align: left\">\n\t<div class=\"mkdf-st-inner\">\n\t\t\t\t\t\t\t<h2 class=\"mkdf-st-title\" >\n\t\t\t\tEstandar con vista a la ciudad\t\t\t\t\t\t\t<\/h2>\n\t\t\t\t\t\t\t<\/div>\n<\/div>[vc_empty_space height=\u00bb20px\u00bb][vc_column_text]Habitaci\u00f3n con elevados niveles de confort y con un estilo moderno y contempor\u00e1neo. Las habitaciones tienen 20 m\u00b2, capacidad para 2 adultos y 1 ni\u00f1o y disponen de ba\u00f1o privado con cabina de ducha, camas twin o dobles, Wi-Fi, Smart TV, climatizaci\u00f3n individual, aire acondicionado, caja fuerte, ducha, tel\u00e9fono, hervidor, frigor\u00edfico, Wi-Fi y secador de pelo.[\/vc_column_text][vc_empty_space]<a itemprop=\"url\" href=\"https:\/\/ap-dona-aninhas-dot-ap-hotels.appspot.com\/booking1?adultsRoom1=2&#038;_gl=1*ngitnm*_gcl_aw*R0NMLjE3NzQzNDY2MDguQ2p3S0NBand5WVBPQmhCeEVpd0FncFQ4UDlJeWtBTVBvOU1VdkJVd0IwVlM1OEstR1A1UG55SDVCaldseGhnODlTTkdJbUJENU56djRob0MyMEVRQXZEX0J3RQ..*_ga*NTc5ODgxODcxLjE3NTU1MjA1MDE.*_ga_32QZF3XJDB*czE3NzYxNTgzMTEkbzE1OCRnMSR0MTc3NjE4MjAzMyRqNjAkbDAkaDA.\" target=\"_blank\" style=\"background-color: #826d67;border-color: #826d67\" class=\"mkdf-btn mkdf-btn-medium mkdf-btn-solid mkdf-btn-custom-hover-bg mkdf-btn-custom-border-hover\" data-hover-bg-color=\"#826d67\" data-hover-border-color=\"#826d67\" >\n    <span class=\"mkdf-btn-text\">Reservar<\/span>\n    <\/a>\t\t<\/div>\n\t<\/div>\n<\/div><\/div>[\/vc_column][\/vc_row][vc_row equal_height=\u00bbyes\u00bb css=\u00bb.vc_custom_1680263267072{background-color: #fbf9f9 !important;}\u00bb el_class=\u00bbrestaurant-item\u00bb][vc_column css=\u00bb.vc_custom_1680264166083{padding-right: 15px !important;padding-bottom: 10px !important;padding-left: 35px !important;background-color: #f4f2f0 !important;background-position: center !important;background-repeat: no-repeat !important;background-size: cover !important;}\u00bb offset=\u00bbvc_col-lg-offset-0 vc_col-lg-6 vc_col-md-12 vc_col-sm-offset-0&#8243; el_class=\u00bbordertxt\u00bb]<div class=\"mkdf-elements-holder   mkdf-one-column  mkdf-responsive-mode-768 \" ><div class=\"mkdf-eh-item   mkdf-horizontal-alignment-center \"  data-item-class=\"mkdf-eh-custom-6886\">\n\t<div class=\"mkdf-eh-item-inner\">\n\t\t<div class=\"mkdf-eh-item-content mkdf-eh-custom-6886\" >\n\t\t\t<div class=\"mkdf-section-title-holder  mkdf-st-standard mkdf-st-ha-left mkdf-st-title-left mkdf-st-normal-space \" style=\"text-align: left\">\n\t<div class=\"mkdf-st-inner\">\n\t\t\t\t\t\t\t<h2 class=\"mkdf-st-title\" >\n\t\t\t\tHabitaci\u00f3n doble cl\u00e1sica \u2013 vista a la ciudad\t\t\t\t\t\t\t<\/h2>\n\t\t\t\t\t\t\t<\/div>\n<\/div>[vc_empty_space height=\u00bb20px\u00bb][vc_column_text]Habitaci\u00f3n con elevados niveles de confort y con un estilo moderno y contempor\u00e1neo, con impresionantes vistas a Viana do Castelo. Las habitaciones tienen 20 m\u00b2, capacidad para 2 personas y disponen de ba\u00f1o privado con cabina de ducha, camas twin o dobles, Wi-Fi, Smart TV, climatizaci\u00f3n individual, aire acondicionado, caja fuerte, ducha, tel\u00e9fono, hervidor, frigor\u00edfico, Wi-Fi y secador de pelo.[\/vc_column_text][vc_empty_space]<a itemprop=\"url\" href=\"https:\/\/ap-dona-aninhas-dot-ap-hotels.appspot.com\/booking1?adultsRoom1=2&#038;_gl=1*ngitnm*_gcl_aw*R0NMLjE3NzQzNDY2MDguQ2p3S0NBand5WVBPQmhCeEVpd0FncFQ4UDlJeWtBTVBvOU1VdkJVd0IwVlM1OEstR1A1UG55SDVCaldseGhnODlTTkdJbUJENU56djRob0MyMEVRQXZEX0J3RQ..*_ga*NTc5ODgxODcxLjE3NTU1MjA1MDE.*_ga_32QZF3XJDB*czE3NzYxNTgzMTEkbzE1OCRnMSR0MTc3NjE4MjAzMyRqNjAkbDAkaDA.\" target=\"_blank\" style=\"background-color: #826d67;border-color: #826d67\" class=\"mkdf-btn mkdf-btn-medium mkdf-btn-solid mkdf-btn-custom-hover-bg mkdf-btn-custom-border-hover\" data-hover-bg-color=\"#826d67\" data-hover-border-color=\"#826d67\" >\n    <span class=\"mkdf-btn-text\">Reservar<\/span>\n    <\/a>\t\t<\/div>\n\t<\/div>\n<\/div><\/div>[\/vc_column][vc_column offset=\u00bbvc_col-lg-offset-0 vc_col-lg-6 vc_col-md-12 vc_col-sm-offset-0&#8243; css=\u00bb.vc_custom_1680263177359{padding-top: 0px !important;padding-right: 0px !important;background-position: center !important;background-repeat: no-repeat !important;background-size: cover !important;}\u00bb el_class=\u00bborderimg\u00bb][vc_images_carousel images=\u00bb38795,40084,40064,40059,40094&#8243; img_size=\u00bbfull\u00bb onclick=\u00bblink_no\u00bb wrap=\u00bbyes\u00bb][\/vc_column][\/vc_row][vc_row equal_height=\u00bbyes\u00bb css=\u00bb.vc_custom_1680263267072{background-color: #fbf9f9 !important;}\u00bb el_class=\u00bbrestaurant-item\u00bb][vc_column offset=\u00bbvc_col-lg-offset-0 vc_col-lg-6 vc_col-md-12 vc_col-sm-offset-0&#8243; css=\u00bb.vc_custom_1680263177359{padding-top: 0px !important;padding-right: 0px !important;background-position: center !important;background-repeat: no-repeat !important;background-size: cover !important;}\u00bb el_class=\u00bborderimg\u00bb][vc_images_carousel images=\u00bb64352,64347&#8243; img_size=\u00bbfull\u00bb onclick=\u00bblink_no\u00bb wrap=\u00bbyes\u00bb][\/vc_column][vc_column css=\u00bb.vc_custom_1680264166083{padding-right: 15px !important;padding-bottom: 10px !important;padding-left: 35px !important;background-color: #f4f2f0 !important;background-position: center !important;background-repeat: no-repeat !important;background-size: cover !important;}\u00bb offset=\u00bbvc_col-lg-offset-0 vc_col-lg-6 vc_col-md-12 vc_col-sm-offset-0&#8243; el_class=\u00bbordertxt\u00bb]<div class=\"mkdf-elements-holder   mkdf-one-column  mkdf-responsive-mode-768 \" ><div class=\"mkdf-eh-item   mkdf-horizontal-alignment-center \"  data-item-class=\"mkdf-eh-custom-6415\">\n\t<div class=\"mkdf-eh-item-inner\">\n\t\t<div class=\"mkdf-eh-item-content mkdf-eh-custom-6415\" >\n\t\t\t<div class=\"mkdf-section-title-holder  mkdf-st-standard mkdf-st-ha-left mkdf-st-title-left mkdf-st-normal-space \" style=\"text-align: left\">\n\t<div class=\"mkdf-st-inner\">\n\t\t\t\t\t\t\t<h2 class=\"mkdf-st-title\" >\n\t\t\t\tHABITACI\u00d3N DOBLE CL\u00c1SICA CON VISTAS A LA CIUDAD \u2013 CON BALC\u00d3N O TERRAZA\t\t\t\t\t\t\t<\/h2>\n\t\t\t\t\t\t\t<\/div>\n<\/div>[vc_empty_space height=\u00bb20px\u00bb][vc_column_text]Habitaci\u00f3n con elevados niveles de confort y con un estilo moderno y contempor\u00e1neo. Las habitaciones tienen 20 m\u00b2, capacidad para 2 personas y disponen de balc\u00f3n, ba\u00f1o privado con cabina de ducha, camas twin o dobles, Wi-Fi, Smart TV, climatizaci\u00f3n individual, aire acondicionado, caja fuerte, ducha, tel\u00e9fono, hervidor, frigor\u00edfico, Wi-Fi y secador de pelo.[\/vc_column_text][vc_empty_space]<a itemprop=\"url\" href=\"https:\/\/ap-dona-aninhas-dot-ap-hotels.appspot.com\/booking1?adultsRoom1=2&#038;_gl=1*ngitnm*_gcl_aw*R0NMLjE3NzQzNDY2MDguQ2p3S0NBand5WVBPQmhCeEVpd0FncFQ4UDlJeWtBTVBvOU1VdkJVd0IwVlM1OEstR1A1UG55SDVCaldseGhnODlTTkdJbUJENU56djRob0MyMEVRQXZEX0J3RQ..*_ga*NTc5ODgxODcxLjE3NTU1MjA1MDE.*_ga_32QZF3XJDB*czE3NzYxNTgzMTEkbzE1OCRnMSR0MTc3NjE4MjAzMyRqNjAkbDAkaDA.\" target=\"_blank\" style=\"background-color: #826d67;border-color: #826d67\" class=\"mkdf-btn mkdf-btn-medium mkdf-btn-solid mkdf-btn-custom-hover-bg mkdf-btn-custom-border-hover\" data-hover-bg-color=\"#826d67\" data-hover-border-color=\"#826d67\" >\n    <span class=\"mkdf-btn-text\">Reservar<\/span>\n    <\/a>\t\t<\/div>\n\t<\/div>\n<\/div><\/div>[\/vc_column][\/vc_row][vc_row equal_height=\u00bbyes\u00bb css=\u00bb.vc_custom_1680263267072{background-color: #fbf9f9 !important;}\u00bb el_class=\u00bbrestaurant-item\u00bb][vc_column css=\u00bb.vc_custom_1680264166083{padding-right: 15px !important;padding-bottom: 10px !important;padding-left: 35px !important;background-color: #f4f2f0 !important;background-position: center !important;background-repeat: no-repeat !important;background-size: cover !important;}\u00bb offset=\u00bbvc_col-lg-offset-0 vc_col-lg-6 vc_col-md-12 vc_col-sm-offset-0&#8243; el_class=\u00bbordertxt\u00bb]<div class=\"mkdf-elements-holder   mkdf-one-column  mkdf-responsive-mode-768 \" ><div class=\"mkdf-eh-item   mkdf-horizontal-alignment-center \"  data-item-class=\"mkdf-eh-custom-9917\">\n\t<div class=\"mkdf-eh-item-inner\">\n\t\t<div class=\"mkdf-eh-item-content mkdf-eh-custom-9917\" >\n\t\t\t<div class=\"mkdf-section-title-holder  mkdf-st-standard mkdf-st-ha-left mkdf-st-title-left mkdf-st-normal-space \" style=\"text-align: left\">\n\t<div class=\"mkdf-st-inner\">\n\t\t\t\t\t\t\t<h2 class=\"mkdf-st-title\" >\n\t\t\t\tSuite\t\t\t\t\t\t\t<\/h2>\n\t\t\t\t\t\t\t<\/div>\n<\/div>[vc_empty_space height=\u00bb20px\u00bb][vc_column_text]Esta Suite presenta una decoraci\u00f3n contempor\u00e1nea y sofisticada, ideal para quienes buscan combinar confort y amplitud. La Suite, con capacidad para 2 personas, est\u00e1 compuesta por dormitorio y una zona de estar, as\u00ed como acceso a una terraza privada y amueblada. Dispone de ba\u00f1o privado con cabina de ducha, camas twin o dobles, Wi-Fi, Smart TV, climatizaci\u00f3n individual, aire acondicionado, caja fuerte, ducha, tel\u00e9fono, hervidor, frigor\u00edfico, Wi-Fi y secador de pelo.[\/vc_column_text][vc_empty_space]<a itemprop=\"url\" href=\"https:\/\/ap-dona-aninhas-dot-ap-hotels.appspot.com\/booking1?adultsRoom1=2&#038;_gl=1*ngitnm*_gcl_aw*R0NMLjE3NzQzNDY2MDguQ2p3S0NBand5WVBPQmhCeEVpd0FncFQ4UDlJeWtBTVBvOU1VdkJVd0IwVlM1OEstR1A1UG55SDVCaldseGhnODlTTkdJbUJENU56djRob0MyMEVRQXZEX0J3RQ..*_ga*NTc5ODgxODcxLjE3NTU1MjA1MDE.*_ga_32QZF3XJDB*czE3NzYxNTgzMTEkbzE1OCRnMSR0MTc3NjE4MjAzMyRqNjAkbDAkaDA.\" target=\"_blank\" style=\"background-color: #826d67;border-color: #826d67\" class=\"mkdf-btn mkdf-btn-medium mkdf-btn-solid mkdf-btn-custom-hover-bg mkdf-btn-custom-border-hover\" data-hover-bg-color=\"#826d67\" data-hover-border-color=\"#826d67\" >\n    <span class=\"mkdf-btn-text\">Reservar<\/span>\n    <\/a>\t\t<\/div>\n\t<\/div>\n<\/div><\/div>[\/vc_column][vc_column offset=\u00bbvc_col-lg-offset-0 vc_col-lg-6 vc_col-md-12 vc_col-sm-offset-0&#8243; css=\u00bb.vc_custom_1680263177359{padding-top: 0px !important;padding-right: 0px !important;background-position: center !important;background-repeat: no-repeat !important;background-size: cover !important;}\u00bb el_class=\u00bborderimg\u00bb][vc_images_carousel images=\u00bb38961,39067,39077,39087,39032,40129,39147,39157&#8243; img_size=\u00bbfull\u00bb onclick=\u00bblink_no\u00bb wrap=\u00bbyes\u00bb][\/vc_column][\/vc_row][vc_row simple_background_color=\u00bb#899ba6&#8243; css=\u00bb.vc_custom_1600685144170{margin-top: 10px !important;}\u00bb][vc_column el_class=\u00bbadriana-offers-content\u00bb css=\u00bb.vc_custom_1680251148334{background-color: #ffffff !important;}\u00bb][vc_row_inner row_content_width=\u00bbgrid\u00bb css=\u00bb.vc_custom_1680174325033{padding-top: 5% !important;padding-bottom: 5% !important;}\u00bb][vc_column_inner width=\u00bb2\/3&#8243;][vc_custom_heading text=\u00bbHOTEL EN VIANA DO CASTELO<br \/>\n\u00bb font_container=\u00bbtag:h2|font_size:20|text_align:left|color:%23826d67&#8243; use_theme_fonts=\u00bbyes\u00bb][vc_custom_heading text=\u00bbRESERVE SUS VACACIONES EN AP DONA ANINHAS Y VENGA A EXPLORAR EL ALTO MINHO<br \/>\n\u00bb font_container=\u00bbtag:h2|font_size:30|text_align:left|color:%23826d67&#8243; use_theme_fonts=\u00bbyes\u00bb][\/vc_column_inner][vc_column_inner width=\u00bb1\/3&#8243; css=\u00bb.vc_custom_1680174133788{padding-top: 0px !important;padding-bottom: 0px !important;}\u00bb]<a itemprop=\"url\" href=\"https:\/\/ap-dona-aninhas-dot-ap-hotels.appspot.com\/booking1?adultsRoom1=2&#038;_gl=1*14hylp3*_gcl_aw*R0NMLjE3NzQzNDY2MDguQ2p3S0NBand5WVBPQmhCeEVpd0FncFQ4UDlJeWtBTVBvOU1VdkJVd0IwVlM1OEstR1A1UG55SDVCaldseGhnODlTTkdJbUJENU56djRob0MyMEVRQXZEX0J3RQ..*_ga*NTc5ODgxODcxLjE3NTU1MjA1MDE.*_ga_32QZF3XJDB*czE3NzYxNTgzMTEkbzE1OCRnMSR0MTc3NjE4Mjc0MCRqMTEkbDAkaDA.\" target=\"_self\" style=\"color: #ffffff;background-color: #826d67;border-color: #826d67;margin: 30px\" class=\"mkdf-btn mkdf-btn-medium mkdf-btn-solid mkdf-btn-custom-hover-bg mkdf-btn-custom-border-hover mkdf-btn-custom-hover-color mkdf-btn-icon\" data-hover-color=\"#ffffff\" data-hover-bg-color=\"#826d67\" data-hover-border-color=\"#826d67\" >\n    <span class=\"mkdf-btn-text\">Reservar Ahora<\/span>\n    <i class=\"mkdf-icon-linear-icon lnr lnr-arrow-right \" ><\/i><\/a>[\/vc_column_inner][\/vc_row_inner][\/vc_column][\/vc_row][vc_row content_text_aligment=\u00bbcenter\u00bb css=\u00bb.vc_custom_1605606339433{padding-bottom: 80px !important;background-color: #f4f2f0 !important;background-position: center !important;background-repeat: no-repeat !important;background-size: cover !important;}\u00bb el_class=\u00bbadriana-hotel-footer-address-top\u00bb][vc_column offset=\u00bbvc_col-lg-offset-1 vc_col-lg-10 vc_col-md-offset-1 vc_col-md-10&#8243; el_class=\u00bbadriana-hotel-footer-address\u00bb]<div class=\"mkdf-section-title-holder  mkdf-st-standard mkdf-st-ha-center mkdf-st-title-left mkdf-st-normal-space \" style=\"text-align: center\">\n\t<div class=\"mkdf-st-inner\">\n\t\t\t\t\t\t\t<h2 class=\"mkdf-st-title\" >\n\t\t\t\tAP DONA ANINHAS\t\t\t\t\t\t\t<\/h2>\n\t\t\t\t\t\t\t<\/div>\n<\/div>[vc_empty_space height=\u00bb40px\u00bb][vc_column_text]<\/p>\n<p style=\"text-align: center;\">AP Dona Aninhas | Viana do Castelo<br \/>\nLargo Vasco da Gama 38-41 4900-322 Viana do Castelo | Reservas: <a href=\"tel: +351 289 540 100\"><u>+351 289 540 100<\/u><\/a> (Llamada a la red fija nacional) | <span style=\"text-decoration: underline;\"><a href=\"mailto:book.donaaninhas@ap-hotelsresorts.com\">book.donaaninhas@ap-hotelsresorts.com<\/a><\/span> | General: <span style=\"text-decoration: underline;\"><a href=\"tel: + 351 258 248 570\">+ 351 258 248 570<\/a><\/span> (Llamada a la red fija nacional) | <a href=\"mailto:rec.donaaninhas@ap-hotelsresorts.com\"><span style=\"text-decoration: underline;\">rec.donaaninhas@ap-hotelsresorts.com<\/span><\/a> | RNET 1380<\/p>\n<p style=\"text-align: center;\">REDES SOCIALES<\/p>\n<p>[\/vc_column_text][vc_column_text]<\/p>\n<p>[\/vc_column_text]    <span class=\"mkdf-icon-shortcode mkdf-normal   mkdf-icon-small\"  data-color=\"#000000\">\n                    <a itemprop=\"url\" class=\"\" href=\"https:\/\/www.instagram.com\/ap.donaaninhas\/\" target=\"_blank\">\n                    <i class=\"mkdf-icon-font-awesome fa fa-instagram mkdf-icon-element\" style=\"color: #000000\" ><\/i>                    <\/a>\n            <\/span>\n    <span class=\"mkdf-icon-shortcode mkdf-circle   mkdf-icon-small\" style=\"background-color: #efe3da;border-color: #000000\" data-color=\"#000000\">\n                    <a itemprop=\"url\" class=\"\" href=\"https:\/\/www.facebook.com\/ap.donaaninhas\" target=\"_blank\">\n                    <i class=\"mkdf-icon-font-awesome fa fa-facebook mkdf-icon-element\" style=\"color: #000000\" ><\/i>                    <\/a>\n            <\/span>\n[vc_empty_space height=\u00bb40px\u00bb]<a itemprop=\"url\" href=\"https:\/\/ap-hotelsresorts.com\/es\/donaaninhas\/contactos-2\/\" target=\"_self\" style=\"color: #000000;border-color: #000000;margin: 0px 10px 0px 0px\" class=\"mkdf-btn mkdf-btn-medium mkdf-btn-outline mkdf-btn-custom-border-hover mkdf-btn-custom-hover-color mkdf-btn-icon\" data-hover-color=\"#000000\" data-hover-border-color=\"#333132\" >\n    <span class=\"mkdf-btn-text\">Cont\u00e1ctenos<\/span>\n    <i class=\"mkdf-icon-linear-icon lnr lnr-arrow-right \" ><\/i><\/a><a itemprop=\"url\" href=\"https:\/\/ap-hotelsresorts.com\/es\/donaaninhas\/contactos-2\/\" target=\"_self\" style=\"color: #000000;border-color: #000000\" class=\"mkdf-btn mkdf-btn-medium mkdf-btn-outline mkdf-btn-custom-border-hover mkdf-btn-custom-hover-color mkdf-btn-icon\" data-hover-color=\"#000000\" data-hover-border-color=\"#333132\" >\n    <span class=\"mkdf-btn-text\">Ubicaci\u00f3n<\/span>\n    <i class=\"mkdf-icon-linear-icon lnr lnr-arrow-right \" ><\/i><\/a>[\/vc_column][\/vc_row]<\/p>\n","protected":false},"excerpt":{"rendered":"<p>[vc_row equal_height=\u00bbyes\u00bb css=\u00bb.vc_custom_1680263267072{background-color: #fbf9f9 !important;}\u00bb el_class=\u00bbrestaurant-item\u00bb][vc_column offset=\u00bbvc_col-lg-offset-0 vc_col-lg-6 vc_col-md-12 vc_col-sm-offset-0&#8243; css=\u00bb.vc_custom_1680263177359{padding-top: 0px !important;padding-right: 0px !important;background-position: center !important;background-repeat: no-repeat !important;background-size: cover !important;}\u00bb el_class=\u00bborderimg\u00bb][vc_images_carousel images=\u00bb38693,40054,40044,40039&#8243; img_size=\u00bbfull\u00bb onclick=\u00bblink_no\u00bb wrap=\u00bbyes\u00bb][\/vc_column][vc_column css=\u00bb.vc_custom_1680264166083{padding-right: 15px !important;padding-bottom: 10px !important;padding-left: 35px !important;background-color: #f4f2f0 !important;background-position: center !important;background-repeat: no-repeat !important;background-size: cover [&hellip;]<\/p>\n","protected":false},"author":12,"featured_media":0,"parent":38001,"menu_order":0,"comment_status":"open","ping_status":"closed","template":"full-width.php","meta":[],"yoast_head":"<!-- This site is optimized with the Yoast SEO plugin v18.1 - https:\/\/yoast.com\/wordpress\/plugins\/seo\/ -->\n<title>Habitaciones - AP Dona Aninhas - Hotel en Viana do Castelo - Web Oficial<\/title>\n<meta name=\"description\" content=\"Un aut\u00e9ntico homenaje a los navegantes, la filigrana y los bordados de Viana do Castelo. Estas son las habitaciones del hotel AP Dona Aninhas en Viana do Castelo.\" \/>\n<meta name=\"robots\" content=\"index, follow, max-snippet:-1, max-image-preview:large, max-video-preview:-1\" \/>\n<link rel=\"canonical\" href=\"https:\/\/ap-hotelsresorts.com\/es\/donaaninhas\/habitaciones\/\" \/>\n<meta property=\"og:locale\" content=\"es_ES\" \/>\n<meta property=\"og:type\" content=\"article\" \/>\n<meta property=\"og:title\" content=\"Habitaciones - AP Dona Aninhas - Hotel en Viana do Castelo - Web Oficial\" \/>\n<meta property=\"og:description\" content=\"Un aut\u00e9ntico homenaje a los navegantes, la filigrana y los bordados de Viana do Castelo. Estas son las habitaciones del hotel AP Dona Aninhas en Viana do Castelo.\" \/>\n<meta property=\"og:url\" content=\"https:\/\/ap-hotelsresorts.com\/es\/donaaninhas\/habitaciones\/\" \/>\n<meta property=\"og:site_name\" content=\"AP HOTELS &amp; RESORTS .\" \/>\n<meta property=\"article:publisher\" content=\"https:\/\/www.facebook.com\/aphotelsresorts\" \/>\n<meta property=\"article:modified_time\" content=\"2026-04-15T09:46:27+00:00\" \/>\n<meta name=\"twitter:card\" content=\"summary_large_image\" \/>\n<meta name=\"twitter:site\" content=\"@ApHotels\" \/>\n<meta name=\"twitter:label1\" content=\"Tiempo de lectura\" \/>\n\t<meta name=\"twitter:data1\" content=\"9 minutos\" \/>\n<script type=\"application\/ld+json\" class=\"yoast-schema-graph\">{\"@context\":\"https:\/\/schema.org\",\"@graph\":[{\"@type\":\"Organization\",\"@id\":\"https:\/\/ap-hotelsresorts.com\/#organization\",\"name\":\"AP HOTELS & RESORTS\",\"url\":\"https:\/\/ap-hotelsresorts.com\/\",\"sameAs\":[\"https:\/\/www.facebook.com\/aphotelsresorts\",\"https:\/\/www.instagram.com\/aphotelsresorts\/\",\"https:\/\/www.linkedin.com\/company\/ap-hotels-and-resorts\",\"https:\/\/www.youtube.com\/channel\/UCSmwGBz36kx2XALzeVAlKEg\",\"https:\/\/twitter.com\/ApHotels\"],\"logo\":{\"@type\":\"ImageObject\",\"@id\":\"https:\/\/ap-hotelsresorts.com\/#logo\",\"inLanguage\":\"es\",\"url\":\"https:\/\/ap-hotelsresorts.com\/wp-content\/uploads\/2021\/03\/logo-1.png\",\"contentUrl\":\"https:\/\/ap-hotelsresorts.com\/wp-content\/uploads\/2021\/03\/logo-1.png\",\"width\":\"3915\",\"height\":\"1388\",\"caption\":\"AP HOTELS & RESORTS\"},\"image\":{\"@id\":\"https:\/\/ap-hotelsresorts.com\/#logo\"}},{\"@type\":\"WebSite\",\"@id\":\"https:\/\/ap-hotelsresorts.com\/#website\",\"url\":\"https:\/\/ap-hotelsresorts.com\/\",\"name\":\"AP HOTELS &amp; RESORTS .\",\"description\":\"Albufeira . Faro . Portim\u00e3o . Tavira . Algarve\",\"publisher\":{\"@id\":\"https:\/\/ap-hotelsresorts.com\/#organization\"},\"potentialAction\":[{\"@type\":\"SearchAction\",\"target\":{\"@type\":\"EntryPoint\",\"urlTemplate\":\"https:\/\/ap-hotelsresorts.com\/?s={search_term_string}\"},\"query-input\":\"required name=search_term_string\"}],\"inLanguage\":\"es\"},{\"@type\":\"WebPage\",\"@id\":\"https:\/\/ap-hotelsresorts.com\/es\/donaaninhas\/habitaciones\/#webpage\",\"url\":\"https:\/\/ap-hotelsresorts.com\/es\/donaaninhas\/habitaciones\/\",\"name\":\"Habitaciones - AP Dona Aninhas - Hotel en Viana do Castelo - Web Oficial\",\"isPartOf\":{\"@id\":\"https:\/\/ap-hotelsresorts.com\/#website\"},\"datePublished\":\"2023-04-28T16:29:02+00:00\",\"dateModified\":\"2026-04-15T09:46:27+00:00\",\"description\":\"Un aut\u00e9ntico homenaje a los navegantes, la filigrana y los bordados de Viana do Castelo. Estas son las habitaciones del hotel AP Dona Aninhas en Viana do Castelo.\",\"breadcrumb\":{\"@id\":\"https:\/\/ap-hotelsresorts.com\/es\/donaaninhas\/habitaciones\/#breadcrumb\"},\"inLanguage\":\"es\",\"potentialAction\":[{\"@type\":\"ReadAction\",\"target\":[\"https:\/\/ap-hotelsresorts.com\/es\/donaaninhas\/habitaciones\/\"]}]},{\"@type\":\"BreadcrumbList\",\"@id\":\"https:\/\/ap-hotelsresorts.com\/es\/donaaninhas\/habitaciones\/#breadcrumb\",\"itemListElement\":[{\"@type\":\"ListItem\",\"position\":1,\"name\":\"Home\",\"item\":\"https:\/\/ap-hotelsresorts.com\/es\/\"},{\"@type\":\"ListItem\",\"position\":2,\"name\":\"Dona Aninhas\",\"item\":\"https:\/\/ap-hotelsresorts.com\/es\/donaaninhas\/\"},{\"@type\":\"ListItem\",\"position\":3,\"name\":\"Habitaciones\"}]}]}<\/script>\n<!-- \/ Yoast SEO plugin. -->","yoast_head_json":{"title":"Habitaciones - AP Dona Aninhas - Hotel en Viana do Castelo - Web Oficial","description":"Un aut\u00e9ntico homenaje a los navegantes, la filigrana y los bordados de Viana do Castelo. Estas son las habitaciones del hotel AP Dona Aninhas en Viana do Castelo.","robots":{"index":"index","follow":"follow","max-snippet":"max-snippet:-1","max-image-preview":"max-image-preview:large","max-video-preview":"max-video-preview:-1"},"canonical":"https:\/\/ap-hotelsresorts.com\/es\/donaaninhas\/habitaciones\/","og_locale":"es_ES","og_type":"article","og_title":"Habitaciones - AP Dona Aninhas - Hotel en Viana do Castelo - Web Oficial","og_description":"Un aut\u00e9ntico homenaje a los navegantes, la filigrana y los bordados de Viana do Castelo. Estas son las habitaciones del hotel AP Dona Aninhas en Viana do Castelo.","og_url":"https:\/\/ap-hotelsresorts.com\/es\/donaaninhas\/habitaciones\/","og_site_name":"AP HOTELS &amp; RESORTS .","article_publisher":"https:\/\/www.facebook.com\/aphotelsresorts","article_modified_time":"2026-04-15T09:46:27+00:00","twitter_card":"summary_large_image","twitter_site":"@ApHotels","twitter_misc":{"Tiempo de lectura":"9 minutos"},"schema":{"@context":"https:\/\/schema.org","@graph":[{"@type":"Organization","@id":"https:\/\/ap-hotelsresorts.com\/#organization","name":"AP HOTELS & RESORTS","url":"https:\/\/ap-hotelsresorts.com\/","sameAs":["https:\/\/www.facebook.com\/aphotelsresorts","https:\/\/www.instagram.com\/aphotelsresorts\/","https:\/\/www.linkedin.com\/company\/ap-hotels-and-resorts","https:\/\/www.youtube.com\/channel\/UCSmwGBz36kx2XALzeVAlKEg","https:\/\/twitter.com\/ApHotels"],"logo":{"@type":"ImageObject","@id":"https:\/\/ap-hotelsresorts.com\/#logo","inLanguage":"es","url":"https:\/\/ap-hotelsresorts.com\/wp-content\/uploads\/2021\/03\/logo-1.png","contentUrl":"https:\/\/ap-hotelsresorts.com\/wp-content\/uploads\/2021\/03\/logo-1.png","width":"3915","height":"1388","caption":"AP HOTELS & RESORTS"},"image":{"@id":"https:\/\/ap-hotelsresorts.com\/#logo"}},{"@type":"WebSite","@id":"https:\/\/ap-hotelsresorts.com\/#website","url":"https:\/\/ap-hotelsresorts.com\/","name":"AP HOTELS &amp; RESORTS .","description":"Albufeira . Faro . Portim\u00e3o . Tavira . Algarve","publisher":{"@id":"https:\/\/ap-hotelsresorts.com\/#organization"},"potentialAction":[{"@type":"SearchAction","target":{"@type":"EntryPoint","urlTemplate":"https:\/\/ap-hotelsresorts.com\/?s={search_term_string}"},"query-input":"required name=search_term_string"}],"inLanguage":"es"},{"@type":"WebPage","@id":"https:\/\/ap-hotelsresorts.com\/es\/donaaninhas\/habitaciones\/#webpage","url":"https:\/\/ap-hotelsresorts.com\/es\/donaaninhas\/habitaciones\/","name":"Habitaciones - AP Dona Aninhas - Hotel en Viana do Castelo - Web Oficial","isPartOf":{"@id":"https:\/\/ap-hotelsresorts.com\/#website"},"datePublished":"2023-04-28T16:29:02+00:00","dateModified":"2026-04-15T09:46:27+00:00","description":"Un aut\u00e9ntico homenaje a los navegantes, la filigrana y los bordados de Viana do Castelo. Estas son las habitaciones del hotel AP Dona Aninhas en Viana do Castelo.","breadcrumb":{"@id":"https:\/\/ap-hotelsresorts.com\/es\/donaaninhas\/habitaciones\/#breadcrumb"},"inLanguage":"es","potentialAction":[{"@type":"ReadAction","target":["https:\/\/ap-hotelsresorts.com\/es\/donaaninhas\/habitaciones\/"]}]},{"@type":"BreadcrumbList","@id":"https:\/\/ap-hotelsresorts.com\/es\/donaaninhas\/habitaciones\/#breadcrumb","itemListElement":[{"@type":"ListItem","position":1,"name":"Home","item":"https:\/\/ap-hotelsresorts.com\/es\/"},{"@type":"ListItem","position":2,"name":"Dona Aninhas","item":"https:\/\/ap-hotelsresorts.com\/es\/donaaninhas\/"},{"@type":"ListItem","position":3,"name":"Habitaciones"}]}]}},"_links":{"self":[{"href":"https:\/\/ap-hotelsresorts.com\/es\/wp-json\/wp\/v2\/pages\/40447"}],"collection":[{"href":"https:\/\/ap-hotelsresorts.com\/es\/wp-json\/wp\/v2\/pages"}],"about":[{"href":"https:\/\/ap-hotelsresorts.com\/es\/wp-json\/wp\/v2\/types\/page"}],"author":[{"embeddable":true,"href":"https:\/\/ap-hotelsresorts.com\/es\/wp-json\/wp\/v2\/users\/12"}],"replies":[{"embeddable":true,"href":"https:\/\/ap-hotelsresorts.com\/es\/wp-json\/wp\/v2\/comments?post=40447"}],"version-history":[{"count":2,"href":"https:\/\/ap-hotelsresorts.com\/es\/wp-json\/wp\/v2\/pages\/40447\/revisions"}],"predecessor-version":[{"id":65993,"href":"https:\/\/ap-hotelsresorts.com\/es\/wp-json\/wp\/v2\/pages\/40447\/revisions\/65993"}],"up":[{"embeddable":true,"href":"https:\/\/ap-hotelsresorts.com\/es\/wp-json\/wp\/v2\/pages\/38001"}],"wp:attachment":[{"href":"https:\/\/ap-hotelsresorts.com\/es\/wp-json\/wp\/v2\/media?parent=40447"}],"curies":[{"name":"wp","href":"https:\/\/api.w.org\/{rel}","templated":true}]}}