{"id":48516,"date":"2024-02-01T14:59:48","date_gmt":"2024-02-01T14:59:48","guid":{"rendered":"https:\/\/ap-hotelsresorts.com\/?page_id=48516"},"modified":"2026-04-17T09:14:55","modified_gmt":"2026-04-17T09:14:55","slug":"habitaciones","status":"publish","type":"page","link":"https:\/\/ap-hotelsresorts.com\/es\/montargil\/habitaciones\/","title":{"rendered":"Habitaciones &#038; Villas"},"content":{"rendered":"<p>[vc_row equal_height=\u00bbyes\u00bb css=\u00bb.vc_custom_1680263267072{background-color: #fbf9f9 !important;}\u00bb el_class=\u00bbrestaurant-item\u00bb][vc_column offset=\u00bbvc_col-lg-offset-0 vc_col-lg-6 vc_col-md-12 vc_col-sm-offset-0&#8243; css=\u00bb.vc_custom_1680263177359{padding-top: 0px !important;padding-right: 0px !important;background-position: center !important;background-repeat: no-repeat !important;background-size: cover !important;}\u00bb el_class=\u00bborderimg\u00bb][vc_images_carousel images=\u00bb46946,46956,46951,46961,46966,46941&#8243; img_size=\u00bbfull\u00bb onclick=\u00bblink_no\u00bb wrap=\u00bbyes\u00bb][\/vc_column][vc_column css=\u00bb.vc_custom_1680264166083{padding-right: 15px !important;padding-bottom: 10px !important;padding-left: 35px !important;background-color: #f4f2f0 !important;background-position: center !important;background-repeat: no-repeat !important;background-size: cover !important;}\u00bb offset=\u00bbvc_col-lg-offset-0 vc_col-lg-6 vc_col-md-12 vc_col-sm-offset-0&#8243; el_class=\u00bbordertxt\u00bb]<div class=\"mkdf-elements-holder   mkdf-one-column  mkdf-responsive-mode-768 \" ><div class=\"mkdf-eh-item   mkdf-horizontal-alignment-center \"  data-item-class=\"mkdf-eh-custom-3021\">\n\t<div class=\"mkdf-eh-item-inner\">\n\t\t<div class=\"mkdf-eh-item-content mkdf-eh-custom-3021\" >\n\t\t\t<div class=\"mkdf-section-title-holder  mkdf-st-standard mkdf-st-ha-left mkdf-st-title-left mkdf-st-normal-space \" style=\"text-align: left\">\n\t<div class=\"mkdf-st-inner\">\n\t\t\t\t\t\t\t<h2 class=\"mkdf-st-title\" >\n\t\t\t\tHabitaci\u00f3n Deluxe\t\t\t\t\t\t\t<\/h2>\n\t\t\t\t\t\t\t<\/div>\n<\/div>[vc_empty_space height=\u00bb20px\u00bb][vc_column_text]<\/p>\n<div class=\"flex flex-col text-sm\">\n<section class=\"text-token-text-primary w-full focus:outline-none &#091;--shadow-height:45px&#093; has-data-writing-block:pointer-events-none has-data-writing-block:-mt-(--shadow-height) has-data-writing-block:pt-(--shadow-height) &#091;&amp;:has(&#091;data-writing-block&#093;)&gt;*&#093;:pointer-events-auto scroll-mt-&#091;calc(var(--header-height)+min(200px,max(70px,20svh)))&#093;\" dir=\"auto\" data-turn-id=\"request-WEB:e8f0d4f4-872c-4d60-af9d-0ac8a06db190-1\" data-testid=\"conversation-turn-4\" data-scroll-anchor=\"true\" data-turn=\"assistant\">\n<div class=\"text-base my-auto mx-auto pb-10 &#091;--thread-content-margin:var(--thread-content-margin-xs,calc(var(--spacing)*4))&#093; @w-sm\/main:&#091;--thread-content-margin:var(--thread-content-margin-sm,calc(var(--spacing)*6))&#093; @w-lg\/main:&#091;--thread-content-margin:var(--thread-content-margin-lg,calc(var(--spacing)*16))&#093; px-(--thread-content-margin)\">\n<div class=\"&#091;--thread-content-max-width:40rem&#093; @w-lg\/main:&#091;--thread-content-max-width:48rem&#093; mx-auto max-w-(--thread-content-max-width) flex-1 group\/turn-messages focus-visible:outline-hidden relative flex w-full min-w-0 flex-col agent-turn\">\n<div class=\"flex max-w-full flex-col gap-4 grow\">\n<div class=\"min-h-8 text-message relative flex w-full flex-col items-end gap-2 text-start break-words whitespace-normal outline-none keyboard-focused:focus-ring &#091;.text-message+&amp;&#093;:mt-1\" dir=\"auto\" tabindex=\"0\" data-message-author-role=\"assistant\" data-message-id=\"39e90735-fad6-428f-9b79-7203e3af48c0\" data-message-model-slug=\"gpt-5-3\" data-turn-start-message=\"true\">\n<div class=\"flex w-full flex-col gap-1 empty:hidden\">\n<div class=\"markdown prose dark:prose-invert w-full wrap-break-word light markdown-new-styling\">\n<p data-start=\"0\" data-end=\"297\" data-is-last-node=\"\" data-is-only-node=\"\">La Habitaci\u00f3n Deluxe tiene capacidad para alojar hasta 2 adultos y 1 ni\u00f1o. Cuenta con 27 m\u00b2, balc\u00f3n, aire acondicionado, calefacci\u00f3n central, tel\u00e9fono, secador de pelo, caja fuerte, televisi\u00f3n LCD con canales v\u00eda sat\u00e9lite, minibar, m\u00e1quina de caf\u00e9, acceso WiFi gratuito y ba\u00f1o con cabina de ducha.<\/p>\n<\/div>\n<\/div>\n<\/div>\n<\/div>\n<\/div>\n<\/div>\n<\/section>\n<\/div>\n<p>[\/vc_column_text][vc_empty_space]<a itemprop=\"url\" href=\"https:\/\/ap-lago-montargil-dot-ap-hotels.appspot.com\/booking1?adultsRoom1=2\" target=\"_blank\" style=\"background-color: #826d67;border-color: #826d67\" class=\"mkdf-btn mkdf-btn-medium mkdf-btn-solid mkdf-btn-custom-hover-bg mkdf-btn-custom-border-hover\" data-hover-bg-color=\"#826d67\" data-hover-border-color=\"#826d67\" >\n    <span class=\"mkdf-btn-text\">Reservar<\/span>\n    <\/a>\t\t<\/div>\n\t<\/div>\n<\/div><\/div>[\/vc_column][\/vc_row][vc_row equal_height=\u00bbyes\u00bb css=\u00bb.vc_custom_1680263267072{background-color: #fbf9f9 !important;}\u00bb el_class=\u00bbrestaurant-item\u00bb][vc_column css=\u00bb.vc_custom_1680264166083{padding-right: 15px !important;padding-bottom: 10px !important;padding-left: 35px !important;background-color: #f4f2f0 !important;background-position: center !important;background-repeat: no-repeat !important;background-size: cover !important;}\u00bb offset=\u00bbvc_col-lg-offset-0 vc_col-lg-6 vc_col-md-12 vc_col-sm-offset-0&#8243; el_class=\u00bbordertxt\u00bb]<div class=\"mkdf-elements-holder   mkdf-one-column  mkdf-responsive-mode-768 \" ><div class=\"mkdf-eh-item   mkdf-horizontal-alignment-center \"  data-item-class=\"mkdf-eh-custom-6137\">\n\t<div class=\"mkdf-eh-item-inner\">\n\t\t<div class=\"mkdf-eh-item-content mkdf-eh-custom-6137\" >\n\t\t\t<div class=\"mkdf-section-title-holder  mkdf-st-standard mkdf-st-ha-left mkdf-st-title-left mkdf-st-normal-space \" style=\"text-align: left\">\n\t<div class=\"mkdf-st-inner\">\n\t\t\t\t\t\t\t<h2 class=\"mkdf-st-title\" >\n\t\t\t\tHabitaci\u00f3n familiar\t\t\t\t\t\t\t<\/h2>\n\t\t\t\t\t\t\t<\/div>\n<\/div>[vc_empty_space height=\u00bb20px\u00bb][vc_column_text]<\/p>\n<p data-start=\"0\" data-end=\"235\">La elecci\u00f3n ideal para familias. La habitaci\u00f3n dispone de una amplia cama de matrimonio y una soluci\u00f3n de cama adicional que puede variar entre cama individual, cama elevada (mezanino) o litera. Configuraci\u00f3n sujeta a disponibilidad.<\/p>\n<p data-start=\"237\" data-end=\"470\">El ba\u00f1o incluye una zona de cabina de ducha a ras de suelo. Todas las habitaciones cuentan con un agradable balc\u00f3n, con acceso directo a una zona de \u00e1reas verdes y parque infantil, perfecta para momentos de tranquilidad en familia.<\/p>\n<p data-start=\"472\" data-end=\"653\" data-is-last-node=\"\" data-is-only-node=\"\">Tiene capacidad para 2 adultos + 1 ni\u00f1o y adem\u00e1s incluye: minibar, aire acondicionado, tel\u00e9fono, secador de pelo, caja fuerte, Smart TV, m\u00e1quina de caf\u00e9 y t\u00e9 y acceso WiFi gratuito.<\/p>\n<p>[\/vc_column_text][vc_empty_space]<a itemprop=\"url\" href=\"https:\/\/ap-lago-montargil-dot-ap-hotels.appspot.com\/booking1?adultsRoom1=2\" target=\"_blank\" style=\"background-color: #826d67;border-color: #826d67\" class=\"mkdf-btn mkdf-btn-medium mkdf-btn-solid mkdf-btn-custom-hover-bg mkdf-btn-custom-border-hover\" data-hover-bg-color=\"#826d67\" data-hover-border-color=\"#826d67\" >\n    <span class=\"mkdf-btn-text\">Reservar<\/span>\n    <\/a>\t\t<\/div>\n\t<\/div>\n<\/div><\/div>[\/vc_column][vc_column offset=\u00bbvc_col-lg-offset-0 vc_col-lg-6 vc_col-md-12 vc_col-sm-offset-0&#8243; css=\u00bb.vc_custom_1680263177359{padding-top: 0px !important;padding-right: 0px !important;background-position: center !important;background-repeat: no-repeat !important;background-size: cover !important;}\u00bb el_class=\u00bborderimg\u00bb][vc_images_carousel images=\u00bb65517,65522,65527,65532,65537,65542,65547,65552,65557,65562&#8243; img_size=\u00bbfull\u00bb onclick=\u00bblink_no\u00bb wrap=\u00bbyes\u00bb][\/vc_column][\/vc_row][vc_row equal_height=\u00bbyes\u00bb css=\u00bb.vc_custom_1680263267072{background-color: #fbf9f9 !important;}\u00bb el_class=\u00bbrestaurant-item\u00bb][vc_column offset=\u00bbvc_col-lg-offset-0 vc_col-lg-6 vc_col-md-12 vc_col-sm-offset-0&#8243; css=\u00bb.vc_custom_1680263177359{padding-top: 0px !important;padding-right: 0px !important;background-position: center !important;background-repeat: no-repeat !important;background-size: cover !important;}\u00bb el_class=\u00bborderimg\u00bb][vc_images_carousel images=\u00bb46972,46977,46982&#8243; img_size=\u00bbfull\u00bb onclick=\u00bblink_no\u00bb wrap=\u00bbyes\u00bb][\/vc_column][vc_column css=\u00bb.vc_custom_1680264166083{padding-right: 15px !important;padding-bottom: 10px !important;padding-left: 35px !important;background-color: #f4f2f0 !important;background-position: center !important;background-repeat: no-repeat !important;background-size: cover !important;}\u00bb offset=\u00bbvc_col-lg-offset-0 vc_col-lg-6 vc_col-md-12 vc_col-sm-offset-0&#8243; el_class=\u00bbordertxt\u00bb]<div class=\"mkdf-elements-holder   mkdf-one-column  mkdf-responsive-mode-768 \" ><div class=\"mkdf-eh-item   mkdf-horizontal-alignment-center \"  data-item-class=\"mkdf-eh-custom-1902\">\n\t<div class=\"mkdf-eh-item-inner\">\n\t\t<div class=\"mkdf-eh-item-content mkdf-eh-custom-1902\" >\n\t\t\t<div class=\"mkdf-section-title-holder  mkdf-st-standard mkdf-st-ha-left mkdf-st-title-left mkdf-st-normal-space \" style=\"text-align: left\">\n\t<div class=\"mkdf-st-inner\">\n\t\t\t\t\t\t\t<h2 class=\"mkdf-st-title\" >\n\t\t\t\tHabitaci\u00f3n Superior Vista Jard\u00edn\/Piscina\t\t\t\t\t\t\t<\/h2>\n\t\t\t\t\t\t\t<\/div>\n<\/div>[vc_empty_space height=\u00bb20px\u00bb][vc_column_text]<\/p>\n<section class=\"text-token-text-primary w-full focus:outline-none &#091;--shadow-height:45px&#093; has-data-writing-block:pointer-events-none has-data-writing-block:-mt-(--shadow-height) has-data-writing-block:pt-(--shadow-height) &#091;&amp;:has(&#091;data-writing-block&#093;)&gt;*&#093;:pointer-events-auto scroll-mt-(--header-height)\" dir=\"auto\" data-turn-id=\"f1bbff8c-3568-4446-bef4-4c5fe37ddae6\" data-testid=\"conversation-turn-7\" data-scroll-anchor=\"false\" data-turn=\"user\"><\/section>\n<section class=\"text-token-text-primary w-full focus:outline-none &#091;--shadow-height:45px&#093; has-data-writing-block:pointer-events-none has-data-writing-block:-mt-(--shadow-height) has-data-writing-block:pt-(--shadow-height) &#091;&amp;:has(&#091;data-writing-block&#093;)&gt;*&#093;:pointer-events-auto scroll-mt-&#091;calc(var(--header-height)+min(200px,max(70px,20svh)))&#093;\" dir=\"auto\" data-turn-id=\"request-WEB:e8f0d4f4-872c-4d60-af9d-0ac8a06db190-3\" data-testid=\"conversation-turn-8\" data-scroll-anchor=\"true\" data-turn=\"assistant\">\n<div class=\"text-base my-auto mx-auto pb-10 &#091;--thread-content-margin:var(--thread-content-margin-xs,calc(var(--spacing)*4))&#093; @w-sm\/main:&#091;--thread-content-margin:var(--thread-content-margin-sm,calc(var(--spacing)*6))&#093; @w-lg\/main:&#091;--thread-content-margin:var(--thread-content-margin-lg,calc(var(--spacing)*16))&#093; px-(--thread-content-margin)\">\n<div class=\"&#091;--thread-content-max-width:40rem&#093; @w-lg\/main:&#091;--thread-content-max-width:48rem&#093; mx-auto max-w-(--thread-content-max-width) flex-1 group\/turn-messages focus-visible:outline-hidden relative flex w-full min-w-0 flex-col agent-turn\">\n<div class=\"flex max-w-full flex-col gap-4 grow\">\n<div class=\"min-h-8 text-message relative flex w-full flex-col items-end gap-2 text-start break-words whitespace-normal outline-none keyboard-focused:focus-ring &#091;.text-message+&amp;&#093;:mt-1\" dir=\"auto\" tabindex=\"0\" data-message-author-role=\"assistant\" data-message-id=\"51d77eee-2b13-498d-afaf-d0b978457ce5\" data-message-model-slug=\"gpt-5-3\" data-turn-start-message=\"true\">\n<div class=\"flex w-full flex-col gap-1 empty:hidden\">\n<div class=\"markdown prose dark:prose-invert w-full wrap-break-word light markdown-new-styling\">\n<p data-start=\"0\" data-end=\"157\">En la Habitaci\u00f3n Superior Vista Jard\u00edn\/Piscina disfrute de una fant\u00e1stica vista del entorno tropical que rodea el hotel AP Lago Montargil Conference &amp; Spa.<\/p>\n<p data-start=\"159\" data-end=\"445\" data-is-last-node=\"\" data-is-only-node=\"\">La habitaci\u00f3n cuenta, adem\u00e1s, con capacidad para hasta 2 adultos y 1 ni\u00f1o, 27 m\u00b2, balc\u00f3n, aire acondicionado, calefacci\u00f3n central, tel\u00e9fono, secador de pelo, caja fuerte, televisi\u00f3n LCD con canales v\u00eda sat\u00e9lite, minibar, m\u00e1quina de caf\u00e9, acceso WiFi gratuito y ba\u00f1o con cabina de ducha.<\/p>\n<\/div>\n<\/div>\n<\/div>\n<\/div>\n<\/div>\n<\/div>\n<\/section>\n<p>[\/vc_column_text][vc_empty_space]<a itemprop=\"url\" href=\"https:\/\/ap-lago-montargil-dot-ap-hotels.appspot.com\/booking1?adultsRoom1=2\" target=\"_blank\" style=\"background-color: #826d67;border-color: #826d67\" class=\"mkdf-btn mkdf-btn-medium mkdf-btn-solid mkdf-btn-custom-hover-bg mkdf-btn-custom-border-hover\" data-hover-bg-color=\"#826d67\" data-hover-border-color=\"#826d67\" >\n    <span class=\"mkdf-btn-text\">Reservar<\/span>\n    <\/a>[vc_empty_space height=\u00bb20px\u00bb]\t\t<\/div>\n\t<\/div>\n<\/div><\/div>[\/vc_column][\/vc_row][vc_row equal_height=\u00bbyes\u00bb css=\u00bb.vc_custom_1680263267072{background-color: #fbf9f9 !important;}\u00bb el_class=\u00bbrestaurant-item\u00bb][vc_column css=\u00bb.vc_custom_1680264166083{padding-right: 15px !important;padding-bottom: 10px !important;padding-left: 35px !important;background-color: #f4f2f0 !important;background-position: center !important;background-repeat: no-repeat !important;background-size: cover !important;}\u00bb offset=\u00bbvc_col-lg-offset-0 vc_col-lg-6 vc_col-md-12 vc_col-sm-offset-0&#8243; el_class=\u00bbordertxt\u00bb]<div class=\"mkdf-elements-holder   mkdf-one-column  mkdf-responsive-mode-768 \" ><div class=\"mkdf-eh-item   mkdf-horizontal-alignment-center \"  data-item-class=\"mkdf-eh-custom-8669\">\n\t<div class=\"mkdf-eh-item-inner\">\n\t\t<div class=\"mkdf-eh-item-content mkdf-eh-custom-8669\" >\n\t\t\t<div class=\"mkdf-section-title-holder  mkdf-st-standard mkdf-st-ha-left mkdf-st-title-left mkdf-st-normal-space \" style=\"text-align: left\">\n\t<div class=\"mkdf-st-inner\">\n\t\t\t\t\t\t\t<h2 class=\"mkdf-st-title\" >\n\t\t\t\tHabitaci\u00f3n Superior con vistas al lago\t\t\t\t\t\t\t<\/h2>\n\t\t\t\t\t\t\t<\/div>\n<\/div>[vc_empty_space height=\u00bb20px\u00bb][vc_column_text]<\/p>\n<p data-start=\"0\" data-end=\"213\">En la Habitaci\u00f3n Superior con vistas al lago disfrute de una vista privilegiada de la Presa de Montargil. Una vista ideal para sentarse en el balc\u00f3n y apreciar la naturaleza que rodea el hotel y, simplemente, relajarse.<\/p>\n<p data-start=\"215\" data-end=\"535\" data-is-last-node=\"\" data-is-only-node=\"\">Entre las comodidades, la Habitaci\u00f3n Superior con vistas al lago cuenta con capacidad para hasta 2 adultos y 1 ni\u00f1o, 27 m\u00b2, balc\u00f3n, aire acondicionado, calefacci\u00f3n central, tel\u00e9fono, secador de pelo, caja fuerte, televisi\u00f3n LCD con canales v\u00eda sat\u00e9lite, minibar, m\u00e1quina de caf\u00e9, acceso WiFi gratuito y ba\u00f1o con cabina de ducha.<\/p>\n<p>[\/vc_column_text][vc_empty_space]<a itemprop=\"url\" href=\"https:\/\/ap-lago-montargil-dot-ap-hotels.appspot.com\/booking1?adultsRoom1=2\" target=\"_blank\" style=\"background-color: #826d67;border-color: #826d67\" class=\"mkdf-btn mkdf-btn-medium mkdf-btn-solid mkdf-btn-custom-hover-bg mkdf-btn-custom-border-hover\" data-hover-bg-color=\"#826d67\" data-hover-border-color=\"#826d67\" >\n    <span class=\"mkdf-btn-text\">Reservar<\/span>\n    <\/a>[vc_empty_space height=\u00bb20px\u00bb]\t\t<\/div>\n\t<\/div>\n<\/div><\/div>[\/vc_column][vc_column offset=\u00bbvc_col-lg-offset-0 vc_col-lg-6 vc_col-md-12 vc_col-sm-offset-0&#8243; css=\u00bb.vc_custom_1680263177359{padding-top: 0px !important;padding-right: 0px !important;background-position: center !important;background-repeat: no-repeat !important;background-size: cover !important;}\u00bb el_class=\u00bborderimg\u00bb][vc_images_carousel images=\u00bb47028,47023,47018,63335,63340,63345,63350,63355,63360&#8243; img_size=\u00bbfull\u00bb onclick=\u00bblink_no\u00bb wrap=\u00bbyes\u00bb][\/vc_column][\/vc_row][vc_row equal_height=\u00bbyes\u00bb css=\u00bb.vc_custom_1680263267072{background-color: #fbf9f9 !important;}\u00bb el_class=\u00bbrestaurant-item\u00bb][vc_column offset=\u00bbvc_col-lg-offset-0 vc_col-lg-6 vc_col-md-12 vc_col-sm-offset-0&#8243; css=\u00bb.vc_custom_1680263177359{padding-top: 0px !important;padding-right: 0px !important;background-position: center !important;background-repeat: no-repeat !important;background-size: cover !important;}\u00bb el_class=\u00bborderimg\u00bb][vc_images_carousel images=\u00bb47034,47044,47049,47054&#8243; img_size=\u00bbfull\u00bb onclick=\u00bblink_no\u00bb wrap=\u00bbyes\u00bb][\/vc_column][vc_column css=\u00bb.vc_custom_1680264166083{padding-right: 15px !important;padding-bottom: 10px !important;padding-left: 35px !important;background-color: #f4f2f0 !important;background-position: center !important;background-repeat: no-repeat !important;background-size: cover !important;}\u00bb offset=\u00bbvc_col-lg-offset-0 vc_col-lg-6 vc_col-md-12 vc_col-sm-offset-0&#8243; el_class=\u00bbordertxt\u00bb]<div class=\"mkdf-elements-holder   mkdf-one-column  mkdf-responsive-mode-768 \" ><div class=\"mkdf-eh-item   mkdf-horizontal-alignment-center \"  data-item-class=\"mkdf-eh-custom-9435\">\n\t<div class=\"mkdf-eh-item-inner\">\n\t\t<div class=\"mkdf-eh-item-content mkdf-eh-custom-9435\" >\n\t\t\t<div class=\"mkdf-section-title-holder  mkdf-st-standard mkdf-st-ha-left mkdf-st-title-left mkdf-st-normal-space \" style=\"text-align: left\">\n\t<div class=\"mkdf-st-inner\">\n\t\t\t\t\t\t\t<h2 class=\"mkdf-st-title\" >\n\t\t\t\tHabitaci\u00f3n superior con vistas al lago y habitaci\u00f3n comunicada\t\t\t\t\t\t\t<\/h2>\n\t\t\t\t\t\t\t<\/div>\n<\/div>[vc_empty_space height=\u00bb20px\u00bb][vc_column_text]<\/p>\n<p data-start=\"0\" data-end=\"279\">La Habitaci\u00f3n superior con vistas al lago y habitaci\u00f3n comunicada es perfecta para reunir a toda la familia en el mismo espacio durante sus vacaciones en Montargil. Se trata de dos habitaciones comunicadas, cada una con dos camas individuales y con una vista privilegiada de la Presa de Montargil.<\/p>\n<p data-start=\"281\" data-end=\"604\" data-is-last-node=\"\" data-is-only-node=\"\">Entre las comodidades, la Habitaci\u00f3n superior con vistas al lago y habitaci\u00f3n comunicada cuenta con capacidad para hasta 4 adultos, 54 m\u00b2, balc\u00f3n, aire acondicionado, calefacci\u00f3n central, tel\u00e9fono, secador de pelo, caja fuerte, televisi\u00f3n LCD con canales v\u00eda sat\u00e9lite, minibar, m\u00e1quina de caf\u00e9, acceso WiFi gratuito y ba\u00f1o con cabina de ducha.<\/p>\n<p>[\/vc_column_text][vc_empty_space]<a itemprop=\"url\" href=\"https:\/\/ap-lago-montargil-dot-ap-hotels.appspot.com\/booking1?adultsRoom1=2\" target=\"_blank\" style=\"background-color: #826d67;border-color: #826d67\" class=\"mkdf-btn mkdf-btn-medium mkdf-btn-solid mkdf-btn-custom-hover-bg mkdf-btn-custom-border-hover\" data-hover-bg-color=\"#826d67\" data-hover-border-color=\"#826d67\" >\n    <span class=\"mkdf-btn-text\">Reservar<\/span>\n    <\/a>[vc_empty_space height=\u00bb20px\u00bb]\t\t<\/div>\n\t<\/div>\n<\/div><\/div>[\/vc_column][\/vc_row][vc_row equal_height=\u00bbyes\u00bb css=\u00bb.vc_custom_1680263267072{background-color: #fbf9f9 !important;}\u00bb el_class=\u00bbrestaurant-item\u00bb][vc_column css=\u00bb.vc_custom_1680264166083{padding-right: 15px !important;padding-bottom: 10px !important;padding-left: 35px !important;background-color: #f4f2f0 !important;background-position: center !important;background-repeat: no-repeat !important;background-size: cover !important;}\u00bb offset=\u00bbvc_col-lg-offset-0 vc_col-lg-6 vc_col-md-12 vc_col-sm-offset-0&#8243; el_class=\u00bbordertxt\u00bb]<div class=\"mkdf-elements-holder   mkdf-one-column  mkdf-responsive-mode-768 \" ><div class=\"mkdf-eh-item   mkdf-horizontal-alignment-center \"  data-item-class=\"mkdf-eh-custom-8500\">\n\t<div class=\"mkdf-eh-item-inner\">\n\t\t<div class=\"mkdf-eh-item-content mkdf-eh-custom-8500\" >\n\t\t\t<div class=\"mkdf-section-title-holder  mkdf-st-standard mkdf-st-ha-left mkdf-st-title-left mkdf-st-normal-space \" style=\"text-align: left\">\n\t<div class=\"mkdf-st-inner\">\n\t\t\t\t\t\t\t<h2 class=\"mkdf-st-title\" >\n\t\t\t\tSuite \u00e1tico con jacuzzi\t\t\t\t\t\t\t<\/h2>\n\t\t\t\t\t\t\t<\/div>\n<\/div>[vc_empty_space height=\u00bb20px\u00bb][vc_column_text]<\/p>\n<p data-start=\"0\" data-end=\"301\">Totalmente renovada y disponible a partir de marzo de 2026, en la \u00faltima planta del AP Lago Montargil Conference &amp; Spa, la Suite \u00e1tico con jacuzzi invita a vivir una experiencia de exclusividad y tranquilidad, con una vista impresionante sobre la Presa de Montargil y los paisajes serenos del Alto Alentejo.<\/p>\n<p data-start=\"303\" data-end=\"684\">La suite dispone de un dormitorio sofisticado y de un amplio sal\u00f3n, perfecto para momentos de descanso o para disfrutar del ambiente relajante que rodea el hotel. El generoso balc\u00f3n privado, equipado con jacuzzi y chaise longue, es el escenario ideal para aprovechar los d\u00edas soleados, relajarse al aire libre y contemplar la atm\u00f3sfera \u00fanica del lago y la naturaleza circundante.<\/p>\n<p data-start=\"686\" data-end=\"1153\" data-is-last-node=\"\" data-is-only-node=\"\">En la Suite \u00e1tico con jacuzzi podr\u00e1 adem\u00e1s disfrutar de las siguientes comodidades: capacidad para hasta 2 adultos, 85 m\u00b2, dormitorio con cama de matrimonio, amplio balc\u00f3n privado con impresionantes vistas al lago, jacuzzi en el balc\u00f3n, minibar, bodega climatizada \u2013 vinos incluidos \u2013 by Quinta de S\u00e3o Sebasti\u00e3o, aire acondicionado, tel\u00e9fono, secador de pelo, caja fuerte, Smart TV (sal\u00f3n y dormitorio), m\u00e1quina de caf\u00e9 con c\u00e1psulas Nespresso, acceso WiFi gratuito y 2 ba\u00f1os.<\/p>\n<p>[\/vc_column_text][vc_empty_space]<a itemprop=\"url\" href=\"https:\/\/ap-lago-montargil-dot-ap-hotels.appspot.com\/booking1?adultsRoom1=2\" target=\"_blank\" style=\"background-color: #826d67;border-color: #826d67\" class=\"mkdf-btn mkdf-btn-medium mkdf-btn-solid mkdf-btn-custom-hover-bg mkdf-btn-custom-border-hover\" data-hover-bg-color=\"#826d67\" data-hover-border-color=\"#826d67\" >\n    <span class=\"mkdf-btn-text\">Reservar<\/span>\n    <\/a>[vc_empty_space height=\u00bb20px\u00bb]\t\t<\/div>\n\t<\/div>\n<\/div><\/div>[\/vc_column][vc_column offset=\u00bbvc_col-lg-offset-0 vc_col-lg-6 vc_col-md-12 vc_col-sm-offset-0&#8243; css=\u00bb.vc_custom_1680263177359{padding-top: 0px !important;padding-right: 0px !important;background-position: center !important;background-repeat: no-repeat !important;background-size: cover !important;}\u00bb el_class=\u00bborderimg\u00bb][vc_images_carousel images=\u00bb65448,65453,65458,65463,65473,65483,65447,65488,65493&#8243; img_size=\u00bbfull\u00bb onclick=\u00bblink_no\u00bb wrap=\u00bbyes\u00bb][\/vc_column][\/vc_row][vc_row equal_height=\u00bbyes\u00bb css=\u00bb.vc_custom_1680263267072{background-color: #fbf9f9 !important;}\u00bb el_class=\u00bbrestaurant-item\u00bb][vc_column offset=\u00bbvc_col-lg-offset-0 vc_col-lg-6 vc_col-md-12 vc_col-sm-offset-0&#8243; css=\u00bb.vc_custom_1680263177359{padding-top: 0px !important;padding-right: 0px !important;background-position: center !important;background-repeat: no-repeat !important;background-size: cover !important;}\u00bb el_class=\u00bborderimg\u00bb][vc_images_carousel images=\u00bb47178,47188,47183,47198,47193,47218,47223,47208,47228,47168,47173,47233,47278,47298,47243,47328,47248,47333&#8243; img_size=\u00bbfull\u00bb onclick=\u00bblink_no\u00bb wrap=\u00bbyes\u00bb][\/vc_column][vc_column css=\u00bb.vc_custom_1680264166083{padding-right: 15px !important;padding-bottom: 10px !important;padding-left: 35px !important;background-color: #f4f2f0 !important;background-position: center !important;background-repeat: no-repeat !important;background-size: cover !important;}\u00bb offset=\u00bbvc_col-lg-offset-0 vc_col-lg-6 vc_col-md-12 vc_col-sm-offset-0&#8243; el_class=\u00bbordertxt\u00bb]<div class=\"mkdf-elements-holder   mkdf-one-column  mkdf-responsive-mode-768 \" ><div class=\"mkdf-eh-item   mkdf-horizontal-alignment-center \"  data-item-class=\"mkdf-eh-custom-4079\">\n\t<div class=\"mkdf-eh-item-inner\">\n\t\t<div class=\"mkdf-eh-item-content mkdf-eh-custom-4079\" >\n\t\t\t<div class=\"mkdf-section-title-holder  mkdf-st-standard mkdf-st-ha-left mkdf-st-title-left mkdf-st-normal-space \" style=\"text-align: left\">\n\t<div class=\"mkdf-st-inner\">\n\t\t\t\t\t\t\t<h2 class=\"mkdf-st-title\" >\n\t\t\t\tVilla de 2 dormitorios con piscina privada\t\t\t\t\t\t\t<\/h2>\n\t\t\t\t\t\t\t<\/div>\n<\/div>[vc_empty_space height=\u00bb20px\u00bb][vc_column_text]<\/p>\n<p data-start=\"0\" data-end=\"291\">En la Villa V2 podr\u00e1 disfrutar de un espacio exclusivo, con piscina privada y situado en una zona exclusiva del hotel, junto a la Presa de Montargil. Gracias a su ubicaci\u00f3n privilegiada, la Villa V2 ofrece tambi\u00e9n una vista fant\u00e1stica que podr\u00e1 contemplar mientras se relaja en la piscina.<\/p>\n<p data-start=\"293\" data-end=\"800\">La Villa V2 tiene capacidad para hasta 4 adultos, 85 m\u00b2, piscina exterior privada, kitchenette moderna y equipada, 2 dormitorios (1 suite + 1 habitaci\u00f3n doble), ba\u00f1o (social que puede convertirse en privado), sal\u00f3n y comedor, aire acondicionado, calefacci\u00f3n central, tel\u00e9fono, 2 televisores LCD con canales v\u00eda sat\u00e9lite (1 en el sal\u00f3n + 1 en la suite), acceso WiFi gratuito, aparcamiento gratuito, acceso libre al spa, gimnasio y piscina interior climatizada del hotel, hervidor de agua y m\u00e1quina de caf\u00e9.<\/p>\n<p>*Tenga en cuenta que las Villas aceptan animales (gatos y perros) hasta 40 kg. Se aplica un suplemento de 50 euros por d\u00eda por animal. Los perros gu\u00eda est\u00e1n exentos de esta tasa.[\/vc_column_text][vc_empty_space]<a itemprop=\"url\" href=\"https:\/\/ap-lago-montargil-dot-ap-hotels.appspot.com\/booking1?adultsRoom1=2\" target=\"_blank\" style=\"background-color: #826d67;border-color: #826d67\" class=\"mkdf-btn mkdf-btn-medium mkdf-btn-solid mkdf-btn-custom-hover-bg mkdf-btn-custom-border-hover\" data-hover-bg-color=\"#826d67\" data-hover-border-color=\"#826d67\" >\n    <span class=\"mkdf-btn-text\">Reservar<\/span>\n    <\/a>[vc_empty_space height=\u00bb20px\u00bb]\t\t<\/div>\n\t<\/div>\n<\/div><\/div>[\/vc_column][\/vc_row][vc_row equal_height=\u00bbyes\u00bb css=\u00bb.vc_custom_1680263267072{background-color: #fbf9f9 !important;}\u00bb el_class=\u00bbrestaurant-item\u00bb][vc_column css=\u00bb.vc_custom_1680264166083{padding-right: 15px !important;padding-bottom: 10px !important;padding-left: 35px !important;background-color: #f4f2f0 !important;background-position: center !important;background-repeat: no-repeat !important;background-size: cover !important;}\u00bb offset=\u00bbvc_col-lg-offset-0 vc_col-lg-6 vc_col-md-12 vc_col-sm-offset-0&#8243; el_class=\u00bbordertxt\u00bb]<div class=\"mkdf-elements-holder   mkdf-one-column  mkdf-responsive-mode-768 \" ><div class=\"mkdf-eh-item   mkdf-horizontal-alignment-center \"  data-item-class=\"mkdf-eh-custom-6178\">\n\t<div class=\"mkdf-eh-item-inner\">\n\t\t<div class=\"mkdf-eh-item-content mkdf-eh-custom-6178\" >\n\t\t\t<div class=\"mkdf-section-title-holder  mkdf-st-standard mkdf-st-ha-left mkdf-st-title-left mkdf-st-normal-space \" style=\"text-align: left\">\n\t<div class=\"mkdf-st-inner\">\n\t\t\t\t\t\t\t<h2 class=\"mkdf-st-title\" >\n\t\t\t\tVilla de 3 dormitorios con piscina privada\t\t\t\t\t\t\t<\/h2>\n\t\t\t\t\t\t\t<\/div>\n<\/div>[vc_empty_space height=\u00bb20px\u00bb][vc_column_text]<\/p>\n<p data-start=\"0\" data-end=\"291\">La Villa V3 es la m\u00e1s amplia del hotel, con 100 m\u00b2, 1 suite, 2 habitaciones dobles y capacidad para hasta 6 adultos. Adem\u00e1s de su fant\u00e1stico espacio, la Villa V3 est\u00e1 situada en una zona exclusiva del hotel, ideal para quienes desean mayor privacidad durante sus vacaciones en el Alentejo.<\/p>\n<p data-start=\"293\" data-end=\"507\">En la Villa V3 tambi\u00e9n podr\u00e1 disfrutar de una piscina exterior privada y de una ubicaci\u00f3n privilegiada junto a la Presa de Montargil, lo que ofrece una vista maravillosa para contemplar a lo largo de su estancia.<\/p>\n<p data-start=\"509\" data-end=\"924\">La Villa V3 dispone de kitchenette moderna y equipada, 3 dormitorios (1 suite + 2 habitaciones dobles), ba\u00f1o social, sal\u00f3n y comedor, aire acondicionado, calefacci\u00f3n central, tel\u00e9fono, 2 televisores LCD con canales v\u00eda sat\u00e9lite (1 en el sal\u00f3n + 1 en la suite), acceso WiFi gratuito, aparcamiento gratuito, acceso libre al spa, gimnasio y piscina interior climatizada del hotel, hervidor de agua y m\u00e1quina de caf\u00e9.<\/p>\n<p data-start=\"509\" data-end=\"924\">*Tenga en cuenta que las Villas aceptan animales (gatos y perros) hasta 40 kg. Se aplica un suplemento de 50 euros por d\u00eda por animal. Los perros gu\u00eda est\u00e1n exentos de esta tasa.<\/p>\n<p>[\/vc_column_text][vc_empty_space]<a itemprop=\"url\" href=\"https:\/\/ap-lago-montargil-dot-ap-hotels.appspot.com\/booking1?adultsRoom1=2\" target=\"_blank\" style=\"background-color: #826d67;border-color: #826d67\" class=\"mkdf-btn mkdf-btn-medium mkdf-btn-solid mkdf-btn-custom-hover-bg mkdf-btn-custom-border-hover\" data-hover-bg-color=\"#826d67\" data-hover-border-color=\"#826d67\" >\n    <span class=\"mkdf-btn-text\">Reservar<\/span>\n    <\/a>[vc_empty_space height=\u00bb20px\u00bb]\t\t<\/div>\n\t<\/div>\n<\/div><\/div>[\/vc_column][vc_column offset=\u00bbvc_col-lg-offset-0 vc_col-lg-6 vc_col-md-12 vc_col-sm-offset-0&#8243; css=\u00bb.vc_custom_1680263177359{padding-top: 0px !important;padding-right: 0px !important;background-position: center !important;background-repeat: no-repeat !important;background-size: cover !important;}\u00bb el_class=\u00bborderimg\u00bb][vc_images_carousel images=\u00bb47474,47469,47439,47444,47479,47484,47489,47409,47419,47414,47424,47429,47339,47354,47374,47384,47389,47394,47504,47509,47293,47529,47534&#8243; img_size=\u00bbfull\u00bb onclick=\u00bblink_no\u00bb wrap=\u00bbyes\u00bb][\/vc_column][\/vc_row][vc_row simple_background_color=\u00bb#899ba6&#8243; css=\u00bb.vc_custom_1600685144170{margin-top: 10px !important;}\u00bb][vc_column el_class=\u00bbadriana-offers-content\u00bb css=\u00bb.vc_custom_1680251148334{background-color: #ffffff !important;}\u00bb][vc_row_inner row_content_width=\u00bbgrid\u00bb css=\u00bb.vc_custom_1680174325033{padding-top: 5% !important;padding-bottom: 5% !important;}\u00bb][vc_column_inner width=\u00bb2\/3&#8243;][vc_custom_heading text=\u00bbSus vacaciones en el Alentejo est\u00e1n a la vuelta de la esquina\u00bb font_container=\u00bbtag:h2|font_size:20|text_align:left|color:%23899ba6&#8243; use_theme_fonts=\u00bbyes\u00bb][vc_custom_heading text=\u00bbReserve ahora su hotel de 5 estrellas en Montargil\u00bb font_container=\u00bbtag:h2|font_size:30|text_align:left|color:%23899ba6&#8243; use_theme_fonts=\u00bbyes\u00bb][\/vc_column_inner][vc_column_inner width=\u00bb1\/3&#8243; css=\u00bb.vc_custom_1680174133788{padding-top: 0px !important;padding-bottom: 0px !important;}\u00bb]<a itemprop=\"url\" href=\"https:\/\/ap-lago-montargil-dot-ap-hotels.appspot.com\/booking1?adultsRoom1=2\" target=\"_self\" style=\"color: #ffffff;background-color: #899ba6;border-color: #899ba6;margin: 30px\" class=\"mkdf-btn mkdf-btn-medium mkdf-btn-solid mkdf-btn-custom-hover-bg mkdf-btn-custom-border-hover mkdf-btn-custom-hover-color mkdf-btn-icon\" data-hover-color=\"#ffffff\" data-hover-bg-color=\"#899ba6\" data-hover-border-color=\"#899ba6\" >\n    <span class=\"mkdf-btn-text\">Reservar Ahora<\/span>\n    <i class=\"mkdf-icon-linear-icon lnr lnr-arrow-right \" ><\/i><\/a>[\/vc_column_inner][\/vc_row_inner][\/vc_column][\/vc_row][vc_row content_text_aligment=\u00bbcenter\u00bb css=\u00bb.vc_custom_1605675919182{padding-bottom: 80px !important;background-color: #f4f2f0 !important;background-position: center !important;background-repeat: no-repeat !important;background-size: cover !important;}\u00bb el_class=\u00bbadriana-hotel-footer-address-top\u00bb][vc_column offset=\u00bbvc_col-lg-offset-1 vc_col-lg-10 vc_col-md-offset-1 vc_col-md-10&#8243; el_class=\u00bbadriana-hotel-footer-address\u00bb]<div class=\"mkdf-section-title-holder  mkdf-st-standard mkdf-st-ha-center mkdf-st-title-left mkdf-st-normal-space \" style=\"text-align: center\">\n\t<div class=\"mkdf-st-inner\">\n\t\t\t\t\t\t\t<h3 class=\"mkdf-st-title\" >\n\t\t\t\tAP Lago Montargil Conference &amp; Spa\t\t\t\t\t\t\t<\/h3>\n\t\t\t\t\t\t\t<\/div>\n<\/div>[vc_empty_space height=\u00bb40px\u00bb][vc_column_text]<\/p>\n<p style=\"text-align: center;\">Estrada Nacional, 2, 7425-144 Montargil<br \/>\nAlentejo, Portugal<\/p>\n<p style=\"text-align: center;\"><span style=\"text-decoration: underline;\">General Inquiries: <\/span><a href=\"tel: +351 242 241 250\"><span style=\"text-decoration: underline;\">+351 242 241 250<\/span> (llamada a red fija nacional) <\/a>|\u00a0<span style=\"text-decoration: underline;\"><a href=\"mailto:rec.montargil@ap-hotelsresorts.com\">rec.montargil@ap-hotelsresorts.com<\/a><\/span><\/p>\n<p style=\"text-align: center;\">Reservations: <a href=\"tel: +351 289 540 100\"><span style=\"text-decoration: underline;\">+351 289 540 100<\/span><\/a> (llamada a red fija nacional) | email: <span style=\"text-decoration: underline;\"><a href=\"mailto:book.montargil@ap-hotelsresorts.com\">book.montargil@ap-hotelsresorts.com<\/a><\/span><\/p>\n<p style=\"text-align: center;\">SOCIAL MEDIA<\/p>\n<p style=\"text-align: center;\">RNET 5845<\/p>\n<p>[\/vc_column_text][vc_column_text]<\/p>\n<p>[\/vc_column_text]    <span class=\"mkdf-icon-shortcode mkdf-normal   mkdf-icon-small\"  data-color=\"#000000\">\n                    <a itemprop=\"url\" class=\"\" href=\"https:\/\/www.instagram.com\/ap.lagomontargil\/\" target=\"_self\">\n                    <i class=\"mkdf-icon-font-awesome fa fa-instagram mkdf-icon-element\" style=\"color: #000000\" ><\/i>                    <\/a>\n            <\/span>\n    <span class=\"mkdf-icon-shortcode mkdf-circle   mkdf-icon-small\" style=\"background-color: #efe3da;border-color: #000000\" data-color=\"#000000\">\n                    <a itemprop=\"url\" class=\"\" href=\"https:\/\/www.facebook.com\/aplagomontargil\/\" target=\"_self\">\n                    <i class=\"mkdf-icon-font-awesome fa fa-facebook mkdf-icon-element\" style=\"color: #000000\" ><\/i>                    <\/a>\n            <\/span>\n[vc_empty_space height=\u00bb40px\u00bb]<a itemprop=\"url\" href=\"https:\/\/ap-hotelsresorts.com\/es\/montargil\/contactos\/\" target=\"_self\" style=\"color: #000000;border-color: #000000;margin: 0px 10px 0px 0px\" class=\"mkdf-btn mkdf-btn-medium mkdf-btn-outline mkdf-btn-custom-border-hover mkdf-btn-custom-hover-color mkdf-btn-icon\" data-hover-color=\"#000000\" data-hover-border-color=\"#333132\" >\n    <span class=\"mkdf-btn-text\">Cont\u00e1ctenos<\/span>\n    <i class=\"mkdf-icon-linear-icon lnr lnr-arrow-right \" ><\/i><\/a><a itemprop=\"url\" href=\"https:\/\/ap-hotelsresorts.com\/es\/montargil\/contactos\/\" target=\"_self\" style=\"color: #000000;border-color: #000000\" class=\"mkdf-btn mkdf-btn-medium mkdf-btn-outline mkdf-btn-custom-border-hover mkdf-btn-custom-hover-color mkdf-btn-icon\" data-hover-color=\"#000000\" data-hover-border-color=\"#333132\" >\n    <span class=\"mkdf-btn-text\">Ubicaci\u00f3n<\/span>\n    <i class=\"mkdf-icon-linear-icon lnr lnr-arrow-right \" ><\/i><\/a>[\/vc_column][\/vc_row]<\/p>\n","protected":false},"excerpt":{"rendered":"<p>[vc_row equal_height=\u00bbyes\u00bb css=\u00bb.vc_custom_1680263267072{background-color: #fbf9f9 !important;}\u00bb el_class=\u00bbrestaurant-item\u00bb][vc_column offset=\u00bbvc_col-lg-offset-0 vc_col-lg-6 vc_col-md-12 vc_col-sm-offset-0&#8243; css=\u00bb.vc_custom_1680263177359{padding-top: 0px !important;padding-right: 0px !important;background-position: center !important;background-repeat: no-repeat !important;background-size: cover !important;}\u00bb el_class=\u00bborderimg\u00bb][vc_images_carousel images=\u00bb46946,46956,46951,46961,46966,46941&#8243; img_size=\u00bbfull\u00bb onclick=\u00bblink_no\u00bb wrap=\u00bbyes\u00bb][\/vc_column][vc_column css=\u00bb.vc_custom_1680264166083{padding-right: 15px !important;padding-bottom: 10px !important;padding-left: 35px !important;background-color: #f4f2f0 !important;background-position: center !important;background-repeat: no-repeat !important;background-size: cover [&hellip;]<\/p>\n","protected":false},"author":11,"featured_media":0,"parent":46796,"menu_order":0,"comment_status":"closed","ping_status":"closed","template":"full-width.php","meta":[],"yoast_head":"<!-- This site is optimized with the Yoast SEO plugin v18.1 - https:\/\/yoast.com\/wordpress\/plugins\/seo\/ -->\n<title>Habitaciones &amp; Villas - AP HOTELS &amp; RESORTS .<\/title>\n<meta name=\"description\" content=\"Descubra las habitaciones del hotel AP Lago Montargil Conference &amp; Spa\" \/>\n<meta name=\"robots\" content=\"index, follow, max-snippet:-1, max-image-preview:large, max-video-preview:-1\" \/>\n<link rel=\"canonical\" href=\"https:\/\/ap-hotelsresorts.com\/es\/montargil\/habitaciones\/\" \/>\n<meta property=\"og:locale\" content=\"es_ES\" \/>\n<meta property=\"og:type\" content=\"article\" \/>\n<meta property=\"og:title\" content=\"Habitaciones &amp; Villas - AP HOTELS &amp; RESORTS .\" \/>\n<meta property=\"og:description\" content=\"Descubra las habitaciones del hotel AP Lago Montargil Conference &amp; Spa\" \/>\n<meta property=\"og:url\" content=\"https:\/\/ap-hotelsresorts.com\/es\/montargil\/habitaciones\/\" \/>\n<meta property=\"og:site_name\" content=\"AP HOTELS &amp; RESORTS .\" \/>\n<meta property=\"article:publisher\" content=\"https:\/\/www.facebook.com\/aphotelsresorts\" \/>\n<meta property=\"article:modified_time\" content=\"2026-04-17T09:14:55+00:00\" \/>\n<meta name=\"twitter:card\" content=\"summary_large_image\" \/>\n<meta name=\"twitter:site\" content=\"@ApHotels\" \/>\n<meta name=\"twitter:label1\" content=\"Tiempo de lectura\" \/>\n\t<meta name=\"twitter:data1\" content=\"16 minutos\" \/>\n<script type=\"application\/ld+json\" class=\"yoast-schema-graph\">{\"@context\":\"https:\/\/schema.org\",\"@graph\":[{\"@type\":\"Organization\",\"@id\":\"https:\/\/ap-hotelsresorts.com\/#organization\",\"name\":\"AP HOTELS & RESORTS\",\"url\":\"https:\/\/ap-hotelsresorts.com\/\",\"sameAs\":[\"https:\/\/www.facebook.com\/aphotelsresorts\",\"https:\/\/www.instagram.com\/aphotelsresorts\/\",\"https:\/\/www.linkedin.com\/company\/ap-hotels-and-resorts\",\"https:\/\/www.youtube.com\/channel\/UCSmwGBz36kx2XALzeVAlKEg\",\"https:\/\/twitter.com\/ApHotels\"],\"logo\":{\"@type\":\"ImageObject\",\"@id\":\"https:\/\/ap-hotelsresorts.com\/#logo\",\"inLanguage\":\"es\",\"url\":\"https:\/\/ap-hotelsresorts.com\/wp-content\/uploads\/2021\/03\/logo-1.png\",\"contentUrl\":\"https:\/\/ap-hotelsresorts.com\/wp-content\/uploads\/2021\/03\/logo-1.png\",\"width\":\"3915\",\"height\":\"1388\",\"caption\":\"AP HOTELS & RESORTS\"},\"image\":{\"@id\":\"https:\/\/ap-hotelsresorts.com\/#logo\"}},{\"@type\":\"WebSite\",\"@id\":\"https:\/\/ap-hotelsresorts.com\/#website\",\"url\":\"https:\/\/ap-hotelsresorts.com\/\",\"name\":\"AP HOTELS &amp; RESORTS .\",\"description\":\"Albufeira . Faro . Portim\u00e3o . Tavira . Algarve\",\"publisher\":{\"@id\":\"https:\/\/ap-hotelsresorts.com\/#organization\"},\"potentialAction\":[{\"@type\":\"SearchAction\",\"target\":{\"@type\":\"EntryPoint\",\"urlTemplate\":\"https:\/\/ap-hotelsresorts.com\/?s={search_term_string}\"},\"query-input\":\"required name=search_term_string\"}],\"inLanguage\":\"es\"},{\"@type\":\"WebPage\",\"@id\":\"https:\/\/ap-hotelsresorts.com\/es\/montargil\/habitaciones\/#webpage\",\"url\":\"https:\/\/ap-hotelsresorts.com\/es\/montargil\/habitaciones\/\",\"name\":\"Habitaciones & Villas - AP HOTELS &amp; RESORTS .\",\"isPartOf\":{\"@id\":\"https:\/\/ap-hotelsresorts.com\/#website\"},\"datePublished\":\"2024-02-01T14:59:48+00:00\",\"dateModified\":\"2026-04-17T09:14:55+00:00\",\"description\":\"Descubra las habitaciones del hotel AP Lago Montargil Conference & Spa\",\"breadcrumb\":{\"@id\":\"https:\/\/ap-hotelsresorts.com\/es\/montargil\/habitaciones\/#breadcrumb\"},\"inLanguage\":\"es\",\"potentialAction\":[{\"@type\":\"ReadAction\",\"target\":[\"https:\/\/ap-hotelsresorts.com\/es\/montargil\/habitaciones\/\"]}]},{\"@type\":\"BreadcrumbList\",\"@id\":\"https:\/\/ap-hotelsresorts.com\/es\/montargil\/habitaciones\/#breadcrumb\",\"itemListElement\":[{\"@type\":\"ListItem\",\"position\":1,\"name\":\"Home\",\"item\":\"https:\/\/ap-hotelsresorts.com\/es\/\"},{\"@type\":\"ListItem\",\"position\":2,\"name\":\"Montargil\",\"item\":\"https:\/\/ap-hotelsresorts.com\/es\/montargil\/\"},{\"@type\":\"ListItem\",\"position\":3,\"name\":\"Habitaciones &#038; Villas\"}]}]}<\/script>\n<!-- \/ Yoast SEO plugin. -->","yoast_head_json":{"title":"Habitaciones & Villas - AP HOTELS &amp; RESORTS .","description":"Descubra las habitaciones del hotel AP Lago Montargil Conference & Spa","robots":{"index":"index","follow":"follow","max-snippet":"max-snippet:-1","max-image-preview":"max-image-preview:large","max-video-preview":"max-video-preview:-1"},"canonical":"https:\/\/ap-hotelsresorts.com\/es\/montargil\/habitaciones\/","og_locale":"es_ES","og_type":"article","og_title":"Habitaciones & Villas - AP HOTELS &amp; RESORTS .","og_description":"Descubra las habitaciones del hotel AP Lago Montargil Conference & Spa","og_url":"https:\/\/ap-hotelsresorts.com\/es\/montargil\/habitaciones\/","og_site_name":"AP HOTELS &amp; RESORTS .","article_publisher":"https:\/\/www.facebook.com\/aphotelsresorts","article_modified_time":"2026-04-17T09:14:55+00:00","twitter_card":"summary_large_image","twitter_site":"@ApHotels","twitter_misc":{"Tiempo de lectura":"16 minutos"},"schema":{"@context":"https:\/\/schema.org","@graph":[{"@type":"Organization","@id":"https:\/\/ap-hotelsresorts.com\/#organization","name":"AP HOTELS & RESORTS","url":"https:\/\/ap-hotelsresorts.com\/","sameAs":["https:\/\/www.facebook.com\/aphotelsresorts","https:\/\/www.instagram.com\/aphotelsresorts\/","https:\/\/www.linkedin.com\/company\/ap-hotels-and-resorts","https:\/\/www.youtube.com\/channel\/UCSmwGBz36kx2XALzeVAlKEg","https:\/\/twitter.com\/ApHotels"],"logo":{"@type":"ImageObject","@id":"https:\/\/ap-hotelsresorts.com\/#logo","inLanguage":"es","url":"https:\/\/ap-hotelsresorts.com\/wp-content\/uploads\/2021\/03\/logo-1.png","contentUrl":"https:\/\/ap-hotelsresorts.com\/wp-content\/uploads\/2021\/03\/logo-1.png","width":"3915","height":"1388","caption":"AP HOTELS & RESORTS"},"image":{"@id":"https:\/\/ap-hotelsresorts.com\/#logo"}},{"@type":"WebSite","@id":"https:\/\/ap-hotelsresorts.com\/#website","url":"https:\/\/ap-hotelsresorts.com\/","name":"AP HOTELS &amp; RESORTS .","description":"Albufeira . Faro . Portim\u00e3o . Tavira . Algarve","publisher":{"@id":"https:\/\/ap-hotelsresorts.com\/#organization"},"potentialAction":[{"@type":"SearchAction","target":{"@type":"EntryPoint","urlTemplate":"https:\/\/ap-hotelsresorts.com\/?s={search_term_string}"},"query-input":"required name=search_term_string"}],"inLanguage":"es"},{"@type":"WebPage","@id":"https:\/\/ap-hotelsresorts.com\/es\/montargil\/habitaciones\/#webpage","url":"https:\/\/ap-hotelsresorts.com\/es\/montargil\/habitaciones\/","name":"Habitaciones & Villas - AP HOTELS &amp; RESORTS .","isPartOf":{"@id":"https:\/\/ap-hotelsresorts.com\/#website"},"datePublished":"2024-02-01T14:59:48+00:00","dateModified":"2026-04-17T09:14:55+00:00","description":"Descubra las habitaciones del hotel AP Lago Montargil Conference & Spa","breadcrumb":{"@id":"https:\/\/ap-hotelsresorts.com\/es\/montargil\/habitaciones\/#breadcrumb"},"inLanguage":"es","potentialAction":[{"@type":"ReadAction","target":["https:\/\/ap-hotelsresorts.com\/es\/montargil\/habitaciones\/"]}]},{"@type":"BreadcrumbList","@id":"https:\/\/ap-hotelsresorts.com\/es\/montargil\/habitaciones\/#breadcrumb","itemListElement":[{"@type":"ListItem","position":1,"name":"Home","item":"https:\/\/ap-hotelsresorts.com\/es\/"},{"@type":"ListItem","position":2,"name":"Montargil","item":"https:\/\/ap-hotelsresorts.com\/es\/montargil\/"},{"@type":"ListItem","position":3,"name":"Habitaciones &#038; Villas"}]}]}},"_links":{"self":[{"href":"https:\/\/ap-hotelsresorts.com\/es\/wp-json\/wp\/v2\/pages\/48516"}],"collection":[{"href":"https:\/\/ap-hotelsresorts.com\/es\/wp-json\/wp\/v2\/pages"}],"about":[{"href":"https:\/\/ap-hotelsresorts.com\/es\/wp-json\/wp\/v2\/types\/page"}],"author":[{"embeddable":true,"href":"https:\/\/ap-hotelsresorts.com\/es\/wp-json\/wp\/v2\/users\/11"}],"replies":[{"embeddable":true,"href":"https:\/\/ap-hotelsresorts.com\/es\/wp-json\/wp\/v2\/comments?post=48516"}],"version-history":[{"count":4,"href":"https:\/\/ap-hotelsresorts.com\/es\/wp-json\/wp\/v2\/pages\/48516\/revisions"}],"predecessor-version":[{"id":66068,"href":"https:\/\/ap-hotelsresorts.com\/es\/wp-json\/wp\/v2\/pages\/48516\/revisions\/66068"}],"up":[{"embeddable":true,"href":"https:\/\/ap-hotelsresorts.com\/es\/wp-json\/wp\/v2\/pages\/46796"}],"wp:attachment":[{"href":"https:\/\/ap-hotelsresorts.com\/es\/wp-json\/wp\/v2\/media?parent=48516"}],"curies":[{"name":"wp","href":"https:\/\/api.w.org\/{rel}","templated":true}]}}