{"id":16850,"date":"2021-01-09T10:56:04","date_gmt":"2021-01-09T10:56:04","guid":{"rendered":"https:\/\/ap-hotelsresorts.com\/?page_id=16850"},"modified":"2026-03-05T13:30:32","modified_gmt":"2026-03-05T13:30:32","slug":"espacos-para-eventos-corporativos","status":"publish","type":"page","link":"https:\/\/ap-hotelsresorts.com\/pt-pt\/eva\/espacos-para-eventos-corporativos\/","title":{"rendered":"Espa\u00e7os para Eventos Corporativos"},"content":{"rendered":"<p>[vc_row][vc_column][vc_row_inner row_content_width=&#8221;grid&#8221; css=&#8221;.vc_custom_1601037703586{padding-top: 7% !important;padding-bottom: 7% !important;}&#8221;][vc_column_inner]<div class=\"mkdf-section-title-holder  mkdf-st-standard mkdf-st-ha-left mkdf-st-title-left mkdf-st-normal-space \" style=\"text-align: left\">\n\t<div class=\"mkdf-st-inner\">\n\t\t\t\t\t\t\t<h1 class=\"mkdf-st-title\" style=\"color: #899ba6\">\n\t\t\t\tEspa\u00e7os para Eventos Corporativos\t\t\t\t\t\t\t<\/h1>\n\t\t\t\t\t\t\t<\/div>\n<\/div>[vc_empty_space height=&#8221;20px&#8221;][vc_column_text]<\/p>\n<p style=\"text-align: left;\">O AP Eva Senses apresenta um estilo moderno e contempor\u00e2neo que se reflete em todas as \u00e1reas do hotel.<\/p>\n<p style=\"text-align: left;\">Com vistas sobre a Ria Formosa, a Marina e a cidade de Faro e com um servi\u00e7o dedicado e personalizado, o AP Eva Senses tem os espa\u00e7os ideais para organizar os seus eventos corporativos.<\/p>\n<p style=\"text-align: left;\">Veja abaixo todos os detalhes de cada um dos nossos espa\u00e7os.<\/p>\n<p>[\/vc_column_text][vc_empty_space height=&#8221;30px&#8221;]<div class=\"mkdf-section-title-holder  mkdf-st-standard mkdf-st-ha-left mkdf-st-title-left mkdf-st-normal-space \" style=\"text-align: left\">\n\t<div class=\"mkdf-st-inner\">\n\t\t\t\t\t\t\t<h4 class=\"mkdf-st-title\" >\n\t\t\t\tDESTAQUES\t\t\t\t\t\t\t<\/h4>\n\t\t\t\t\t\t\t<\/div>\n<\/div>[vc_empty_space height=&#8221;20px&#8221;][vc_column_text]<\/p>\n<ul>\n<li style=\"text-align: left;\">Localizado na baixa de Faro, capital da regi\u00e3o Algarvia<\/li>\n<li style=\"text-align: left;\">A 10 minutos de dist\u00e2ncia do Aeroporto Internacional de Faro<\/li>\n<li style=\"text-align: left;\">A uma curta dist\u00e2ncia do centro hist\u00f3rico de Faro<\/li>\n<li style=\"text-align: left;\">Acesso \u00e0 Praia da Ilha Deserta por barco<\/li>\n<li style=\"text-align: left;\">Restaurante Panor\u00e2mico<\/li>\n<li style=\"text-align: left;\">138 Quartos<\/li>\n<\/ul>\n<p>[\/vc_column_text][\/vc_column_inner][\/vc_row_inner][vc_row_inner css=&#8221;.vc_custom_1604562401323{padding-bottom: 100px !important;}&#8221; el_class=&#8221;event-top-btn&#8221;][vc_column_inner width=&#8221;1\/4&#8243;][\/vc_column_inner][vc_column_inner el_class=&#8221;meeting-highlights-btn&#8221; width=&#8221;1\/2&#8243;]<a itemprop=\"url\" href=\"#meeting-contact-wedding\" target=\"_self\" style=\"color: #ffffff;background-color: #899ba6;border-color: #899ba6;margin: 0px 20px 0px 0px\" class=\"mkdf-btn mkdf-btn-medium mkdf-btn-solid mkdf-btn-custom-hover-bg mkdf-btn-custom-border-hover mkdf-btn-custom-hover-color\" data-hover-color=\"#ffffff\" data-hover-bg-color=\"#899ba6\" data-hover-border-color=\"#899ba6\" >\n    <span class=\"mkdf-btn-text\">CONTACTE-NOS<\/span>\n    <\/a>[\/vc_column_inner][vc_column_inner width=&#8221;1\/4&#8243;][\/vc_column_inner][\/vc_row_inner][\/vc_column][\/vc_row][vc_row equal_height=&#8221;yes&#8221; css=&#8221;.vc_custom_1493278703024{background-color: #fbf9f9 !important;}&#8221;][vc_column offset=&#8221;vc_col-lg-offset-0 vc_col-lg-6 vc_col-md-12 vc_col-sm-offset-0&#8243; css=&#8221;.vc_custom_1614150118307{padding-top: 0px !important;padding-right: 0px !important;background-position: center !important;background-repeat: no-repeat !important;background-size: cover !important;}&#8221; el_class=&#8221;orderimg&#8221;][vc_images_carousel images=&#8221;32168,32173,32181&#8243; img_size=&#8221;full&#8221; onclick=&#8221;link_no&#8221; hide_pagination_control=&#8221;yes&#8221; wrap=&#8221;yes&#8221;][\/vc_column][vc_column css=&#8221;.vc_custom_1614150125218{background-color: #f4f2f0 !important;background-position: center !important;background-repeat: no-repeat !important;background-size: cover !important;}&#8221; offset=&#8221;vc_col-lg-offset-0 vc_col-lg-6 vc_col-md-12 vc_col-sm-offset-0&#8243; el_class=&#8221;ordertxt&#8221;]<div class=\"mkdf-elements-holder   mkdf-one-column  mkdf-responsive-mode-768 \" ><div class=\"mkdf-eh-item meeting-services-section   \"  data-item-class=\"mkdf-eh-custom-6315\" data-1024-1280=\"13% 13% 20% 13%\" data-768-1024=\"4% 15% 8% 12%\" data-680-768=\"3% 16% 9% 9%\" data-680=\"0% 5% 17% 6%\">\n\t<div class=\"mkdf-eh-item-inner\">\n\t\t<div class=\"mkdf-eh-item-content mkdf-eh-custom-6315\" style=\"padding: 3% 15% 10% 3%\">\n\t\t\t<div class=\"mkdf-section-title-holder  mkdf-st-standard  mkdf-st-title-left mkdf-st-normal-space \" >\n\t<div class=\"mkdf-st-inner\">\n\t\t\t\t\t\t\t<h2 class=\"mkdf-st-title\" >\n\t\t\t\tHARUNE\t\t\t\t\t\t\t<\/h2>\n\t\t\t\t\t\t\t<\/div>\n<\/div>[vc_empty_space height=&#8221;20px&#8221;][vc_column_text]<\/p>\n<ul>\n<li>Restaurante com Servi\u00e7o Buffet<\/li>\n<li>Localizado no piso mais alto do hotel<\/li>\n<li>Vistas panor\u00e2micas sobre a cidade de Faro, a marina e a Ria Formosa<\/li>\n<li>Beneficia de muita luz natural<\/li>\n<li>Capacidade m\u00e1xima de 160 pessoas<\/li>\n<li>Terra\u00e7o com vista para a Ria Formosa<\/li>\n<\/ul>\n<p>[\/vc_column_text][vc_empty_space]\t\t<\/div>\n\t<\/div>\n<\/div><\/div>[\/vc_column][\/vc_row][vc_row equal_height=&#8221;yes&#8221; css=&#8221;.vc_custom_1493278703024{background-color: #fbf9f9 !important;}&#8221;][vc_column css=&#8221;.vc_custom_1614150053014{background-color: #f4f2f0 !important;background-position: center !important;background-repeat: no-repeat !important;background-size: cover !important;}&#8221; offset=&#8221;vc_col-lg-offset-0 vc_col-lg-6 vc_col-md-12 vc_col-sm-offset-0&#8243; el_class=&#8221;ordertxt&#8221;]<div class=\"mkdf-elements-holder   mkdf-one-column  mkdf-responsive-mode-768 \" ><div class=\"mkdf-eh-item meeting-services-section   \"  data-item-class=\"mkdf-eh-custom-2679\" data-1024-1280=\"13% 13% 20% 13%\" data-768-1024=\"4% 15% 8% 12%\" data-680-768=\"3% 16% 9% 9%\" data-680=\"0% 5% 17% 6%\">\n\t<div class=\"mkdf-eh-item-inner\">\n\t\t<div class=\"mkdf-eh-item-content mkdf-eh-custom-2679\" style=\"padding: 3% 15% 10% 3%\">\n\t\t\t<div class=\"mkdf-section-title-holder  mkdf-st-standard  mkdf-st-title-left mkdf-st-normal-space \" >\n\t<div class=\"mkdf-st-inner\">\n\t\t\t\t\t\t\t<h2 class=\"mkdf-st-title\" >\n\t\t\t\tCHEF\u2019S TABLE\t\t\t\t\t\t\t<\/h2>\n\t\t\t\t\t\t\t<\/div>\n<\/div>[vc_empty_space height=&#8221;20px&#8221;][vc_column_text]<\/p>\n<ul>\n<li>Sala exclusiva<\/li>\n<li>Localiza-se no piso mais alto do hotel AP Eva Senses<\/li>\n<li>Vista deslumbrante para a Ria Formosa<\/li>\n<li>Jantar privado para si e para os seus convidados<\/li>\n<li>Gastronomia de fus\u00e3o de produtos regionais<\/li>\n<li>Menu de degusta\u00e7\u00e3o com emparelhamento de vinho<\/li>\n<li>Decora\u00e7\u00e3o contempor\u00e2nea<\/li>\n<li>Mesa \u00fanica com 12 lugares<\/li>\n<\/ul>\n<p>[\/vc_column_text][vc_empty_space]\t\t<\/div>\n\t<\/div>\n<\/div><\/div>[\/vc_column][vc_column offset=&#8221;vc_col-lg-offset-0 vc_col-lg-6 vc_col-md-12 vc_col-sm-offset-0&#8243; css=&#8221;.vc_custom_1614150019295{padding-top: 0px !important;padding-right: 0px !important;background-position: center !important;background-repeat: no-repeat !important;background-size: cover !important;}&#8221; el_class=&#8221;orderimg&#8221;][vc_images_carousel images=&#8221;17857,17862,17867&#8243; img_size=&#8221;full&#8221; onclick=&#8221;link_no&#8221; hide_pagination_control=&#8221;yes&#8221; wrap=&#8221;yes&#8221;][\/vc_column][\/vc_row][vc_row equal_height=&#8221;yes&#8221; css=&#8221;.vc_custom_1493278703024{background-color: #fbf9f9 !important;}&#8221;][vc_column offset=&#8221;vc_col-lg-offset-0 vc_col-lg-6 vc_col-md-12 vc_col-sm-offset-0&#8243; css=&#8221;.vc_custom_1614150105439{padding-top: 0px !important;padding-left: 0px !important;background-position: center !important;background-repeat: no-repeat !important;background-size: cover !important;}&#8221; el_class=&#8221;orderimg&#8221;][vc_images_carousel images=&#8221;58889,58894&#8243; img_size=&#8221;full&#8221; onclick=&#8221;link_no&#8221; hide_pagination_control=&#8221;yes&#8221; wrap=&#8221;yes&#8221;][\/vc_column][vc_column css=&#8221;.vc_custom_1614150080467{background-color: #f4f2f0 !important;background-position: center !important;background-repeat: no-repeat !important;background-size: cover !important;}&#8221; offset=&#8221;vc_col-lg-offset-0 vc_col-lg-6 vc_col-md-12 vc_col-sm-offset-0&#8243; el_class=&#8221;ordertxt&#8221;]<div class=\"mkdf-elements-holder   mkdf-one-column  mkdf-responsive-mode-768 \" ><div class=\"mkdf-eh-item meeting-services-section   \"  data-item-class=\"mkdf-eh-custom-3407\" data-1024-1280=\"13% 13% 20% 13%\" data-768-1024=\"4% 15% 8% 12%\" data-680-768=\"3% 16% 9% 9%\" data-680=\"0% 5% 17% 6%\">\n\t<div class=\"mkdf-eh-item-inner\">\n\t\t<div class=\"mkdf-eh-item-content mkdf-eh-custom-3407\" style=\"padding: 3% 3% 10% 15%\">\n\t\t\t<div class=\"mkdf-section-title-holder  mkdf-st-standard  mkdf-st-title-left mkdf-st-normal-space \" >\n\t<div class=\"mkdf-st-inner\">\n\t\t\t\t\t\t\t<h2 class=\"mkdf-st-title\" >\n\t\t\t\tAd\u00e3o Bistro Bar\t\t\t\t\t\t\t<\/h2>\n\t\t\t\t\t\t\t<\/div>\n<\/div>[vc_empty_space height=&#8221;20px&#8221;][vc_column_text]<\/p>\n<ul>\n<li>Espa\u00e7o moderno com vista panor\u00e2mica para Marina de Faro<\/li>\n<li>Terra\u00e7o e esplanada com vista para a Marina de Faro<\/li>\n<li>Menus de grupos dispon\u00edveis para m\u00e1ximo de 30 pessoas<\/li>\n<li>Ambiente descontra\u00eddo e informal<\/li>\n<\/ul>\n<p>[\/vc_column_text][vc_empty_space]\t\t<\/div>\n\t<\/div>\n<\/div><\/div>[\/vc_column][\/vc_row][vc_row equal_height=&#8221;yes&#8221; disable_element=&#8221;yes&#8221; css=&#8221;.vc_custom_1772717421829{background-color: #fbf9f9 !important;}&#8221;][vc_column css=&#8221;.vc_custom_1614150151234{background-color: #f4f2f0 !important;background-position: center !important;background-repeat: no-repeat !important;background-size: cover !important;}&#8221; offset=&#8221;vc_col-lg-offset-0 vc_col-lg-6 vc_col-md-12 vc_col-sm-offset-0&#8243; el_class=&#8221;ordertxt&#8221;]<div class=\"mkdf-elements-holder   mkdf-one-column  mkdf-responsive-mode-768 \" ><div class=\"mkdf-eh-item meeting-services-section   \"  data-item-class=\"mkdf-eh-custom-2176\" data-1024-1280=\"13% 13% 20% 13%\" data-768-1024=\"4% 15% 8% 12%\" data-680-768=\"3% 16% 9% 9%\" data-680=\"0% 5% 17% 6%\">\n\t<div class=\"mkdf-eh-item-inner\">\n\t\t<div class=\"mkdf-eh-item-content mkdf-eh-custom-2176\" style=\"padding: 3% 3% 10% 15%\">\n\t\t\t<div class=\"mkdf-section-title-holder  mkdf-st-standard  mkdf-st-title-left mkdf-st-normal-space \" >\n\t<div class=\"mkdf-st-inner\">\n\t\t\t\t\t\t\t<h2 class=\"mkdf-st-title\" >\n\t\t\t\tROOFTOP AP EVA SENSES\t\t\t\t\t\t\t<\/h2>\n\t\t\t\t\t\t\t<\/div>\n<\/div>[vc_empty_space height=&#8221;20px&#8221;][vc_column_text]<\/p>\n<ul>\n<li>Localizado no topo do hotel AP Eva Senses<\/li>\n<li>Com Piscina Exterior<\/li>\n<li>Ambiente contempor\u00e2neo e descontra\u00eddo<\/li>\n<li>Vista panor\u00e2mica sobre a Ria Formosa<\/li>\n<li>Ideal para um cocktail ao p\u00f4r-do-sol<\/li>\n<li>Possibilidade de ter m\u00fasica ao vivo<\/li>\n<li>Ideal para Coffe Breaks<\/li>\n<li>Perfeito para Refei\u00e7\u00f5es Ligeiras<\/li>\n<\/ul>\n<p>[\/vc_column_text][vc_empty_space]\t\t<\/div>\n\t<\/div>\n<\/div><\/div>[\/vc_column][vc_column offset=&#8221;vc_col-lg-offset-0 vc_col-lg-6 vc_col-md-12 vc_col-sm-offset-0&#8243; css=&#8221;.vc_custom_1662480403786{padding-top: 0px !important;padding-left: 0px !important;background-image: url(https:\/\/ap-hotelsresorts.com\/wp-content\/uploads\/2022\/08\/4.jpg?id=34212) !important;background-position: center !important;background-repeat: no-repeat !important;background-size: cover !important;}&#8221; el_class=&#8221;orderimg&#8221;][\/vc_column][\/vc_row][vc_row css=&#8221;.vc_custom_1604995074012{padding-top: 20px !important;padding-bottom: 50px !important;background-color: #899ba6 !important;}&#8221; el_class=&#8221;meeting-contact&#8221; el_id=&#8221;meeting-contact-wedding&#8221;][vc_column][vc_row_inner][vc_column_inner width=&#8221;1\/4&#8243;][\/vc_column_inner][vc_column_inner width=&#8221;1\/2&#8243;][vc_custom_heading text=&#8221;CONTATE-NOS&#8221; font_container=&#8221;tag:h4|text_align:center|color:%23ffffff&#8221; use_theme_fonts=&#8221;yes&#8221;][vc_column_text]<\/p>\n<p style=\"text-align: center;\">AP EVA SENSES<\/p>\n<p style=\"text-align: center;\">Av. da Rep\u00fablica, 1 8000-078 Faro, Algarve, Portugal<\/p>\n<p style=\"text-align: center;\">Consulta sobre reuni\u00f5es e eventos: mice@ap-hotelsresorts.com | groups@ap-hotelsresorts.com<\/p>\n<p style=\"text-align: center;\">Reservas: <a href=\"tel: +351 289 540 158\"><span style=\"text-decoration: underline;\">+351\u00a0289\u00a0540\u00a0158<\/span><\/a>\u00a0(Chamada para a Rede Fixa Nacional)<br \/>\n| <a href=\"mailto:book.eva@ap-hotelsresorts.com\"><span style=\"text-decoration: underline;\">book.eva@ap-hotelsresorts.com<\/span><\/a><\/p>\n<p>[\/vc_column_text]<div role=\"form\" class=\"wpcf7\" id=\"wpcf7-f16635-o1\" lang=\"pt-PT\" dir=\"ltr\">\n<div class=\"screen-reader-response\"><p role=\"status\" aria-live=\"polite\" aria-atomic=\"true\"><\/p> <ul><\/ul><\/div>\n<form action=\"\/pt-pt\/wp-json\/wp\/v2\/pages\/16850#wpcf7-f16635-o1\" method=\"post\" class=\"wpcf7-form init\" novalidate=\"novalidate\" data-status=\"init\">\n<div style=\"display: none;\">\n<input type=\"hidden\" name=\"_wpcf7\" value=\"16635\" \/>\n<input type=\"hidden\" name=\"_wpcf7_version\" value=\"5.5.5\" \/>\n<input type=\"hidden\" name=\"_wpcf7_locale\" value=\"pt_PT\" \/>\n<input type=\"hidden\" name=\"_wpcf7_unit_tag\" value=\"wpcf7-f16635-o1\" \/>\n<input type=\"hidden\" name=\"_wpcf7_container_post\" value=\"0\" \/>\n<input type=\"hidden\" name=\"_wpcf7_posted_data_hash\" value=\"\" \/>\n<\/div>\n<div class=\"contact-page-form\">\n<div class=\"vc_col-sm-6 contact-form-column\">\n<span class=\"wpcf7-form-control-wrap first-name\"><input type=\"text\" name=\"first-name\" value=\"\" size=\"40\" class=\"wpcf7-form-control wpcf7-text wpcf7-validates-as-required\" aria-required=\"true\" aria-invalid=\"false\" placeholder=\"Nome *\" \/><\/span>\n<\/div>\n<div class=\"vc_col-sm-6 contact-form-column\">\n<span class=\"wpcf7-form-control-wrap last-name\"><input type=\"text\" name=\"last-name\" value=\"\" size=\"40\" class=\"wpcf7-form-control wpcf7-text wpcf7-validates-as-required\" aria-required=\"true\" aria-invalid=\"false\" placeholder=\"Sobrenome *\" \/><\/span>\n<\/div>\n<div class=\"vc_col-sm-6 contact-form-column\">\n<span class=\"wpcf7-form-control-wrap email\"><input type=\"email\" name=\"email\" value=\"\" size=\"40\" class=\"wpcf7-form-control wpcf7-text wpcf7-email wpcf7-validates-as-required wpcf7-validates-as-email\" aria-required=\"true\" aria-invalid=\"false\" placeholder=\"Email *\" \/><\/span>\n<\/div>\n<div class=\"vc_col-sm-6 contact-form-column\">\n<span class=\"wpcf7-form-control-wrap phone\"><input type=\"tel\" name=\"phone\" value=\"\" size=\"40\" class=\"wpcf7-form-control wpcf7-text wpcf7-tel wpcf7-validates-as-required wpcf7-validates-as-tel\" aria-required=\"true\" aria-invalid=\"false\" placeholder=\"Telefone *\" \/><\/span>\n<\/div>\n<div class=\"vc_col-sm-6 contact-form-column message-topic\">\n<span class=\"wpcf7-form-control-wrap MessageTopic\"><select name=\"MessageTopic\" class=\"wpcf7-form-control wpcf7-select wpcf7-validates-as-required\" aria-required=\"true\" aria-invalid=\"false\"><option value=\"Assunto *\">Assunto *<\/option><option value=\"REUNI\u00c3O\">REUNI\u00c3O<\/option><option value=\"CONGRESSO\">CONGRESSO<\/option><option value=\"WORKSHOP\">WORKSHOP<\/option><option value=\"INCENTIVO\">INCENTIVO<\/option><option value=\"CASAMENTO\">CASAMENTO<\/option><\/select><\/span>\n<\/div>\n<div class=\"vc_col-sm-12 contact-form-column\">\n<span class=\"wpcf7-form-control-wrap comments\"><textarea name=\"comments\" cols=\"40\" rows=\"10\" class=\"wpcf7-form-control wpcf7-textarea\" aria-invalid=\"false\" placeholder=\"Coment\u00e1rios\"><\/textarea><\/span>\n<\/div>\n<div class=\"vc_col-sm-12 contact-form-column\">\n<label><br \/>\nAo submeter este formul\u00e1rio, concordo que o grupo AP Hotels & Resorts envie mensagens de Marketing e ofertas promocionais atrav\u00e9s de e-mail, e-mail direto e SMS, conforme descrito na Pol\u00edtica de Privacidade da grupo AP Hotels & Resorts.<br \/>\n<\/label>\n<\/div>\n<div class=\"vc_col-sm-12 contact-form-column\">\n<input type=\"submit\" value=\"ENVIAR\" class=\"wpcf7-form-control has-spinner wpcf7-submit\" \/>\n<\/div>\n<\/div>\n<div class=\"wpcf7-response-output\" aria-hidden=\"true\"><\/div><\/form><\/div>[\/vc_column_inner][vc_column_inner width=&#8221;1\/4&#8243;][\/vc_column_inner][\/vc_row_inner][\/vc_column][\/vc_row][vc_row content_text_aligment=&#8221;center&#8221; css=&#8221;.vc_custom_1605605810823{padding-bottom: 80px !important;background-color: #f4f2f0 !important;background-position: center !important;background-repeat: no-repeat !important;background-size: cover !important;}&#8221; el_class=&#8221;hotel-address-sections&#8221;][vc_column offset=&#8221;vc_col-lg-offset-1 vc_col-lg-10 vc_col-md-offset-1 vc_col-md-10&#8243;]<div class=\"mkdf-section-title-holder  mkdf-st-standard mkdf-st-ha-center mkdf-st-title-left mkdf-st-normal-space \" style=\"text-align: center\">\n\t<div class=\"mkdf-st-inner\">\n\t\t\t\t\t\t\t<h2 class=\"mkdf-st-title\" >\n\t\t\t\tAP EVA SENSES HOTEL\t\t\t\t\t\t\t<\/h2>\n\t\t\t\t\t\t\t<\/div>\n<\/div>[vc_empty_space height=&#8221;40px&#8221;][vc_column_text el_class=&#8221;ap-hotel-address-text&#8221;]<\/p>\n<p style=\"text-align: center;\">Av. da Rep\u00fablica, 1 8000-078 Faro, Algarve, Portugal<\/p>\n<p style=\"text-align: center;\">General Inquiries: <span style=\"text-decoration: underline;\"><a href=\"tel: +351 289 001 000\">\u00a0+351 289 001 000<\/a><\/span> \u00a0(Chamada para rede fixa nacional) | <span style=\"text-decoration: underline;\"><a href=\"mailto:rec.eva@ap-hotelsresorts.com\">rec.eva@ap-hotelsresorts.com<\/a><\/span><\/p>\n<p style=\"text-align: center;\">Reservations: <a href=\"tel: +351 289 540 100\"><span style=\"text-decoration: underline;\">+351 289 540 100<\/span><\/a> <span style=\"text-align: center;\">(Chamada para rede fixa nacional) | email: <\/span><span style=\"text-decoration: underline;\"><a href=\"mailto:book.eva@ap-hotelsresorts.com\">book.eva@ap-hotelsresorts.com<\/a><\/span><\/p>\n<p style=\"text-align: center;\">REDES SOCIAIS<\/p>\n<p>[\/vc_column_text][vc_column_text]<\/p>\n<p>[\/vc_column_text]    <span class=\"mkdf-icon-shortcode mkdf-normal   mkdf-icon-small\"  data-color=\"#000000\">\n                    <a itemprop=\"url\" class=\"\" href=\"https:\/\/www.instagram.com\/ap.evasenses\/\" target=\"_blank\">\n                    <i class=\"mkdf-icon-font-awesome fa fa-instagram mkdf-icon-element\" style=\"color: #000000\" ><\/i>                    <\/a>\n            <\/span>\n    <span class=\"mkdf-icon-shortcode mkdf-circle   mkdf-icon-small\" style=\"background-color: #efe3da;border-color: #000000\" data-color=\"#000000\">\n                    <a itemprop=\"url\" class=\"\" href=\"https:\/\/www.facebook.com\/hoteleva.ap\" target=\"_blank\">\n                    <i class=\"mkdf-icon-font-awesome fa fa-facebook mkdf-icon-element\" style=\"color: #000000\" ><\/i>                    <\/a>\n            <\/span>\n[vc_empty_space height=&#8221;40px&#8221;]<a itemprop=\"url\" href=\"https:\/\/ap-hotelsresorts.com\/pt-pt\/eva\/contatos\/\" target=\"_self\" style=\"color: #ffffff;border-color: #000000;margin: 0px 10px 0px 0px\" class=\"mkdf-btn mkdf-btn-medium mkdf-btn-outline mkdf-btn-custom-border-hover mkdf-btn-custom-hover-color mkdf-btn-icon\" data-hover-color=\"#ffffff\" data-hover-border-color=\"#333132\" >\n    <span class=\"mkdf-btn-text\">CONTACTE-NOS<\/span>\n    <i class=\"mkdf-icon-linear-icon lnr lnr-arrow-right \" ><\/i><\/a><a itemprop=\"url\" href=\"https:\/\/ap-hotelsresorts.com\/pt-pt\/eva\/contatos\/\" target=\"_self\" style=\"color: #ffffff;border-color: #000000\" class=\"mkdf-btn mkdf-btn-medium mkdf-btn-outline mkdf-btn-custom-border-hover mkdf-btn-custom-hover-color mkdf-btn-icon\" data-hover-color=\"#ffffff\" data-hover-border-color=\"#333132\" >\n    <span class=\"mkdf-btn-text\">LOCALIZA\u00c7\u00c3O<\/span>\n    <i class=\"mkdf-icon-linear-icon lnr lnr-arrow-right \" ><\/i><\/a>[\/vc_column][\/vc_row]<\/p>\n","protected":false},"excerpt":{"rendered":"<p>[vc_row][vc_column][vc_row_inner row_content_width=&#8221;grid&#8221; css=&#8221;.vc_custom_1601037703586{padding-top: 7% !important;padding-bottom: 7% !important;}&#8221;][vc_column_inner][vc_empty_space height=&#8221;20px&#8221;][vc_column_text] O AP Eva Senses apresenta um estilo moderno e contempor\u00e2neo que se reflete em todas as \u00e1reas do hotel. Com vistas sobre a Ria Formosa, a Marina e a cidade de Faro [&hellip;]<\/p>\n","protected":false},"author":10,"featured_media":0,"parent":19043,"menu_order":0,"comment_status":"closed","ping_status":"closed","template":"full-width.php","meta":[],"yoast_head":"<!-- This site is optimized with the Yoast SEO plugin v18.1 - https:\/\/yoast.com\/wordpress\/plugins\/seo\/ -->\n<title>Espa\u00e7os para Eventos Corporativos - Faro - AP Eva Senses - Official Website<\/title>\n<meta name=\"description\" content=\"Quer organizar um evento corporativo em Faro? Conhe\u00e7a os nossos espa\u00e7os, ideais para eventos at\u00e9 160 pessoas.\" \/>\n<meta name=\"robots\" content=\"index, follow, max-snippet:-1, max-image-preview:large, max-video-preview:-1\" \/>\n<link rel=\"canonical\" href=\"https:\/\/ap-hotelsresorts.com\/pt-pt\/eva\/espacos-para-eventos-corporativos\/\" \/>\n<meta property=\"og:locale\" content=\"pt_PT\" \/>\n<meta property=\"og:type\" content=\"article\" \/>\n<meta property=\"og:title\" content=\"Espa\u00e7os para Eventos Corporativos - Faro - AP Eva Senses - Official Website\" \/>\n<meta property=\"og:description\" content=\"Quer organizar um evento corporativo em Faro? Conhe\u00e7a os nossos espa\u00e7os, ideais para eventos at\u00e9 160 pessoas.\" \/>\n<meta property=\"og:url\" content=\"https:\/\/ap-hotelsresorts.com\/pt-pt\/eva\/espacos-para-eventos-corporativos\/\" \/>\n<meta property=\"og:site_name\" content=\"AP HOTELS &amp; RESORTS .\" \/>\n<meta property=\"article:publisher\" content=\"https:\/\/www.facebook.com\/aphotelsresorts\" \/>\n<meta property=\"article:modified_time\" content=\"2026-03-05T13:30:32+00:00\" \/>\n<meta name=\"twitter:card\" content=\"summary_large_image\" \/>\n<meta name=\"twitter:site\" content=\"@ApHotels\" \/>\n<meta name=\"twitter:label1\" content=\"Tempo estimado de leitura\" \/>\n\t<meta name=\"twitter:data1\" content=\"5 minutos\" \/>\n<script type=\"application\/ld+json\" class=\"yoast-schema-graph\">{\"@context\":\"https:\/\/schema.org\",\"@graph\":[{\"@type\":\"Organization\",\"@id\":\"https:\/\/ap-hotelsresorts.com\/#organization\",\"name\":\"AP HOTELS & RESORTS\",\"url\":\"https:\/\/ap-hotelsresorts.com\/\",\"sameAs\":[\"https:\/\/www.facebook.com\/aphotelsresorts\",\"https:\/\/www.instagram.com\/aphotelsresorts\/\",\"https:\/\/www.linkedin.com\/company\/ap-hotels-and-resorts\",\"https:\/\/www.youtube.com\/channel\/UCSmwGBz36kx2XALzeVAlKEg\",\"https:\/\/twitter.com\/ApHotels\"],\"logo\":{\"@type\":\"ImageObject\",\"@id\":\"https:\/\/ap-hotelsresorts.com\/#logo\",\"inLanguage\":\"pt-PT\",\"url\":\"https:\/\/ap-hotelsresorts.com\/wp-content\/uploads\/2021\/03\/logo-1.png\",\"contentUrl\":\"https:\/\/ap-hotelsresorts.com\/wp-content\/uploads\/2021\/03\/logo-1.png\",\"width\":\"3915\",\"height\":\"1388\",\"caption\":\"AP HOTELS & RESORTS\"},\"image\":{\"@id\":\"https:\/\/ap-hotelsresorts.com\/#logo\"}},{\"@type\":\"WebSite\",\"@id\":\"https:\/\/ap-hotelsresorts.com\/#website\",\"url\":\"https:\/\/ap-hotelsresorts.com\/\",\"name\":\"AP HOTELS &amp; RESORTS .\",\"description\":\"Albufeira . Faro . Portim\u00e3o . Tavira . Algarve\",\"publisher\":{\"@id\":\"https:\/\/ap-hotelsresorts.com\/#organization\"},\"potentialAction\":[{\"@type\":\"SearchAction\",\"target\":{\"@type\":\"EntryPoint\",\"urlTemplate\":\"https:\/\/ap-hotelsresorts.com\/?s={search_term_string}\"},\"query-input\":\"required name=search_term_string\"}],\"inLanguage\":\"pt-PT\"},{\"@type\":\"WebPage\",\"@id\":\"https:\/\/ap-hotelsresorts.com\/pt-pt\/eva\/espacos-para-eventos-corporativos\/#webpage\",\"url\":\"https:\/\/ap-hotelsresorts.com\/pt-pt\/eva\/espacos-para-eventos-corporativos\/\",\"name\":\"Espa\u00e7os para Eventos Corporativos - Faro - AP Eva Senses - Official Website\",\"isPartOf\":{\"@id\":\"https:\/\/ap-hotelsresorts.com\/#website\"},\"datePublished\":\"2021-01-09T10:56:04+00:00\",\"dateModified\":\"2026-03-05T13:30:32+00:00\",\"description\":\"Quer organizar um evento corporativo em Faro? Conhe\u00e7a os nossos espa\u00e7os, ideais para eventos at\u00e9 160 pessoas.\",\"breadcrumb\":{\"@id\":\"https:\/\/ap-hotelsresorts.com\/pt-pt\/eva\/espacos-para-eventos-corporativos\/#breadcrumb\"},\"inLanguage\":\"pt-PT\",\"potentialAction\":[{\"@type\":\"ReadAction\",\"target\":[\"https:\/\/ap-hotelsresorts.com\/pt-pt\/eva\/espacos-para-eventos-corporativos\/\"]}]},{\"@type\":\"BreadcrumbList\",\"@id\":\"https:\/\/ap-hotelsresorts.com\/pt-pt\/eva\/espacos-para-eventos-corporativos\/#breadcrumb\",\"itemListElement\":[{\"@type\":\"ListItem\",\"position\":1,\"name\":\"Home\",\"item\":\"https:\/\/ap-hotelsresorts.com\/pt-pt\/\"},{\"@type\":\"ListItem\",\"position\":2,\"name\":\"Eva\",\"item\":\"https:\/\/ap-hotelsresorts.com\/pt-pt\/eva\/\"},{\"@type\":\"ListItem\",\"position\":3,\"name\":\"Espa\u00e7os para Eventos Corporativos\"}]}]}<\/script>\n<!-- \/ Yoast SEO plugin. -->","yoast_head_json":{"title":"Espa\u00e7os para Eventos Corporativos - Faro - AP Eva Senses - Official Website","description":"Quer organizar um evento corporativo em Faro? Conhe\u00e7a os nossos espa\u00e7os, ideais para eventos at\u00e9 160 pessoas.","robots":{"index":"index","follow":"follow","max-snippet":"max-snippet:-1","max-image-preview":"max-image-preview:large","max-video-preview":"max-video-preview:-1"},"canonical":"https:\/\/ap-hotelsresorts.com\/pt-pt\/eva\/espacos-para-eventos-corporativos\/","og_locale":"pt_PT","og_type":"article","og_title":"Espa\u00e7os para Eventos Corporativos - Faro - AP Eva Senses - Official Website","og_description":"Quer organizar um evento corporativo em Faro? Conhe\u00e7a os nossos espa\u00e7os, ideais para eventos at\u00e9 160 pessoas.","og_url":"https:\/\/ap-hotelsresorts.com\/pt-pt\/eva\/espacos-para-eventos-corporativos\/","og_site_name":"AP HOTELS &amp; RESORTS .","article_publisher":"https:\/\/www.facebook.com\/aphotelsresorts","article_modified_time":"2026-03-05T13:30:32+00:00","twitter_card":"summary_large_image","twitter_site":"@ApHotels","twitter_misc":{"Tempo estimado de leitura":"5 minutos"},"schema":{"@context":"https:\/\/schema.org","@graph":[{"@type":"Organization","@id":"https:\/\/ap-hotelsresorts.com\/#organization","name":"AP HOTELS & RESORTS","url":"https:\/\/ap-hotelsresorts.com\/","sameAs":["https:\/\/www.facebook.com\/aphotelsresorts","https:\/\/www.instagram.com\/aphotelsresorts\/","https:\/\/www.linkedin.com\/company\/ap-hotels-and-resorts","https:\/\/www.youtube.com\/channel\/UCSmwGBz36kx2XALzeVAlKEg","https:\/\/twitter.com\/ApHotels"],"logo":{"@type":"ImageObject","@id":"https:\/\/ap-hotelsresorts.com\/#logo","inLanguage":"pt-PT","url":"https:\/\/ap-hotelsresorts.com\/wp-content\/uploads\/2021\/03\/logo-1.png","contentUrl":"https:\/\/ap-hotelsresorts.com\/wp-content\/uploads\/2021\/03\/logo-1.png","width":"3915","height":"1388","caption":"AP HOTELS & RESORTS"},"image":{"@id":"https:\/\/ap-hotelsresorts.com\/#logo"}},{"@type":"WebSite","@id":"https:\/\/ap-hotelsresorts.com\/#website","url":"https:\/\/ap-hotelsresorts.com\/","name":"AP HOTELS &amp; RESORTS .","description":"Albufeira . Faro . Portim\u00e3o . Tavira . Algarve","publisher":{"@id":"https:\/\/ap-hotelsresorts.com\/#organization"},"potentialAction":[{"@type":"SearchAction","target":{"@type":"EntryPoint","urlTemplate":"https:\/\/ap-hotelsresorts.com\/?s={search_term_string}"},"query-input":"required name=search_term_string"}],"inLanguage":"pt-PT"},{"@type":"WebPage","@id":"https:\/\/ap-hotelsresorts.com\/pt-pt\/eva\/espacos-para-eventos-corporativos\/#webpage","url":"https:\/\/ap-hotelsresorts.com\/pt-pt\/eva\/espacos-para-eventos-corporativos\/","name":"Espa\u00e7os para Eventos Corporativos - Faro - AP Eva Senses - Official Website","isPartOf":{"@id":"https:\/\/ap-hotelsresorts.com\/#website"},"datePublished":"2021-01-09T10:56:04+00:00","dateModified":"2026-03-05T13:30:32+00:00","description":"Quer organizar um evento corporativo em Faro? Conhe\u00e7a os nossos espa\u00e7os, ideais para eventos at\u00e9 160 pessoas.","breadcrumb":{"@id":"https:\/\/ap-hotelsresorts.com\/pt-pt\/eva\/espacos-para-eventos-corporativos\/#breadcrumb"},"inLanguage":"pt-PT","potentialAction":[{"@type":"ReadAction","target":["https:\/\/ap-hotelsresorts.com\/pt-pt\/eva\/espacos-para-eventos-corporativos\/"]}]},{"@type":"BreadcrumbList","@id":"https:\/\/ap-hotelsresorts.com\/pt-pt\/eva\/espacos-para-eventos-corporativos\/#breadcrumb","itemListElement":[{"@type":"ListItem","position":1,"name":"Home","item":"https:\/\/ap-hotelsresorts.com\/pt-pt\/"},{"@type":"ListItem","position":2,"name":"Eva","item":"https:\/\/ap-hotelsresorts.com\/pt-pt\/eva\/"},{"@type":"ListItem","position":3,"name":"Espa\u00e7os para Eventos Corporativos"}]}]}},"_links":{"self":[{"href":"https:\/\/ap-hotelsresorts.com\/pt-pt\/wp-json\/wp\/v2\/pages\/16850"}],"collection":[{"href":"https:\/\/ap-hotelsresorts.com\/pt-pt\/wp-json\/wp\/v2\/pages"}],"about":[{"href":"https:\/\/ap-hotelsresorts.com\/pt-pt\/wp-json\/wp\/v2\/types\/page"}],"author":[{"embeddable":true,"href":"https:\/\/ap-hotelsresorts.com\/pt-pt\/wp-json\/wp\/v2\/users\/10"}],"replies":[{"embeddable":true,"href":"https:\/\/ap-hotelsresorts.com\/pt-pt\/wp-json\/wp\/v2\/comments?post=16850"}],"version-history":[{"count":0,"href":"https:\/\/ap-hotelsresorts.com\/pt-pt\/wp-json\/wp\/v2\/pages\/16850\/revisions"}],"up":[{"embeddable":true,"href":"https:\/\/ap-hotelsresorts.com\/pt-pt\/wp-json\/wp\/v2\/pages\/19043"}],"wp:attachment":[{"href":"https:\/\/ap-hotelsresorts.com\/pt-pt\/wp-json\/wp\/v2\/media?parent=16850"}],"curies":[{"name":"wp","href":"https:\/\/api.w.org\/{rel}","templated":true}]}}