{"id":18226,"date":"2021-01-08T17:22:27","date_gmt":"2021-01-08T17:22:27","guid":{"rendered":"https:\/\/ap-hotelsresorts.com\/?page_id=18226"},"modified":"2026-04-14T10:49:45","modified_gmt":"2026-04-14T10:49:45","slug":"quartos","status":"publish","type":"page","link":"https:\/\/ap-hotelsresorts.com\/pt-pt\/oriental\/quartos\/","title":{"rendered":"Quartos"},"content":{"rendered":"<p>[vc_row equal_height=&#8221;yes&#8221; css=&#8221;.vc_custom_1680263267072{background-color: #fbf9f9 !important;}&#8221; el_class=&#8221;restaurant-item&#8221;][vc_column offset=&#8221;vc_col-lg-offset-0 vc_col-lg-6 vc_col-md-12 vc_col-sm-offset-0&#8243; css=&#8221;.vc_custom_1680263177359{padding-top: 0px !important;padding-right: 0px !important;background-position: center !important;background-repeat: no-repeat !important;background-size: cover !important;}&#8221; el_class=&#8221;orderimg&#8221;][vc_images_carousel images=&#8221;39327,39337,39347,39357,39414&#8243; img_size=&#8221;full&#8221; onclick=&#8221;link_no&#8221; wrap=&#8221;yes&#8221;][\/vc_column][vc_column css=&#8221;.vc_custom_1680264166083{padding-right: 15px !important;padding-bottom: 10px !important;padding-left: 35px !important;background-color: #f4f2f0 !important;background-position: center !important;background-repeat: no-repeat !important;background-size: cover !important;}&#8221; offset=&#8221;vc_col-lg-offset-0 vc_col-lg-6 vc_col-md-12 vc_col-sm-offset-0&#8243; el_class=&#8221;ordertxt&#8221;]<div class=\"mkdf-elements-holder   mkdf-one-column  mkdf-responsive-mode-768 \" ><div class=\"mkdf-eh-item   mkdf-horizontal-alignment-center \"  data-item-class=\"mkdf-eh-custom-8318\">\n\t<div class=\"mkdf-eh-item-inner\">\n\t\t<div class=\"mkdf-eh-item-content mkdf-eh-custom-8318\" >\n\t\t\t<div class=\"mkdf-section-title-holder  mkdf-st-standard mkdf-st-ha-left mkdf-st-title-left mkdf-st-normal-space \" style=\"text-align: left\">\n\t<div class=\"mkdf-st-inner\">\n\t\t\t\t\t\t\t<h2 class=\"mkdf-st-title\" >\n\t\t\t\tDuplo Vista Terra\t\t\t\t\t\t\t<\/h2>\n\t\t\t\t\t\t\t<\/div>\n<\/div>[vc_empty_space height=&#8221;20px&#8221;][vc_column_text]O Quarto Duplo Vista Terra tem capacidade para 2 adultos, Cama de Casal ou 2 Camas Individuais, 37 m2, Terra\u00e7o ou Varanda, Ar Condicionado, Televis\u00e3o de Ecr\u00e3 Plano, Mini bar, Cofre, Telefone, Secador de Cabelo, Secret\u00e1ria, Casa de Banho com produtos de higiene pessoal gratuitos, Aquecimento, Canais por Sat\u00e9lite, Duche, Toalhas, Wi-Fi gratuito, Chaleira com Ch\u00e1 e Caf\u00e9.[\/vc_column_text][vc_empty_space]<a itemprop=\"url\" href=\"https:\/\/ap-oriental-dot-ap-hotels.appspot.com\/booking1?adultsRoom1=2&#038;_gl=1*vx4pb*_gcl_aw*R0NMLjE3NzQzNDY2MDguQ2p3S0NBand5WVBPQmhCeEVpd0FncFQ4UDlJeWtBTVBvOU1VdkJVd0IwVlM1OEstR1A1UG55SDVCaldseGhnODlTTkdJbUJENU56djRob0MyMEVRQXZEX0J3RQ..*_ga*NTc5ODgxODcxLjE3NTU1MjA1MDE.*_ga_32QZF3XJDB*czE3NzYwNzE5NjIkbzE1NyRnMSR0MTc3NjEwMDIyMiRqOCRsMCRoMA..\" target=\"_blank\" style=\"background-color: #826d67;border-color: #826d67\" class=\"mkdf-btn mkdf-btn-medium mkdf-btn-solid mkdf-btn-custom-hover-bg mkdf-btn-custom-border-hover\" data-hover-bg-color=\"#826d67\" data-hover-border-color=\"#826d67\" >\n    <span class=\"mkdf-btn-text\">Reservar<\/span>\n    <\/a>\t\t<\/div>\n\t<\/div>\n<\/div><\/div>[\/vc_column][\/vc_row][vc_row equal_height=&#8221;yes&#8221; css=&#8221;.vc_custom_1680263267072{background-color: #fbf9f9 !important;}&#8221; el_class=&#8221;restaurant-item&#8221;][vc_column css=&#8221;.vc_custom_1680264166083{padding-right: 15px !important;padding-bottom: 10px !important;padding-left: 35px !important;background-color: #f4f2f0 !important;background-position: center !important;background-repeat: no-repeat !important;background-size: cover !important;}&#8221; offset=&#8221;vc_col-lg-offset-0 vc_col-lg-6 vc_col-md-12 vc_col-sm-offset-0&#8243; el_class=&#8221;ordertxt&#8221;]<div class=\"mkdf-elements-holder   mkdf-one-column  mkdf-responsive-mode-768 \" ><div class=\"mkdf-eh-item   mkdf-horizontal-alignment-center \"  data-item-class=\"mkdf-eh-custom-3057\">\n\t<div class=\"mkdf-eh-item-inner\">\n\t\t<div class=\"mkdf-eh-item-content mkdf-eh-custom-3057\" >\n\t\t\t<div class=\"mkdf-section-title-holder  mkdf-st-standard mkdf-st-ha-left mkdf-st-title-left mkdf-st-normal-space \" style=\"text-align: left\">\n\t<div class=\"mkdf-st-inner\">\n\t\t\t\t\t\t\t<h2 class=\"mkdf-st-title\" >\n\t\t\t\tVista Mar Frontal Premium\t\t\t\t\t\t\t<\/h2>\n\t\t\t\t\t\t\t<\/div>\n<\/div>[vc_empty_space height=&#8221;20px&#8221;][vc_column_text]Esta \u00e9 a escolha ideal para uma experi\u00eancia verdadeiramente relaxante e memor\u00e1vel. Imagine-se a desfrutar do nascer ou o do p\u00f4r-do-sol numa localiza\u00e7\u00e3o verdadeiramente invej\u00e1vel e com uma espa\u00e7osa varanda diretamente sobre o mar. No Quarto Vista Mar Frontal premium, com capacidade para 2 pessoas,\u00a0 destacamos ainda: Cama de Casal, \u00c1rea de estar, 37 m2, Terra\u00e7o com vista mar frontal, Ar Condicionado, Televis\u00e3o de Ecr\u00e3 Plano, Mini-bar, Cofre, Telefone, Secador de Cabelo, Secret\u00e1ria, Casa de Banho com produtos de higiene pessoal gratuitos, Cabine de duche ao n\u00edvel do ch\u00e3o, Aquecimento, Canais por Sat\u00e9lite, Toalhas, Wi-Fi gratuito, Chaleira, M\u00e1quina de caf\u00e9, Oferta de roup\u00e3o e chinelos.[\/vc_column_text][vc_empty_space]<a itemprop=\"url\" href=\"https:\/\/ap-oriental-dot-ap-hotels.appspot.com\/booking1?adultsRoom1=2&#038;_gl=1*vx4pb*_gcl_aw*R0NMLjE3NzQzNDY2MDguQ2p3S0NBand5WVBPQmhCeEVpd0FncFQ4UDlJeWtBTVBvOU1VdkJVd0IwVlM1OEstR1A1UG55SDVCaldseGhnODlTTkdJbUJENU56djRob0MyMEVRQXZEX0J3RQ..*_ga*NTc5ODgxODcxLjE3NTU1MjA1MDE.*_ga_32QZF3XJDB*czE3NzYwNzE5NjIkbzE1NyRnMSR0MTc3NjEwMDIyMiRqOCRsMCRoMA..\" target=\"_blank\" style=\"background-color: #826d67;border-color: #826d67\" class=\"mkdf-btn mkdf-btn-medium mkdf-btn-solid mkdf-btn-custom-hover-bg mkdf-btn-custom-border-hover\" data-hover-bg-color=\"#826d67\" data-hover-border-color=\"#826d67\" >\n    <span class=\"mkdf-btn-text\">Reservar<\/span>\n    <\/a>\t\t<\/div>\n\t<\/div>\n<\/div><\/div>[\/vc_column][vc_column offset=&#8221;vc_col-lg-offset-0 vc_col-lg-6 vc_col-md-12 vc_col-sm-offset-0&#8243; css=&#8221;.vc_custom_1680263177359{padding-top: 0px !important;padding-right: 0px !important;background-position: center !important;background-repeat: no-repeat !important;background-size: cover !important;}&#8221; el_class=&#8221;orderimg&#8221;][vc_images_carousel images=&#8221;58171,65913,65918&#8243; img_size=&#8221;full&#8221; onclick=&#8221;link_no&#8221; wrap=&#8221;yes&#8221;][\/vc_column][\/vc_row][vc_row equal_height=&#8221;yes&#8221; css=&#8221;.vc_custom_1680263267072{background-color: #fbf9f9 !important;}&#8221; el_class=&#8221;restaurant-item&#8221;][vc_column offset=&#8221;vc_col-lg-offset-0 vc_col-lg-6 vc_col-md-12 vc_col-sm-offset-0&#8243; css=&#8221;.vc_custom_1680263177359{padding-top: 0px !important;padding-right: 0px !important;background-position: center !important;background-repeat: no-repeat !important;background-size: cover !important;}&#8221; el_class=&#8221;orderimg&#8221;][vc_images_carousel images=&#8221;39369,16075,39429&#8243; img_size=&#8221;full&#8221; onclick=&#8221;link_no&#8221; wrap=&#8221;yes&#8221;][\/vc_column][vc_column css=&#8221;.vc_custom_1680264166083{padding-right: 15px !important;padding-bottom: 10px !important;padding-left: 35px !important;background-color: #f4f2f0 !important;background-position: center !important;background-repeat: no-repeat !important;background-size: cover !important;}&#8221; offset=&#8221;vc_col-lg-offset-0 vc_col-lg-6 vc_col-md-12 vc_col-sm-offset-0&#8243; el_class=&#8221;ordertxt&#8221;]<div class=\"mkdf-elements-holder   mkdf-one-column  mkdf-responsive-mode-768 \" ><div class=\"mkdf-eh-item   mkdf-horizontal-alignment-center \"  data-item-class=\"mkdf-eh-custom-9641\">\n\t<div class=\"mkdf-eh-item-inner\">\n\t\t<div class=\"mkdf-eh-item-content mkdf-eh-custom-9641\" >\n\t\t\t<div class=\"mkdf-section-title-holder  mkdf-st-standard mkdf-st-ha-left mkdf-st-title-left mkdf-st-normal-space \" style=\"text-align: left\">\n\t<div class=\"mkdf-st-inner\">\n\t\t\t\t\t\t\t<h2 class=\"mkdf-st-title\" >\n\t\t\t\tVista Mar Lateral\t\t\t\t\t\t\t<\/h2>\n\t\t\t\t\t\t\t<\/div>\n<\/div>[vc_empty_space height=&#8221;20px&#8221;][vc_column_text]O Quarto Vista Mar Lateral com varanda privada \u00e9 um verdadeiro ref\u00fagio \u00e0 beira-mar. O Quarto Vista Mar Lateral conta com capacidade para 2 adultos, Cama de Casal ou 2 Camas Individuais, Sof\u00e1-cama com possibilidade de acomodar um adulto extra, \u00c1rea de estar, 37 m2, Terra\u00e7o ou Varanda com vista mar lateral, Ar Condicionado, Televis\u00e3o de Ecr\u00e3 Plano, Mini bar, Cofre, Telefone, Secador de Cabelo, Secret\u00e1ria, Casa de Banho com produtos de higiene pessoal gratuitos, Aquecimento, Canais por Sat\u00e9lite, Duche, Toalhas, Wi-Fi gratuito, Chaleira com utens\u00edlios para Caf\u00e9 e Ch\u00e1.[\/vc_column_text][vc_empty_space]<a itemprop=\"url\" href=\"https:\/\/ap-oriental-dot-ap-hotels.appspot.com\/booking1?adultsRoom1=2&#038;_gl=1*vx4pb*_gcl_aw*R0NMLjE3NzQzNDY2MDguQ2p3S0NBand5WVBPQmhCeEVpd0FncFQ4UDlJeWtBTVBvOU1VdkJVd0IwVlM1OEstR1A1UG55SDVCaldseGhnODlTTkdJbUJENU56djRob0MyMEVRQXZEX0J3RQ..*_ga*NTc5ODgxODcxLjE3NTU1MjA1MDE.*_ga_32QZF3XJDB*czE3NzYwNzE5NjIkbzE1NyRnMSR0MTc3NjEwMDIyMiRqOCRsMCRoMA..\" target=\"_blank\" style=\"background-color: #826d67;border-color: #826d67\" class=\"mkdf-btn mkdf-btn-medium mkdf-btn-solid mkdf-btn-custom-hover-bg mkdf-btn-custom-border-hover\" data-hover-bg-color=\"#826d67\" data-hover-border-color=\"#826d67\" >\n    <span class=\"mkdf-btn-text\">Reservar<\/span>\n    <\/a>\t\t<\/div>\n\t<\/div>\n<\/div><\/div>[\/vc_column][\/vc_row][vc_row equal_height=&#8221;yes&#8221; css=&#8221;.vc_custom_1680263267072{background-color: #fbf9f9 !important;}&#8221; el_class=&#8221;restaurant-item&#8221;][vc_column css=&#8221;.vc_custom_1680264166083{padding-right: 15px !important;padding-bottom: 10px !important;padding-left: 35px !important;background-color: #f4f2f0 !important;background-position: center !important;background-repeat: no-repeat !important;background-size: cover !important;}&#8221; offset=&#8221;vc_col-lg-offset-0 vc_col-lg-6 vc_col-md-12 vc_col-sm-offset-0&#8243; el_class=&#8221;ordertxt&#8221;]<div class=\"mkdf-elements-holder   mkdf-one-column  mkdf-responsive-mode-768 \" ><div class=\"mkdf-eh-item   mkdf-horizontal-alignment-center \"  data-item-class=\"mkdf-eh-custom-4390\">\n\t<div class=\"mkdf-eh-item-inner\">\n\t\t<div class=\"mkdf-eh-item-content mkdf-eh-custom-4390\" >\n\t\t\t<div class=\"mkdf-section-title-holder  mkdf-st-standard mkdf-st-ha-left mkdf-st-title-left mkdf-st-normal-space \" style=\"text-align: left\">\n\t<div class=\"mkdf-st-inner\">\n\t\t\t\t\t\t\t<h2 class=\"mkdf-st-title\" >\n\t\t\t\tVista Mar Frontal\t\t\t\t\t\t\t<\/h2>\n\t\t\t\t\t\t\t<\/div>\n<\/div>[vc_empty_space height=&#8221;20px&#8221;][vc_column_text]Quando se trata de umas f\u00e9rias \u00e0 beira-mar em Portim\u00e3o, este quarto do AP Oriental Beach com vista mar frontal \u00e9 a escolha ideal para uma experi\u00eancia verdadeiramente relaxante e memor\u00e1vel. Imagine-se a desfrutar do nascer ou o do p\u00f4r-do-sol neste quarto incr\u00edvel composto por terra\u00e7o ou varanda. No Quarto Vista Mar Frontal, com capacidade para 2 adultos, destacamos ainda: Cama de Casal ou 2 Camas Individuais, Sof\u00e1-cama, \u00c1rea de estar, 37 m2, Terra\u00e7o com vista mar frontal, Ar Condicionado, Televis\u00e3o de Ecr\u00e3 Plano, Mini-bar, Cofre, Telefone, Secador de Cabelo, Secret\u00e1ria, Casa de Banho com produtos de higiene pessoal gratuitos, Aquecimento, Canais por Sat\u00e9lite, Duche, Toalhas, Wi-Fi gratuito, Chaleira com Ch\u00e1 e Caf\u00e9.[\/vc_column_text][vc_empty_space]<a itemprop=\"url\" href=\"https:\/\/ap-oriental-dot-ap-hotels.appspot.com\/booking1?adultsRoom1=2&#038;_gl=1*vx4pb*_gcl_aw*R0NMLjE3NzQzNDY2MDguQ2p3S0NBand5WVBPQmhCeEVpd0FncFQ4UDlJeWtBTVBvOU1VdkJVd0IwVlM1OEstR1A1UG55SDVCaldseGhnODlTTkdJbUJENU56djRob0MyMEVRQXZEX0J3RQ..*_ga*NTc5ODgxODcxLjE3NTU1MjA1MDE.*_ga_32QZF3XJDB*czE3NzYwNzE5NjIkbzE1NyRnMSR0MTc3NjEwMDIyMiRqOCRsMCRoMA..\" target=\"_blank\" style=\"background-color: #826d67;border-color: #826d67\" class=\"mkdf-btn mkdf-btn-medium mkdf-btn-solid mkdf-btn-custom-hover-bg mkdf-btn-custom-border-hover\" data-hover-bg-color=\"#826d67\" data-hover-border-color=\"#826d67\" >\n    <span class=\"mkdf-btn-text\">Reservar<\/span>\n    <\/a>\t\t<\/div>\n\t<\/div>\n<\/div><\/div>[\/vc_column][vc_column offset=&#8221;vc_col-lg-offset-0 vc_col-lg-6 vc_col-md-12 vc_col-sm-offset-0&#8243; css=&#8221;.vc_custom_1680263177359{padding-top: 0px !important;padding-right: 0px !important;background-position: center !important;background-repeat: no-repeat !important;background-size: cover !important;}&#8221; el_class=&#8221;orderimg&#8221;][vc_images_carousel images=&#8221;39255,39265,39276,39289,39297&#8243; img_size=&#8221;full&#8221; onclick=&#8221;link_no&#8221; wrap=&#8221;yes&#8221;][\/vc_column][\/vc_row][vc_row equal_height=&#8221;yes&#8221; css=&#8221;.vc_custom_1680263267072{background-color: #fbf9f9 !important;}&#8221; el_class=&#8221;restaurant-item&#8221;][vc_column offset=&#8221;vc_col-lg-offset-0 vc_col-lg-6 vc_col-md-12 vc_col-sm-offset-0&#8243; css=&#8221;.vc_custom_1680263177359{padding-top: 0px !important;padding-right: 0px !important;background-position: center !important;background-repeat: no-repeat !important;background-size: cover !important;}&#8221; el_class=&#8221;orderimg&#8221;][vc_images_carousel images=&#8221;39447,39452,39457,39462,39467&#8243; img_size=&#8221;full&#8221; onclick=&#8221;link_no&#8221; wrap=&#8221;yes&#8221;][\/vc_column][vc_column css=&#8221;.vc_custom_1680264166083{padding-right: 15px !important;padding-bottom: 10px !important;padding-left: 35px !important;background-color: #f4f2f0 !important;background-position: center !important;background-repeat: no-repeat !important;background-size: cover !important;}&#8221; offset=&#8221;vc_col-lg-offset-0 vc_col-lg-6 vc_col-md-12 vc_col-sm-offset-0&#8243; el_class=&#8221;ordertxt&#8221;]<div class=\"mkdf-elements-holder   mkdf-one-column  mkdf-responsive-mode-768 \" ><div class=\"mkdf-eh-item   mkdf-horizontal-alignment-center \"  data-item-class=\"mkdf-eh-custom-4875\">\n\t<div class=\"mkdf-eh-item-inner\">\n\t\t<div class=\"mkdf-eh-item-content mkdf-eh-custom-4875\" >\n\t\t\t<div class=\"mkdf-section-title-holder  mkdf-st-standard mkdf-st-ha-left mkdf-st-title-left mkdf-st-normal-space \" style=\"text-align: left\">\n\t<div class=\"mkdf-st-inner\">\n\t\t\t\t\t\t\t<h2 class=\"mkdf-st-title\" >\n\t\t\t\tSuite\t\t\t\t\t\t\t<\/h2>\n\t\t\t\t\t\t\t<\/div>\n<\/div>[vc_empty_space height=&#8221;20px&#8221;][vc_column_text]Se procura um quarto espa\u00e7oso com vista para o mar em Portim\u00e3o, a nossa Suite no hotel AP Oriental Beach \u00e9 a escolha perfeita. A Suite tem capacidade at\u00e9 3 adultos, Cama de Casal, Sof\u00e1-cama com possibilidade de acomodar um adulto extra, \u00c1rea de estar, 71 m2, Varanda com vista mar lateral, Cofre, Telefone, Ar condicionado, Secador de Cabelo, Secret\u00e1ria, \u00c1rea de estar, Produtos de higiene pessoal gratuitos, Casa de banho, Aquecimento, Canais por Sat\u00e9lite, Duche, Televis\u00e3o de ecr\u00e3 plano, Toalhas, Wi-Fi Gr\u00e1tis.[\/vc_column_text][vc_empty_space]<a itemprop=\"url\" href=\"https:\/\/ap-oriental-dot-ap-hotels.appspot.com\/booking1?adultsRoom1=2&#038;_gl=1*vx4pb*_gcl_aw*R0NMLjE3NzQzNDY2MDguQ2p3S0NBand5WVBPQmhCeEVpd0FncFQ4UDlJeWtBTVBvOU1VdkJVd0IwVlM1OEstR1A1UG55SDVCaldseGhnODlTTkdJbUJENU56djRob0MyMEVRQXZEX0J3RQ..*_ga*NTc5ODgxODcxLjE3NTU1MjA1MDE.*_ga_32QZF3XJDB*czE3NzYwNzE5NjIkbzE1NyRnMSR0MTc3NjEwMDIyMiRqOCRsMCRoMA..\" target=\"_blank\" style=\"background-color: #826d67;border-color: #826d67\" class=\"mkdf-btn mkdf-btn-medium mkdf-btn-solid mkdf-btn-custom-hover-bg mkdf-btn-custom-border-hover\" data-hover-bg-color=\"#826d67\" data-hover-border-color=\"#826d67\" >\n    <span class=\"mkdf-btn-text\">Reservar<\/span>\n    <\/a>\t\t<\/div>\n\t<\/div>\n<\/div><\/div>[\/vc_column][\/vc_row][vc_row simple_background_color=&#8221;#899ba6&#8243; css=&#8221;.vc_custom_1600685144170{margin-top: 10px !important;}&#8221;][vc_column el_class=&#8221;adriana-offers-content&#8221; css=&#8221;.vc_custom_1680251148334{background-color: #ffffff !important;}&#8221;][vc_row_inner row_content_width=&#8221;grid&#8221; css=&#8221;.vc_custom_1680174325033{padding-top: 5% !important;padding-bottom: 5% !important;}&#8221;][vc_column_inner width=&#8221;2\/3&#8243;][vc_custom_heading text=&#8221;Hotel em Portim\u00e3o, em frente \u00e0 Praia da Rocha&#8221; font_container=&#8221;tag:h2|font_size:20|text_align:left|color:%2390792b&#8221; use_theme_fonts=&#8221;yes&#8221;][vc_custom_heading text=&#8221;Reserve as suas f\u00e9rias em Portim\u00e3o com vista mar no AP Oriental Beach&#8221; font_container=&#8221;tag:h2|font_size:30|text_align:left|color:%2390792b&#8221; use_theme_fonts=&#8221;yes&#8221;][\/vc_column_inner][vc_column_inner width=&#8221;1\/3&#8243; css=&#8221;.vc_custom_1680174133788{padding-top: 0px !important;padding-bottom: 0px !important;}&#8221;]<a itemprop=\"url\" href=\"https:\/\/ap-oriental-dot-ap-hotels.appspot.com\/booking1?adultsRoom1=2&#038;_gl=1*vx4pb*_gcl_aw*R0NMLjE3NzQzNDY2MDguQ2p3S0NBand5WVBPQmhCeEVpd0FncFQ4UDlJeWtBTVBvOU1VdkJVd0IwVlM1OEstR1A1UG55SDVCaldseGhnODlTTkdJbUJENU56djRob0MyMEVRQXZEX0J3RQ..*_ga*NTc5ODgxODcxLjE3NTU1MjA1MDE.*_ga_32QZF3XJDB*czE3NzYwNzE5NjIkbzE1NyRnMSR0MTc3NjEwMDIyMiRqOCRsMCRoMA..\" target=\"_self\" style=\"color: #ffffff;background-color: #90792b;border-color: #90792b;margin: 30px\" class=\"mkdf-btn mkdf-btn-medium mkdf-btn-solid mkdf-btn-custom-hover-bg mkdf-btn-custom-border-hover mkdf-btn-custom-hover-color mkdf-btn-icon\" data-hover-color=\"#ffffff\" data-hover-bg-color=\"#90792b\" data-hover-border-color=\"#90792b\" >\n    <span class=\"mkdf-btn-text\">Reservar Agora<\/span>\n    <i class=\"mkdf-icon-linear-icon lnr lnr-arrow-right \" ><\/i><\/a>[\/vc_column_inner][\/vc_row_inner][\/vc_column][\/vc_row][vc_row content_text_aligment=&#8221;center&#8221; css=&#8221;.vc_custom_1605608412701{padding-bottom: 80px !important;background-color: #f4f2f0 !important;background-position: center !important;background-repeat: no-repeat !important;background-size: cover !important;}&#8221; el_class=&#8221;adriana-hotel-footer-address-top&#8221;][vc_column offset=&#8221;vc_col-lg-offset-1 vc_col-lg-10 vc_col-md-offset-1 vc_col-md-10&#8243; el_class=&#8221;adriana-hotel-footer-address&#8221;]<div class=\"mkdf-section-title-holder  mkdf-st-standard mkdf-st-ha-center mkdf-st-title-left mkdf-st-normal-space \" style=\"text-align: center\">\n\t<div class=\"mkdf-st-inner\">\n\t\t\t\t\t\t\t<h2 class=\"mkdf-st-title\" >\n\t\t\t\tAP ORIENTAL BEACH\t\t\t\t\t\t\t<\/h2>\n\t\t\t\t\t\t\t<\/div>\n<\/div>[vc_empty_space height=&#8221;40px&#8221;][vc_column_text]<\/p>\n<p style=\"text-align: center;\">Av. Tom\u00e1s Cabreira, 8500-802 Praia da Rocha<br \/>\nAlgarve, Portugal<\/p>\n<p style=\"text-align: center;\">Geral: <a href=\"tel: +351 282 480 800\"><span style=\"text-decoration: underline;\">+351 282 480 800<\/span><\/a> (Chamada para a Rede Fixa Nacional) | <span style=\"text-decoration: underline;\"><a href=\"mailto:rec.oriental@ap-hotelsresorts.com\">rec.oriental@ap-hotelsresorts.com<\/a><\/span><\/p>\n<p style=\"text-align: center;\">Reservas: <a href=\"tel: +351 289 540 100\"><u>+351 289 540 100<\/u><\/a>\u00a0(Chamada para a Rede Fixa Nacional) | <span style=\"text-decoration: underline;\"><a href=\"mailto:book.oriental@ap-hotelsresorts.com\">book.oriental@ap-hotelsresorts.com<\/a><\/span> | RNET 989<\/p>\n<p style=\"text-align: center;\">SOCIAL MEDIA<\/p>\n<p>[\/vc_column_text][vc_column_text]<\/p>\n<p>[\/vc_column_text]    <span class=\"mkdf-icon-shortcode mkdf-normal   mkdf-icon-small\"  data-color=\"#000000\">\n                    <a itemprop=\"url\" class=\"\" href=\"https:\/\/www.instagram.com\/ap.orientalbeach\/\" target=\"_blank\">\n                    <i class=\"mkdf-icon-font-awesome fa fa-instagram mkdf-icon-element\" style=\"color: #000000\" ><\/i>                    <\/a>\n            <\/span>\n    <span class=\"mkdf-icon-shortcode mkdf-circle   mkdf-icon-small\" style=\"background-color: #efe3da;border-color: #000000\" data-color=\"#000000\">\n                    <a itemprop=\"url\" class=\"\" href=\"https:\/\/www.facebook.com\/hoteloriental.ap\" target=\"_blank\">\n                    <i class=\"mkdf-icon-font-awesome fa fa-facebook mkdf-icon-element\" style=\"color: #000000\" ><\/i>                    <\/a>\n            <\/span>\n[vc_empty_space height=&#8221;40px&#8221;]<a itemprop=\"url\" href=\"https:\/\/ap-hotelsresorts.com\/pt-pt\/oriental\/contatos\/\" target=\"_self\" style=\"color: #000000;border-color: #000000;margin: 0px 10px 0px 0px\" class=\"mkdf-btn mkdf-btn-medium mkdf-btn-outline mkdf-btn-custom-border-hover mkdf-btn-custom-hover-color mkdf-btn-icon\" data-hover-color=\"#000000\" data-hover-border-color=\"#333132\" >\n    <span class=\"mkdf-btn-text\">CONTATE-NOS<\/span>\n    <i class=\"mkdf-icon-linear-icon lnr lnr-arrow-right \" ><\/i><\/a><a itemprop=\"url\" href=\"https:\/\/ap-hotelsresorts.com\/pt-pt\/oriental\/contatos\/\" target=\"_self\" style=\"color: #000000;border-color: #000000\" class=\"mkdf-btn mkdf-btn-medium mkdf-btn-outline mkdf-btn-custom-border-hover mkdf-btn-custom-hover-color mkdf-btn-icon\" data-hover-color=\"#000000\" data-hover-border-color=\"#333132\" >\n    <span class=\"mkdf-btn-text\">LOCALIZA\u00c7\u00c3O<\/span>\n    <i class=\"mkdf-icon-linear-icon lnr lnr-arrow-right \" ><\/i><\/a>[\/vc_column][\/vc_row]<\/p>\n","protected":false},"excerpt":{"rendered":"<p>[vc_row equal_height=&#8221;yes&#8221; css=&#8221;.vc_custom_1680263267072{background-color: #fbf9f9 !important;}&#8221; el_class=&#8221;restaurant-item&#8221;][vc_column offset=&#8221;vc_col-lg-offset-0 vc_col-lg-6 vc_col-md-12 vc_col-sm-offset-0&#8243; css=&#8221;.vc_custom_1680263177359{padding-top: 0px !important;padding-right: 0px !important;background-position: center !important;background-repeat: no-repeat !important;background-size: cover !important;}&#8221; el_class=&#8221;orderimg&#8221;][vc_images_carousel images=&#8221;39327,39337,39347,39357,39414&#8243; img_size=&#8221;full&#8221; onclick=&#8221;link_no&#8221; wrap=&#8221;yes&#8221;][\/vc_column][vc_column css=&#8221;.vc_custom_1680264166083{padding-right: 15px !important;padding-bottom: 10px !important;padding-left: 35px !important;background-color: #f4f2f0 !important;background-position: center !important;background-repeat: no-repeat !important;background-size: cover [&hellip;]<\/p>\n","protected":false},"author":10,"featured_media":15391,"parent":19412,"menu_order":0,"comment_status":"closed","ping_status":"closed","template":"full-width.php","meta":[],"yoast_head":"<!-- This site is optimized with the Yoast SEO plugin v18.1 - https:\/\/yoast.com\/wordpress\/plugins\/seo\/ -->\n<title>Quartos - AP Oriental Beach - Hotel em Portim\u00e3o, em Frente \u00e0 Praia da Rocha - Site Oficial<\/title>\n<meta name=\"description\" content=\"Quer adormecer com o som das ondas do mar? Veja os quartos deste hotel na Praia da Rocha. Conhe\u00e7a o AP Oriental Beach, hotel em Portim\u00e3o.\" \/>\n<meta name=\"robots\" content=\"index, follow, max-snippet:-1, max-image-preview:large, max-video-preview:-1\" \/>\n<link rel=\"canonical\" href=\"https:\/\/ap-hotelsresorts.com\/pt-pt\/oriental\/quartos\/\" \/>\n<meta property=\"og:locale\" content=\"pt_PT\" \/>\n<meta property=\"og:type\" content=\"article\" \/>\n<meta property=\"og:title\" content=\"Quartos - AP Oriental Beach - Hotel em Portim\u00e3o, em Frente \u00e0 Praia da Rocha - Site Oficial\" \/>\n<meta property=\"og:description\" content=\"Quer adormecer com o som das ondas do mar? Veja os quartos deste hotel na Praia da Rocha. Conhe\u00e7a o AP Oriental Beach, hotel em Portim\u00e3o.\" \/>\n<meta property=\"og:url\" content=\"https:\/\/ap-hotelsresorts.com\/pt-pt\/oriental\/quartos\/\" \/>\n<meta property=\"og:site_name\" content=\"AP HOTELS &amp; RESORTS .\" \/>\n<meta property=\"article:publisher\" content=\"https:\/\/www.facebook.com\/aphotelsresorts\" \/>\n<meta property=\"article:modified_time\" content=\"2026-04-14T10:49:45+00:00\" \/>\n<meta property=\"og:image\" content=\"https:\/\/ap-hotelsresorts.com\/wp-content\/uploads\/2020\/09\/Oriental_Aerial-2-min.jpg\" \/>\n\t<meta property=\"og:image:width\" content=\"1749\" \/>\n\t<meta property=\"og:image:height\" content=\"2000\" \/>\n\t<meta property=\"og:image:type\" content=\"image\/jpeg\" \/>\n<meta name=\"twitter:card\" content=\"summary_large_image\" \/>\n<meta name=\"twitter:site\" content=\"@ApHotels\" \/>\n<meta name=\"twitter:label1\" content=\"Tempo estimado de leitura\" \/>\n\t<meta name=\"twitter:data1\" content=\"11 minutos\" \/>\n<script type=\"application\/ld+json\" class=\"yoast-schema-graph\">{\"@context\":\"https:\/\/schema.org\",\"@graph\":[{\"@type\":\"Organization\",\"@id\":\"https:\/\/ap-hotelsresorts.com\/#organization\",\"name\":\"AP HOTELS & RESORTS\",\"url\":\"https:\/\/ap-hotelsresorts.com\/\",\"sameAs\":[\"https:\/\/www.facebook.com\/aphotelsresorts\",\"https:\/\/www.instagram.com\/aphotelsresorts\/\",\"https:\/\/www.linkedin.com\/company\/ap-hotels-and-resorts\",\"https:\/\/www.youtube.com\/channel\/UCSmwGBz36kx2XALzeVAlKEg\",\"https:\/\/twitter.com\/ApHotels\"],\"logo\":{\"@type\":\"ImageObject\",\"@id\":\"https:\/\/ap-hotelsresorts.com\/#logo\",\"inLanguage\":\"pt-PT\",\"url\":\"https:\/\/ap-hotelsresorts.com\/wp-content\/uploads\/2021\/03\/logo-1.png\",\"contentUrl\":\"https:\/\/ap-hotelsresorts.com\/wp-content\/uploads\/2021\/03\/logo-1.png\",\"width\":\"3915\",\"height\":\"1388\",\"caption\":\"AP HOTELS & RESORTS\"},\"image\":{\"@id\":\"https:\/\/ap-hotelsresorts.com\/#logo\"}},{\"@type\":\"WebSite\",\"@id\":\"https:\/\/ap-hotelsresorts.com\/#website\",\"url\":\"https:\/\/ap-hotelsresorts.com\/\",\"name\":\"AP HOTELS &amp; RESORTS .\",\"description\":\"Albufeira . Faro . Portim\u00e3o . Tavira . Algarve\",\"publisher\":{\"@id\":\"https:\/\/ap-hotelsresorts.com\/#organization\"},\"potentialAction\":[{\"@type\":\"SearchAction\",\"target\":{\"@type\":\"EntryPoint\",\"urlTemplate\":\"https:\/\/ap-hotelsresorts.com\/?s={search_term_string}\"},\"query-input\":\"required name=search_term_string\"}],\"inLanguage\":\"pt-PT\"},{\"@type\":\"ImageObject\",\"@id\":\"https:\/\/ap-hotelsresorts.com\/pt-pt\/oriental\/quartos\/#primaryimage\",\"inLanguage\":\"pt-PT\",\"url\":\"https:\/\/ap-hotelsresorts.com\/wp-content\/uploads\/2020\/09\/Oriental_Aerial-2-min.jpg\",\"contentUrl\":\"https:\/\/ap-hotelsresorts.com\/wp-content\/uploads\/2020\/09\/Oriental_Aerial-2-min.jpg\",\"width\":1749,\"height\":2000},{\"@type\":\"WebPage\",\"@id\":\"https:\/\/ap-hotelsresorts.com\/pt-pt\/oriental\/quartos\/#webpage\",\"url\":\"https:\/\/ap-hotelsresorts.com\/pt-pt\/oriental\/quartos\/\",\"name\":\"Quartos - AP Oriental Beach - Hotel em Portim\u00e3o, em Frente \u00e0 Praia da Rocha - Site Oficial\",\"isPartOf\":{\"@id\":\"https:\/\/ap-hotelsresorts.com\/#website\"},\"primaryImageOfPage\":{\"@id\":\"https:\/\/ap-hotelsresorts.com\/pt-pt\/oriental\/quartos\/#primaryimage\"},\"datePublished\":\"2021-01-08T17:22:27+00:00\",\"dateModified\":\"2026-04-14T10:49:45+00:00\",\"description\":\"Quer adormecer com o som das ondas do mar? Veja os quartos deste hotel na Praia da Rocha. Conhe\u00e7a o AP Oriental Beach, hotel em Portim\u00e3o.\",\"breadcrumb\":{\"@id\":\"https:\/\/ap-hotelsresorts.com\/pt-pt\/oriental\/quartos\/#breadcrumb\"},\"inLanguage\":\"pt-PT\",\"potentialAction\":[{\"@type\":\"ReadAction\",\"target\":[\"https:\/\/ap-hotelsresorts.com\/pt-pt\/oriental\/quartos\/\"]}]},{\"@type\":\"BreadcrumbList\",\"@id\":\"https:\/\/ap-hotelsresorts.com\/pt-pt\/oriental\/quartos\/#breadcrumb\",\"itemListElement\":[{\"@type\":\"ListItem\",\"position\":1,\"name\":\"Home\",\"item\":\"https:\/\/ap-hotelsresorts.com\/pt-pt\/\"},{\"@type\":\"ListItem\",\"position\":2,\"name\":\"Oriental\",\"item\":\"https:\/\/ap-hotelsresorts.com\/pt-pt\/oriental\/\"},{\"@type\":\"ListItem\",\"position\":3,\"name\":\"Quartos\"}]}]}<\/script>\n<!-- \/ Yoast SEO plugin. -->","yoast_head_json":{"title":"Quartos - AP Oriental Beach - Hotel em Portim\u00e3o, em Frente \u00e0 Praia da Rocha - Site Oficial","description":"Quer adormecer com o som das ondas do mar? Veja os quartos deste hotel na Praia da Rocha. Conhe\u00e7a o AP Oriental Beach, hotel em Portim\u00e3o.","robots":{"index":"index","follow":"follow","max-snippet":"max-snippet:-1","max-image-preview":"max-image-preview:large","max-video-preview":"max-video-preview:-1"},"canonical":"https:\/\/ap-hotelsresorts.com\/pt-pt\/oriental\/quartos\/","og_locale":"pt_PT","og_type":"article","og_title":"Quartos - AP Oriental Beach - Hotel em Portim\u00e3o, em Frente \u00e0 Praia da Rocha - Site Oficial","og_description":"Quer adormecer com o som das ondas do mar? Veja os quartos deste hotel na Praia da Rocha. Conhe\u00e7a o AP Oriental Beach, hotel em Portim\u00e3o.","og_url":"https:\/\/ap-hotelsresorts.com\/pt-pt\/oriental\/quartos\/","og_site_name":"AP HOTELS &amp; RESORTS .","article_publisher":"https:\/\/www.facebook.com\/aphotelsresorts","article_modified_time":"2026-04-14T10:49:45+00:00","og_image":[{"width":1749,"height":2000,"url":"https:\/\/ap-hotelsresorts.com\/wp-content\/uploads\/2020\/09\/Oriental_Aerial-2-min.jpg","type":"image\/jpeg"}],"twitter_card":"summary_large_image","twitter_site":"@ApHotels","twitter_misc":{"Tempo estimado de leitura":"11 minutos"},"schema":{"@context":"https:\/\/schema.org","@graph":[{"@type":"Organization","@id":"https:\/\/ap-hotelsresorts.com\/#organization","name":"AP HOTELS & RESORTS","url":"https:\/\/ap-hotelsresorts.com\/","sameAs":["https:\/\/www.facebook.com\/aphotelsresorts","https:\/\/www.instagram.com\/aphotelsresorts\/","https:\/\/www.linkedin.com\/company\/ap-hotels-and-resorts","https:\/\/www.youtube.com\/channel\/UCSmwGBz36kx2XALzeVAlKEg","https:\/\/twitter.com\/ApHotels"],"logo":{"@type":"ImageObject","@id":"https:\/\/ap-hotelsresorts.com\/#logo","inLanguage":"pt-PT","url":"https:\/\/ap-hotelsresorts.com\/wp-content\/uploads\/2021\/03\/logo-1.png","contentUrl":"https:\/\/ap-hotelsresorts.com\/wp-content\/uploads\/2021\/03\/logo-1.png","width":"3915","height":"1388","caption":"AP HOTELS & RESORTS"},"image":{"@id":"https:\/\/ap-hotelsresorts.com\/#logo"}},{"@type":"WebSite","@id":"https:\/\/ap-hotelsresorts.com\/#website","url":"https:\/\/ap-hotelsresorts.com\/","name":"AP HOTELS &amp; RESORTS .","description":"Albufeira . Faro . Portim\u00e3o . Tavira . Algarve","publisher":{"@id":"https:\/\/ap-hotelsresorts.com\/#organization"},"potentialAction":[{"@type":"SearchAction","target":{"@type":"EntryPoint","urlTemplate":"https:\/\/ap-hotelsresorts.com\/?s={search_term_string}"},"query-input":"required name=search_term_string"}],"inLanguage":"pt-PT"},{"@type":"ImageObject","@id":"https:\/\/ap-hotelsresorts.com\/pt-pt\/oriental\/quartos\/#primaryimage","inLanguage":"pt-PT","url":"https:\/\/ap-hotelsresorts.com\/wp-content\/uploads\/2020\/09\/Oriental_Aerial-2-min.jpg","contentUrl":"https:\/\/ap-hotelsresorts.com\/wp-content\/uploads\/2020\/09\/Oriental_Aerial-2-min.jpg","width":1749,"height":2000},{"@type":"WebPage","@id":"https:\/\/ap-hotelsresorts.com\/pt-pt\/oriental\/quartos\/#webpage","url":"https:\/\/ap-hotelsresorts.com\/pt-pt\/oriental\/quartos\/","name":"Quartos - AP Oriental Beach - Hotel em Portim\u00e3o, em Frente \u00e0 Praia da Rocha - Site Oficial","isPartOf":{"@id":"https:\/\/ap-hotelsresorts.com\/#website"},"primaryImageOfPage":{"@id":"https:\/\/ap-hotelsresorts.com\/pt-pt\/oriental\/quartos\/#primaryimage"},"datePublished":"2021-01-08T17:22:27+00:00","dateModified":"2026-04-14T10:49:45+00:00","description":"Quer adormecer com o som das ondas do mar? Veja os quartos deste hotel na Praia da Rocha. Conhe\u00e7a o AP Oriental Beach, hotel em Portim\u00e3o.","breadcrumb":{"@id":"https:\/\/ap-hotelsresorts.com\/pt-pt\/oriental\/quartos\/#breadcrumb"},"inLanguage":"pt-PT","potentialAction":[{"@type":"ReadAction","target":["https:\/\/ap-hotelsresorts.com\/pt-pt\/oriental\/quartos\/"]}]},{"@type":"BreadcrumbList","@id":"https:\/\/ap-hotelsresorts.com\/pt-pt\/oriental\/quartos\/#breadcrumb","itemListElement":[{"@type":"ListItem","position":1,"name":"Home","item":"https:\/\/ap-hotelsresorts.com\/pt-pt\/"},{"@type":"ListItem","position":2,"name":"Oriental","item":"https:\/\/ap-hotelsresorts.com\/pt-pt\/oriental\/"},{"@type":"ListItem","position":3,"name":"Quartos"}]}]}},"_links":{"self":[{"href":"https:\/\/ap-hotelsresorts.com\/pt-pt\/wp-json\/wp\/v2\/pages\/18226"}],"collection":[{"href":"https:\/\/ap-hotelsresorts.com\/pt-pt\/wp-json\/wp\/v2\/pages"}],"about":[{"href":"https:\/\/ap-hotelsresorts.com\/pt-pt\/wp-json\/wp\/v2\/types\/page"}],"author":[{"embeddable":true,"href":"https:\/\/ap-hotelsresorts.com\/pt-pt\/wp-json\/wp\/v2\/users\/10"}],"replies":[{"embeddable":true,"href":"https:\/\/ap-hotelsresorts.com\/pt-pt\/wp-json\/wp\/v2\/comments?post=18226"}],"version-history":[{"count":2,"href":"https:\/\/ap-hotelsresorts.com\/pt-pt\/wp-json\/wp\/v2\/pages\/18226\/revisions"}],"predecessor-version":[{"id":65926,"href":"https:\/\/ap-hotelsresorts.com\/pt-pt\/wp-json\/wp\/v2\/pages\/18226\/revisions\/65926"}],"up":[{"embeddable":true,"href":"https:\/\/ap-hotelsresorts.com\/pt-pt\/wp-json\/wp\/v2\/pages\/19412"}],"wp:featuredmedia":[{"embeddable":true,"href":"https:\/\/ap-hotelsresorts.com\/pt-pt\/wp-json\/wp\/v2\/media\/15391"}],"wp:attachment":[{"href":"https:\/\/ap-hotelsresorts.com\/pt-pt\/wp-json\/wp\/v2\/media?parent=18226"}],"curies":[{"name":"wp","href":"https:\/\/api.w.org\/{rel}","templated":true}]}}