{"id":28964,"date":"2021-10-28T15:32:26","date_gmt":"2021-10-28T15:32:26","guid":{"rendered":"https:\/\/ap-hotelsresorts.com\/cabanas\/experiences\/"},"modified":"2026-01-15T16:39:56","modified_gmt":"2026-01-15T16:39:56","slug":"o-que-fazer-em-cabanas-de-tavira","status":"publish","type":"page","link":"https:\/\/ap-hotelsresorts.com\/pt-pt\/cabanas\/o-que-fazer-em-cabanas-de-tavira\/","title":{"rendered":"O que fazer em Cabanas de Tavira"},"content":{"rendered":"<p>[vc_row row_content_width=&#8221;grid&#8221; el_class=&#8221;the-algarve-mt&#8221; css=&#8221;.vc_custom_1680709567735{background-color: #ffffff !important;}&#8221;][vc_column][vc_empty_space height=&#8221;80px&#8221;][vc_row_inner el_class=&#8221;algarve-top&#8221; css=&#8221;.vc_custom_1680709579269{background-color: #ffffff !important;}&#8221;][vc_column_inner]<div class=\"mkdf-section-title-holder  mkdf-st-elegant  mkdf-st-title-left mkdf-st-normal-space \" >\n\t<div class=\"mkdf-st-inner\">\n\t\t\t\t\t\t\t<h1 class=\"mkdf-st-title\" style=\"color: #826d67\">\n\t\t\t\tO que fazer em Cabanas de Tavira\t\t\t\t\t\t\t<\/h1>\n\t\t\t\t\t\t\t\t\t<h2 class=\"mkdf-st-text\" >\n\t\t\t\tDescubra o que fazer durante as suas f\u00e9rias no Algarve\t\t\t<\/h2>\n\t\t\t<\/div>\n<\/div>[vc_empty_space height=&#8221;30px&#8221;][vc_column_text]Se vem de f\u00e9rias para Cabanas de Tavira, aproveite para se conectar com a Natureza.<\/p>\n<p>&nbsp;<\/p>\n<p>O nosso hotel em Cabanas de Tavira est\u00e1 <strong>perto de v\u00e1rios parques e praias naturais<\/strong>, rodeado por um ambiente \u00fanico que ir\u00e1 contribuir para que descanse a cem por cento.<\/p>\n<p>&nbsp;<\/p>\n<p>Al\u00e9m dos espa\u00e7os naturais que rodeiam o hotel, abaixo pode ficar a conhecer outros locais pr\u00f3ximos e atividades que pode fazer em Cabanas de Tavira para se conectar ainda mais com a natureza durante as suas f\u00e9rias.[\/vc_column_text][vc_empty_space height=&#8221;80px&#8221;][\/vc_column_inner][\/vc_row_inner][\/vc_column][\/vc_row][vc_row content_text_aligment=&#8221;center&#8221; css=&#8221;.vc_custom_1680709593283{margin-top: 10px !important;padding-top: 40px !important;background-color: #ffffff !important;background-position: center !important;background-repeat: no-repeat !important;background-size: cover !important;}&#8221; el_class=&#8221;adriana-gallary-bottom&#8221;][vc_column offset=&#8221;vc_col-lg-offset-1 vc_col-lg-10 vc_col-md-offset-1 vc_col-md-10 vc_hidden-sm vc_hidden-xs&#8221;][vc_column_text]<div class=\"row\">\n    \n    <div class=\"container\">\n\t<div class=\"row\"><div class=\"panel-group acordian-main algarv-accordion\" id=\"accordion16\" role=\"tablist\" aria-multiselectable=\"true\"><div class=\"col-md-4 acordian-grid-section\">\n                        <div class=\"panel-heading\" role=\"tab\" id=\"heading30220\">\n                      <a class=\"over-laping-bg\" role=\"button\" data-toggle=\"collapse\" data-parent=\"#accordion16\" href=\"#collapse30220\" aria-expanded=\"true\" aria-controls=\"collapse30220\">\n                      <img src=\"https:\/\/ap-hotelsresorts.com\/wp-content\/uploads\/2020\/09\/praia-de-cabanas-resize.jpg\" class=\"attachment-full size-full wp-post-image\"><\/a>\n                      <div class=\"overlaping-sections\" style=\"display:none;\">\n                      <div class=\"img-hover-grid-overlap\">\n                      <a href=\"#\"> MORE INFO <\/a>\n                      <\/div>\n                      <\/div>\n                      <div class=\"mkdf-hrl-item-content\">\n                      <h5 itemprop=\"name\" class=\"mkdf-hrl-item-sub-title entry-title\">EXPERI\u00caNCIAS<\/h5>\n                         <h4 itemprop=\"name\" class=\"mkdf-hrl-item-title entry-title\">Praia de Cabanas<\/h4>\n                         \n                      <\/div>\n                      <\/div>\n                   <\/div><div class=\"col-md-4 acordian-grid-section\">\n                        <div class=\"panel-heading\" role=\"tab\" id=\"heading29004\">\n                      <a class=\"over-laping-bg\" role=\"button\" data-toggle=\"collapse\" data-parent=\"#accordion16\" href=\"#collapse29004\" aria-expanded=\"true\" aria-controls=\"collapse29004\">\n                      <img src=\"\" class=\"attachment-full size-full wp-post-image\"><\/a>\n                      <div class=\"overlaping-sections\" style=\"display:none;\">\n                      <div class=\"img-hover-grid-overlap\">\n                      <a href=\"#\"> MORE INFO <\/a>\n                      <\/div>\n                      <\/div>\n                      <div class=\"mkdf-hrl-item-content\">\n                      <h5 itemprop=\"name\" class=\"mkdf-hrl-item-sub-title entry-title\">EXPERI\u00caNCIAS<\/h5>\n                         <h4 itemprop=\"name\" class=\"mkdf-hrl-item-title entry-title\">Centro de Educa\u00e7\u00e3o Ambiental de Marim<\/h4>\n                         \n                      <\/div>\n                      <\/div>\n                   <\/div><div class=\"col-md-4 acordian-grid-section\">\n                        <div class=\"panel-heading\" role=\"tab\" id=\"heading29007\">\n                      <a class=\"over-laping-bg\" role=\"button\" data-toggle=\"collapse\" data-parent=\"#accordion16\" href=\"#collapse29007\" aria-expanded=\"true\" aria-controls=\"collapse29007\">\n                      <img src=\"https:\/\/ap-hotelsresorts.com\/wp-content\/uploads\/2021\/01\/marianova-ria-formosa.jpg\" class=\"attachment-full size-full wp-post-image\"><\/a>\n                      <div class=\"overlaping-sections\" style=\"display:none;\">\n                      <div class=\"img-hover-grid-overlap\">\n                      <a href=\"#\"> MORE INFO <\/a>\n                      <\/div>\n                      <\/div>\n                      <div class=\"mkdf-hrl-item-content\">\n                      <h5 itemprop=\"name\" class=\"mkdf-hrl-item-sub-title entry-title\">EXPERI\u00caNCIAS<\/h5>\n                         <h4 itemprop=\"name\" class=\"mkdf-hrl-item-title entry-title\">Explore a Ria Formosa<\/h4>\n                         \n                      <\/div>\n                      <\/div>\n                   <\/div><div class=\"panel panel-default\">\n                \t <div id=\"collapse30220\" class=\"panels-open1 panel-collapse collapse\" role=\"tabpanel\" aria-labelledby=\"heading30220\">\n                \t <div class=\"panel-body grid-body-part\">\n                \t <div class=\"row\">\n                \t \n                \t <div class=\"col-md-4\">\n                \t <div class=\"grid-img-left\">\n                \t <img src=\"https:\/\/ap-hotelsresorts.com\/wp-content\/uploads\/2020\/09\/praia-de-cabanas-resize.jpg\">\n                \t \n                \t <\/div>\n                \t <\/div>\n                \t <div class=\"col-md-8\">\n                \t <div class=\"grid-right-content-section\">\n                \t <!--<h5>Specially designed for you<\/h5>-->\n                \t <h2>Praia de Cabanas<\/h2>\n                \t <!--<h5>General Description<\/h5>-->\n                \t<p class=\"grid-content-show-hide content_main\"><p>[vc_row][vc_column][vc_column_text]Coloque na sua lista do que fazer em Cabanas de Tavira uma visita \u00e0 Praia de Cabanas.<\/p>\n<p>&nbsp;<\/p>\n<p>\u00c9 paragem obrigat\u00f3ria durante as suas f\u00e9rias no Algarve.<\/p>\n<p>&nbsp;<\/p>\n<p>Esta praia \u00e9 <strong>uma das maiores belezas naturais da Pen\u00ednsula Ib\u00e9rica<\/strong> (<span style=\"text-decoration: underline;\"><a href=\"https:\/\/expresso.pt\/economia\/the-guardian-elege-cabanas-como-melhor-praia-iberica=f795537\" target=\"_blank\" rel=\"noopener\">dito pelo renomado jornal The Guardian em 2013<\/a><\/span>) e est\u00e1 bem pr\u00f3xima do hotel AP Cabanas Beach &amp; Nature.<\/p>\n<p>&nbsp;<\/p>\n<p>O acesso \u00e9 feito atrav\u00e9s de um <strong>barco movido a energia solar<\/strong>, disponibilizado pelo pr\u00f3prio hotel de forma <strong>gratuita<\/strong> para os clientes. (<span style=\"text-decoration: underline;\"><a href=\"https:\/\/ap-hotelsresorts.com\/wp-content\/uploads\/2024\/05\/mapa_BARCO_24_A4.pdf\" target=\"_blank\" rel=\"noopener\">consulte aqui os hor\u00e1rios<\/a><\/span>)<\/p>\n<p>&nbsp;<\/p>\n<p>E porque vale a pena visitar a Praia de Cabanas?<\/p>\n<p>&nbsp;<\/p>\n<p>Ora, al\u00e9m da viagem de barco que \u00e9 sempre um momento descontra\u00eddo e que lhe permite apreciar de uma forma mais intimista a natureza de Cabanas, <strong>a praia \u00e9 \u00f3tima para quem gosta de praias calmas e com poucas pessoas<\/strong>. Algo raro de encontrar no Algarve em pleno Ver\u00e3o.<\/p>\n<p>&nbsp;<\/p>\n<p>A juntar a tudo isto, a mar\u00e9 da Praia de Cabanas est\u00e1 quase sempre baixa e calma e a \u00e1gua \u00e9 morna.<\/p>\n<p>&nbsp;<\/p>\n<p>Tamb\u00e9m na Praia de Cabanas encontra todas as condi\u00e7\u00f5es necess\u00e1rias para desfrutar de um dia tranquilo, pois a praia disp\u00f5e de toldos, espregui\u00e7adeiras, restaurantes com gastronomia local, wc, chuveiros e vigil\u00e2ncia durante a \u00e9poca balnear.<\/p>\n<p>&nbsp;<\/p>\n<p>Se \u00e9 f\u00e3 de desportos aqu\u00e1ticos, fique, igualmente, a saber que esta praia \u00e9 muito famosa e indicada para a pr\u00e1tica de windsurf e vela.[\/vc_column_text][\/vc_column][\/vc_row]<\/p>\n<\/p>\n                \t <p class=\"grid-content-show-hide\"><\/p>\n                \t  <!--<button class=\"view-more-btn\"> <a href=\"javascript:void(0)\"> VIEW MORE <\/a><\/button>\n                \t <button class=\"mail-toggle\"> <a href=\"#popup1\">EMAIL Us <\/a><\/button>-->\n                \t \n                \t \n                \t <\/div> <\/div>\n                \t <div class=\"btn-close\">\n                \t <a class=\"close-btn-grid\" href=\"javascript:void(0)\"> x <\/a>\n                \t <\/div>\n                \t\n                \t <\/div>\n                \t <\/div>\n                \t <\/div>\n                \t <\/div><div class=\"panel panel-default\">\n                \t <div id=\"collapse29004\" class=\"panels-open2 panel-collapse collapse\" role=\"tabpanel\" aria-labelledby=\"heading29004\">\n                \t <div class=\"panel-body grid-body-part\">\n                \t <div class=\"row\">\n                \t \n                \t <div class=\"col-md-4\">\n                \t <div class=\"grid-img-left\">\n                \t <img src=\"\">\n                \t \n                \t <\/div>\n                \t <\/div>\n                \t <div class=\"col-md-8\">\n                \t <div class=\"grid-right-content-section\">\n                \t <!--<h5>Specially designed for you<\/h5>-->\n                \t <h2>Centro de Educa\u00e7\u00e3o Ambiental de Marim<\/h2>\n                \t <!--<h5>General Description<\/h5>-->\n                \t<p class=\"grid-content-show-hide content_main\"><p>[vc_row][vc_column][vc_column_text]Se deseja ter uma conex\u00e3o mais profunda com a natureza durante as suas f\u00e9rias no Algarve, tem de visitar o Centro de Educa\u00e7\u00e3o Ambiental de Marim.<\/p>\n<p>&nbsp;<\/p>\n<p>Aqui <strong>encontrar\u00e1 v\u00e1rios observat\u00f3rios onde pode testemunhar muitas das aves da Ria Formosa no seu habitat natural<\/strong>. Desde os passeriformes t\u00edpicos dos pinhais e pomares, at\u00e9 \u00e0s esp\u00e9cies aqu\u00e1ticas que utilizam a laguna e as salinas.<\/p>\n<p>&nbsp;<\/p>\n<p>Al\u00e9m dos observat\u00f3rios, no Centro de Educa\u00e7\u00e3o Ambiental de Marim h\u00e1 um <strong>percurso pedestre<\/strong> que, ao longo do percurso, tem exposi\u00e7\u00f5es, cristas dunares e viveiros que pode ver enquanto caminha at\u00e9 ao sistema lagunar.[\/vc_column_text][\/vc_column][\/vc_row]<\/p>\n<\/p>\n                \t <p class=\"grid-content-show-hide\"><\/p>\n                \t  <!--<button class=\"view-more-btn\"> <a href=\"javascript:void(0)\"> VIEW MORE <\/a><\/button>\n                \t <button class=\"mail-toggle\"> <a href=\"#popup1\">EMAIL Us <\/a><\/button>-->\n                \t \n                \t \n                \t <\/div> <\/div>\n                \t <div class=\"btn-close\">\n                \t <a class=\"close-btn-grid\" href=\"javascript:void(0)\"> x <\/a>\n                \t <\/div>\n                \t\n                \t <\/div>\n                \t <\/div>\n                \t <\/div>\n                \t <\/div><div class=\"panel panel-default\">\n                \t <div id=\"collapse29007\" class=\"panels-open3 panel-collapse collapse\" role=\"tabpanel\" aria-labelledby=\"heading29007\">\n                \t <div class=\"panel-body grid-body-part\">\n                \t <div class=\"row\">\n                \t \n                \t <div class=\"col-md-4\">\n                \t <div class=\"grid-img-left\">\n                \t <img src=\"https:\/\/ap-hotelsresorts.com\/wp-content\/uploads\/2021\/01\/marianova-ria-formosa.jpg\">\n                \t \n                \t <\/div>\n                \t <\/div>\n                \t <div class=\"col-md-8\">\n                \t <div class=\"grid-right-content-section\">\n                \t <!--<h5>Specially designed for you<\/h5>-->\n                \t <h2>Explore a Ria Formosa<\/h2>\n                \t <!--<h5>General Description<\/h5>-->\n                \t<p class=\"grid-content-show-hide content_main\"><p>[vc_row][vc_column][vc_column_text]Alugue uma bicicleta ou um caiaque e fa\u00e7a um passeio pelo fant\u00e1stico Parque Natural da Ria Formosa.<\/p>\n<p>&nbsp;<\/p>\n<p>Ao longo deste parque, vai ficar a conhecer as paisagens naturais da Praia de Faro, da Praia de Cacela Velha e da Praia da F\u00e1brica, bem como as Ilhas da Barreta, da Culatra, da Armona, de Cabanas e de Tavira.<\/p>\n<p>&nbsp;<\/p>\n<p>Nestas praias e ilhas poder\u00e1, tamb\u00e9m, observar mais de 65 esp\u00e9cies de peixes, como a dourada, o sargo-leg\u00edtimo, o robalo, o linguado-branco e a enguia-europeia.[\/vc_column_text][\/vc_column][\/vc_row]<\/p>\n<\/p>\n                \t <p class=\"grid-content-show-hide\"><\/p>\n                \t  <!--<button class=\"view-more-btn\"> <a href=\"javascript:void(0)\"> VIEW MORE <\/a><\/button>\n                \t <button class=\"mail-toggle\"> <a href=\"#popup1\">EMAIL Us <\/a><\/button>-->\n                \t \n                \t \n                \t <\/div> <\/div>\n                \t <div class=\"btn-close\">\n                \t <a class=\"close-btn-grid\" href=\"javascript:void(0)\"> x <\/a>\n                \t <\/div>\n                \t\n                \t <\/div>\n                \t <\/div>\n                \t <\/div>\n                \t <\/div><\/div>\n                   \n                   <div class=\"panel-group acordian-main algarv-accordion\" id=\"accordion17\" role=\"tablist\" aria-multiselectable=\"true\"> <\/div>\n                        <\/div>\n                    <\/div>\n            <\/div>[\/vc_column_text][\/vc_column][\/vc_row][vc_row content_text_aligment=&#8221;center&#8221; css=&#8221;.vc_custom_1680709616829{margin-top: 10px !important;padding-top: 40px !important;background-color: #ffffff !important;background-position: center !important;background-repeat: no-repeat !important;background-size: cover !important;}&#8221; el_class=&#8221;adriana-gallary-bottom&#8221;][vc_column offset=&#8221;vc_col-lg-offset-1 vc_col-lg-10 vc_hidden-lg vc_col-md-offset-1 vc_col-md-10 vc_hidden-md&#8221;][vc_column_text]<div class=\"row\"><div class=\"container\"><div class=\"row\"><div class=\"panel-group acordian-main algarv-accordion accordion-mobile\" id=\"accordion-mob17\" role=\"tablist\" aria-multiselectable=\"true\"><div class=\"col-md-4 acordian-grid-section\">\n                        <div class=\"panel-heading\" role=\"tab\" id=\"heading-mob30220\">\n                      <a class=\"over-laping-bg\" role=\"button\" data-toggle=\"collapse\" data-parent=\"#accordion-mob17\" href=\"#collapse-mob30220\" aria-expanded=\"true\" aria-controls=\"collapse-mob30220\">\n                      <img src=\"https:\/\/ap-hotelsresorts.com\/wp-content\/uploads\/2020\/09\/praia-de-cabanas-resize.jpg\" class=\"attachment-full size-full wp-post-image\"><\/a>\n                      <div class=\"overlaping-sections\" style=\"display:none;\">\n                      <div class=\"img-hover-grid-overlap\">\n                      <a href=\"#\"> MORE INFO <\/a>\n                      <\/div>\n                      <\/div>\n                      <div class=\"mkdf-hrl-item-content\">\n                      <h5 itemprop=\"name\" class=\"mkdf-hrl-item-sub-title entry-title\">EXPERI\u00caNCIAS<\/h5>\n                         <h4 itemprop=\"name\" class=\"mkdf-hrl-item-title entry-title\">Praia de Cabanas<\/h4>\n                         \n                      <\/div>\n                      <\/div>\n                   <\/div><div class=\"panel panel-default\">\n                \t <div id=\"collapse-mob30220\" class=\"panels-open1 panel-collapse collapse\" role=\"tabpanel\" aria-labelledby=\"heading-mob\">\n                \t <div class=\"panel-body grid-body-part\">\n                \t <div class=\"row\">\n                \t \n                \t <div class=\"col-md-4\">\n                \t <div class=\"grid-img-left\">\n                \t <img src=\"https:\/\/ap-hotelsresorts.com\/wp-content\/uploads\/2020\/09\/praia-de-cabanas-resize.jpg\">\n                \t \n                \t <\/div>\n                \t <\/div>\n                \t <div class=\"col-md-8\">\n                \t <div class=\"grid-right-content-section\">\n                \t <!--<h5>Specially designed for you<\/h5>-->\n                \t <h2>Praia de Cabanas<\/h2>\n                \t <!--<h5>General Description<\/h5>-->\n                \t <p class=\"grid-content-show-hide content_main\"><p>[vc_row][vc_column][vc_column_text]Coloque na sua lista do que fazer em Cabanas de Tavira uma visita \u00e0 Praia de Cabanas.<\/p>\n<p>&nbsp;<\/p>\n<p>\u00c9 paragem obrigat\u00f3ria durante as suas f\u00e9rias no Algarve.<\/p>\n<p>&nbsp;<\/p>\n<p>Esta praia \u00e9 <strong>uma das maiores belezas naturais da Pen\u00ednsula Ib\u00e9rica<\/strong> (<span style=\"text-decoration: underline;\"><a href=\"https:\/\/expresso.pt\/economia\/the-guardian-elege-cabanas-como-melhor-praia-iberica=f795537\" target=\"_blank\" rel=\"noopener\">dito pelo renomado jornal The Guardian em 2013<\/a><\/span>) e est\u00e1 bem pr\u00f3xima do hotel AP Cabanas Beach &amp; Nature.<\/p>\n<p>&nbsp;<\/p>\n<p>O acesso \u00e9 feito atrav\u00e9s de um <strong>barco movido a energia solar<\/strong>, disponibilizado pelo pr\u00f3prio hotel de forma <strong>gratuita<\/strong> para os clientes. (<span style=\"text-decoration: underline;\"><a href=\"https:\/\/ap-hotelsresorts.com\/wp-content\/uploads\/2024\/05\/mapa_BARCO_24_A4.pdf\" target=\"_blank\" rel=\"noopener\">consulte aqui os hor\u00e1rios<\/a><\/span>)<\/p>\n<p>&nbsp;<\/p>\n<p>E porque vale a pena visitar a Praia de Cabanas?<\/p>\n<p>&nbsp;<\/p>\n<p>Ora, al\u00e9m da viagem de barco que \u00e9 sempre um momento descontra\u00eddo e que lhe permite apreciar de uma forma mais intimista a natureza de Cabanas, <strong>a praia \u00e9 \u00f3tima para quem gosta de praias calmas e com poucas pessoas<\/strong>. Algo raro de encontrar no Algarve em pleno Ver\u00e3o.<\/p>\n<p>&nbsp;<\/p>\n<p>A juntar a tudo isto, a mar\u00e9 da Praia de Cabanas est\u00e1 quase sempre baixa e calma e a \u00e1gua \u00e9 morna.<\/p>\n<p>&nbsp;<\/p>\n<p>Tamb\u00e9m na Praia de Cabanas encontra todas as condi\u00e7\u00f5es necess\u00e1rias para desfrutar de um dia tranquilo, pois a praia disp\u00f5e de toldos, espregui\u00e7adeiras, restaurantes com gastronomia local, wc, chuveiros e vigil\u00e2ncia durante a \u00e9poca balnear.<\/p>\n<p>&nbsp;<\/p>\n<p>Se \u00e9 f\u00e3 de desportos aqu\u00e1ticos, fique, igualmente, a saber que esta praia \u00e9 muito famosa e indicada para a pr\u00e1tica de windsurf e vela.[\/vc_column_text][\/vc_column][\/vc_row]<\/p>\n<\/p>\n                \t <p class=\"grid-content-show-hide\"><\/p>\n                \t \n                \t <!--<button class=\"mail-toggle\"> <a href=\"#popup1\">EMAIL Us <\/a><\/button>-->\n                \t \n                \t \n                \t <\/div> <\/div>\n                \t <div class=\"btn-close\">\n                \t <a class=\"close-btn-grid\" href=\"javascript:void(0)\"> x <\/a>\n                \t <\/div>\n                \t\n                \t <\/div>\n                \t <\/div>\n                \t <\/div>\n                \t <\/div><div class=\"col-md-4 acordian-grid-section\">\n                        <div class=\"panel-heading\" role=\"tab\" id=\"heading-mob29004\">\n                      <a class=\"over-laping-bg\" role=\"button\" data-toggle=\"collapse\" data-parent=\"#accordion-mob17\" href=\"#collapse-mob29004\" aria-expanded=\"true\" aria-controls=\"collapse-mob29004\">\n                      <img src=\"\" class=\"attachment-full size-full wp-post-image\"><\/a>\n                      <div class=\"overlaping-sections\" style=\"display:none;\">\n                      <div class=\"img-hover-grid-overlap\">\n                      <a href=\"#\"> MORE INFO <\/a>\n                      <\/div>\n                      <\/div>\n                      <div class=\"mkdf-hrl-item-content\">\n                      <h5 itemprop=\"name\" class=\"mkdf-hrl-item-sub-title entry-title\">EXPERI\u00caNCIAS<\/h5>\n                         <h4 itemprop=\"name\" class=\"mkdf-hrl-item-title entry-title\">Centro de Educa\u00e7\u00e3o Ambiental de Marim<\/h4>\n                         \n                      <\/div>\n                      <\/div>\n                   <\/div><div class=\"panel panel-default\">\n                \t <div id=\"collapse-mob29004\" class=\"panels-open1 panel-collapse collapse\" role=\"tabpanel\" aria-labelledby=\"heading-mob\">\n                \t <div class=\"panel-body grid-body-part\">\n                \t <div class=\"row\">\n                \t \n                \t <div class=\"col-md-4\">\n                \t <div class=\"grid-img-left\">\n                \t <img src=\"\">\n                \t \n                \t <\/div>\n                \t <\/div>\n                \t <div class=\"col-md-8\">\n                \t <div class=\"grid-right-content-section\">\n                \t <!--<h5>Specially designed for you<\/h5>-->\n                \t <h2>Centro de Educa\u00e7\u00e3o Ambiental de Marim<\/h2>\n                \t <!--<h5>General Description<\/h5>-->\n                \t <p class=\"grid-content-show-hide content_main\"><p>[vc_row][vc_column][vc_column_text]Se deseja ter uma conex\u00e3o mais profunda com a natureza durante as suas f\u00e9rias no Algarve, tem de visitar o Centro de Educa\u00e7\u00e3o Ambiental de Marim.<\/p>\n<p>&nbsp;<\/p>\n<p>Aqui <strong>encontrar\u00e1 v\u00e1rios observat\u00f3rios onde pode testemunhar muitas das aves da Ria Formosa no seu habitat natural<\/strong>. Desde os passeriformes t\u00edpicos dos pinhais e pomares, at\u00e9 \u00e0s esp\u00e9cies aqu\u00e1ticas que utilizam a laguna e as salinas.<\/p>\n<p>&nbsp;<\/p>\n<p>Al\u00e9m dos observat\u00f3rios, no Centro de Educa\u00e7\u00e3o Ambiental de Marim h\u00e1 um <strong>percurso pedestre<\/strong> que, ao longo do percurso, tem exposi\u00e7\u00f5es, cristas dunares e viveiros que pode ver enquanto caminha at\u00e9 ao sistema lagunar.[\/vc_column_text][\/vc_column][\/vc_row]<\/p>\n<\/p>\n                \t <p class=\"grid-content-show-hide\"><\/p>\n                \t \n                \t <!--<button class=\"mail-toggle\"> <a href=\"#popup1\">EMAIL Us <\/a><\/button>-->\n                \t \n                \t \n                \t <\/div> <\/div>\n                \t <div class=\"btn-close\">\n                \t <a class=\"close-btn-grid\" href=\"javascript:void(0)\"> x <\/a>\n                \t <\/div>\n                \t\n                \t <\/div>\n                \t <\/div>\n                \t <\/div>\n                \t <\/div><div class=\"col-md-4 acordian-grid-section\">\n                        <div class=\"panel-heading\" role=\"tab\" id=\"heading-mob29007\">\n                      <a class=\"over-laping-bg\" role=\"button\" data-toggle=\"collapse\" data-parent=\"#accordion-mob17\" href=\"#collapse-mob29007\" aria-expanded=\"true\" aria-controls=\"collapse-mob29007\">\n                      <img src=\"https:\/\/ap-hotelsresorts.com\/wp-content\/uploads\/2021\/01\/marianova-ria-formosa.jpg\" class=\"attachment-full size-full wp-post-image\"><\/a>\n                      <div class=\"overlaping-sections\" style=\"display:none;\">\n                      <div class=\"img-hover-grid-overlap\">\n                      <a href=\"#\"> MORE INFO <\/a>\n                      <\/div>\n                      <\/div>\n                      <div class=\"mkdf-hrl-item-content\">\n                      <h5 itemprop=\"name\" class=\"mkdf-hrl-item-sub-title entry-title\">EXPERI\u00caNCIAS<\/h5>\n                         <h4 itemprop=\"name\" class=\"mkdf-hrl-item-title entry-title\">Explore a Ria Formosa<\/h4>\n                         \n                      <\/div>\n                      <\/div>\n                   <\/div><div class=\"panel panel-default\">\n                \t <div id=\"collapse-mob29007\" class=\"panels-open1 panel-collapse collapse\" role=\"tabpanel\" aria-labelledby=\"heading-mob\">\n                \t <div class=\"panel-body grid-body-part\">\n                \t <div class=\"row\">\n                \t \n                \t <div class=\"col-md-4\">\n                \t <div class=\"grid-img-left\">\n                \t <img src=\"https:\/\/ap-hotelsresorts.com\/wp-content\/uploads\/2021\/01\/marianova-ria-formosa.jpg\">\n                \t \n                \t <\/div>\n                \t <\/div>\n                \t <div class=\"col-md-8\">\n                \t <div class=\"grid-right-content-section\">\n                \t <!--<h5>Specially designed for you<\/h5>-->\n                \t <h2>Explore a Ria Formosa<\/h2>\n                \t <!--<h5>General Description<\/h5>-->\n                \t <p class=\"grid-content-show-hide content_main\"><p>[vc_row][vc_column][vc_column_text]Alugue uma bicicleta ou um caiaque e fa\u00e7a um passeio pelo fant\u00e1stico Parque Natural da Ria Formosa.<\/p>\n<p>&nbsp;<\/p>\n<p>Ao longo deste parque, vai ficar a conhecer as paisagens naturais da Praia de Faro, da Praia de Cacela Velha e da Praia da F\u00e1brica, bem como as Ilhas da Barreta, da Culatra, da Armona, de Cabanas e de Tavira.<\/p>\n<p>&nbsp;<\/p>\n<p>Nestas praias e ilhas poder\u00e1, tamb\u00e9m, observar mais de 65 esp\u00e9cies de peixes, como a dourada, o sargo-leg\u00edtimo, o robalo, o linguado-branco e a enguia-europeia.[\/vc_column_text][\/vc_column][\/vc_row]<\/p>\n<\/p>\n                \t <p class=\"grid-content-show-hide\"><\/p>\n                \t \n                \t <!--<button class=\"mail-toggle\"> <a href=\"#popup1\">EMAIL Us <\/a><\/button>-->\n                \t \n                \t \n                \t <\/div> <\/div>\n                \t <div class=\"btn-close\">\n                \t <a class=\"close-btn-grid\" href=\"javascript:void(0)\"> x <\/a>\n                \t <\/div>\n                \t\n                \t <\/div>\n                \t <\/div>\n                \t <\/div>\n                \t <\/div><\/div><\/div>\n                        <\/div>\n                    <\/div>\n            <\/div>[\/vc_column_text][\/vc_column][\/vc_row][vc_row simple_background_color=&#8221;#899ba6&#8243; css=&#8221;.vc_custom_1680709629398{margin-top: 10px !important;background-color: #ffffff !important;}&#8221;][vc_column el_class=&#8221;adriana-offers-content&#8221; css=&#8221;.vc_custom_1680621088976{background-color: #929e86 !important;}&#8221;][vc_row_inner row_content_width=&#8221;grid&#8221; css=&#8221;.vc_custom_1680174325033{padding-top: 5% !important;padding-bottom: 5% !important;}&#8221;][vc_column_inner width=&#8221;2\/3&#8243;][vc_custom_heading text=&#8221;Procura um hotel adults-friendly em Tavira?&#8221; font_container=&#8221;tag:h2|font_size:20|text_align:left|color:%23ffffff&#8221; use_theme_fonts=&#8221;yes&#8221;][vc_custom_heading text=&#8221;Reserve as suas f\u00e9rias no AP Cabanas Beach &amp; Nature e tenha uma estadia com tudo inclu\u00eddo&#8221; font_container=&#8221;tag:h3|font_size:30|text_align:left|color:%23ffffff&#8221; use_theme_fonts=&#8221;yes&#8221;][\/vc_column_inner][vc_column_inner width=&#8221;1\/3&#8243; css=&#8221;.vc_custom_1680174133788{padding-top: 0px !important;padding-bottom: 0px !important;}&#8221;]<a itemprop=\"url\" href=\"https:\/\/ap-cabanaspark-dot-ap-hotels.appspot.com\/booking1?adultsRoom1=2\" target=\"_self\" style=\"color: #000000;background-color: #ffffff;border-color: #ffffff;margin: 30px\" class=\"mkdf-btn mkdf-btn-medium mkdf-btn-solid mkdf-btn-custom-hover-bg mkdf-btn-custom-border-hover mkdf-btn-custom-hover-color mkdf-btn-icon\" data-hover-color=\"#000000\" data-hover-bg-color=\"#ffffff\" data-hover-border-color=\"#ffffff\" >\n    <span class=\"mkdf-btn-text\">Reservar Agora<\/span>\n    <i class=\"mkdf-icon-linear-icon lnr lnr-arrow-right \" ><\/i><\/a>[\/vc_column_inner][\/vc_row_inner][\/vc_column][\/vc_row][vc_row content_text_aligment=&#8221;center&#8221; css=&#8221;.vc_custom_1605012282771{padding-bottom: 80px !important;background-position: center !important;background-repeat: no-repeat !important;background-size: cover !important;}&#8221; el_class=&#8221;adriana-hotel-footer-address-top&#8221;][vc_column offset=&#8221;vc_col-lg-offset-1 vc_col-lg-10 vc_col-md-offset-1 vc_col-md-10&#8243; el_class=&#8221;adriana-hotel-footer-address&#8221;]<div class=\"mkdf-section-title-holder  mkdf-st-standard mkdf-st-ha-center mkdf-st-title-left mkdf-st-normal-space \" style=\"text-align: center\">\n\t<div class=\"mkdf-st-inner\">\n\t\t\t\t\t\t\t<h2 class=\"mkdf-st-title\" >\n\t\t\t\tAP CABANAS BEACH &amp; NATURE\t\t\t\t\t\t\t<\/h2>\n\t\t\t\t\t\t\t<\/div>\n<\/div>[vc_empty_space height=&#8221;40px&#8221;][vc_column_text el_class=&#8221;ap-hotel-address-text&#8221;]<\/p>\n<p style=\"text-align: center;\">Rua Tuber\u00e1ria Major, 8800-591 Tavira Algarve, Portugal<\/p>\n<p style=\"text-align: center;\">Geral: <span style=\"text-decoration: underline;\"><a href=\"tel: +351 281 249 700\">+351 281 249 700<\/a><\/span> (Chamada para a Rede Fixa Nacional)<br \/>\n| <a href=\"mailto:rec.cabanas@ap-hotelsresorts.com\"><span style=\"text-decoration: underline;\">rec.cabanas@ap-hotelsresorts.com<\/span><\/a><\/p>\n<p style=\"text-align: center;\">Reservas: <a href=\"tel: +351 289 540 100\"><span style=\"text-decoration: underline;\">+351 289 540 100<\/span><\/a>\u00a0(Chamada para a Rede Fixa Nacional)<br \/>\n| <a href=\"mailto:book.cabanas@ap-hotelsresorts.com\"><span style=\"text-decoration: underline;\">book.cabanas@ap-hotelsresorts.com<\/span><\/a><\/p>\n<p style=\"text-align: center;\">SOCIAL MEDIA<\/p>\n<p>[\/vc_column_text][vc_column_text]<\/p>\n<p>[\/vc_column_text]    <span class=\"mkdf-icon-shortcode mkdf-normal   mkdf-icon-small\"  data-color=\"#000000\">\n                    <a itemprop=\"url\" class=\"\" href=\"https:\/\/www.instagram.com\/ap.cabanas\/\" target=\"_blank\">\n                    <i class=\"mkdf-icon-font-awesome fa fa-instagram mkdf-icon-element\" style=\"color: #000000\" ><\/i>                    <\/a>\n            <\/span>\n    <span class=\"mkdf-icon-shortcode mkdf-circle   mkdf-icon-small\" style=\"background-color: #efe3da;border-color: #000000\" data-color=\"#000000\">\n                    <a itemprop=\"url\" class=\"\" href=\"https:\/\/www.facebook.com\/ap.cabanas\/\" target=\"_blank\">\n                    <i class=\"mkdf-icon-font-awesome fa fa-facebook mkdf-icon-element\" style=\"color: #000000\" ><\/i>                    <\/a>\n            <\/span>\n[vc_empty_space height=&#8221;40px&#8221;]<a itemprop=\"url\" href=\"https:\/\/ap-hotelsresorts.com\/pt-pt\/cabanas\/contactos\/\" target=\"_self\" style=\"color: #ffffff;border-color: #000000;margin: 0px 10px 0px 0px\" class=\"mkdf-btn mkdf-btn-medium mkdf-btn-outline mkdf-btn-custom-border-hover mkdf-btn-custom-hover-color mkdf-btn-icon\" data-hover-color=\"#ffffff\" data-hover-border-color=\"#333132\" >\n    <span class=\"mkdf-btn-text\">CONTACTE-NOS<\/span>\n    <i class=\"mkdf-icon-linear-icon lnr lnr-arrow-right \" ><\/i><\/a><a itemprop=\"url\" href=\"https:\/\/ap-hotelsresorts.com\/pt-pt\/cabanas\/contactos\/\" target=\"_self\" style=\"color: #ffffff;border-color: #000000\" class=\"mkdf-btn mkdf-btn-medium mkdf-btn-outline mkdf-btn-custom-border-hover mkdf-btn-custom-hover-color mkdf-btn-icon\" data-hover-color=\"#ffffff\" data-hover-border-color=\"#333132\" >\n    <span class=\"mkdf-btn-text\">LOCALIZA\u00c7\u00c3O<\/span>\n    <i class=\"mkdf-icon-linear-icon lnr lnr-arrow-right \" ><\/i><\/a>[\/vc_column][\/vc_row]<\/p>\n","protected":false},"excerpt":{"rendered":"<p>[vc_row row_content_width=&#8221;grid&#8221; el_class=&#8221;the-algarve-mt&#8221; css=&#8221;.vc_custom_1680709567735{background-color: #ffffff !important;}&#8221;][vc_column][vc_empty_space height=&#8221;80px&#8221;][vc_row_inner el_class=&#8221;algarve-top&#8221; css=&#8221;.vc_custom_1680709579269{background-color: #ffffff !important;}&#8221;][vc_column_inner][vc_empty_space height=&#8221;30px&#8221;][vc_column_text]Se vem de f\u00e9rias para Cabanas de Tavira, aproveite para se conectar com a Natureza. &nbsp; O nosso hotel em Cabanas de Tavira est\u00e1 perto de v\u00e1rios parques e [&hellip;]<\/p>\n","protected":false},"author":12,"featured_media":0,"parent":28902,"menu_order":0,"comment_status":"closed","ping_status":"closed","template":"full-width.php","meta":[],"yoast_head":"<!-- This site is optimized with the Yoast SEO plugin v18.1 - https:\/\/yoast.com\/wordpress\/plugins\/seo\/ -->\n<title>O que fazer em Cabanas de Tavira - AP Cabanas Beach &amp; Nature - Official Website<\/title>\n<meta name=\"description\" content=\"Descubra o que fazer em Cabanas de Tavira. Conhe\u00e7a os parques naturais, praias e locais hist\u00f3ricos que pode visitar\" \/>\n<meta name=\"robots\" content=\"index, follow, max-snippet:-1, max-image-preview:large, max-video-preview:-1\" \/>\n<link rel=\"canonical\" href=\"https:\/\/ap-hotelsresorts.com\/pt-pt\/cabanas\/o-que-fazer-em-cabanas-de-tavira\/\" \/>\n<meta property=\"og:locale\" content=\"pt_PT\" \/>\n<meta property=\"og:type\" content=\"article\" \/>\n<meta property=\"og:title\" content=\"O que fazer em Cabanas de Tavira - AP Cabanas Beach &amp; Nature - Official Website\" \/>\n<meta property=\"og:description\" content=\"Descubra o que fazer em Cabanas de Tavira. Conhe\u00e7a os parques naturais, praias e locais hist\u00f3ricos que pode visitar\" \/>\n<meta property=\"og:url\" content=\"https:\/\/ap-hotelsresorts.com\/pt-pt\/cabanas\/o-que-fazer-em-cabanas-de-tavira\/\" \/>\n<meta property=\"og:site_name\" content=\"AP HOTELS &amp; RESORTS .\" \/>\n<meta property=\"article:publisher\" content=\"https:\/\/www.facebook.com\/aphotelsresorts\" \/>\n<meta property=\"article:modified_time\" content=\"2026-01-15T16:39:56+00:00\" \/>\n<meta name=\"twitter:card\" content=\"summary_large_image\" \/>\n<meta name=\"twitter:site\" content=\"@ApHotels\" \/>\n<meta name=\"twitter:label1\" content=\"Tempo estimado de leitura\" \/>\n\t<meta name=\"twitter:data1\" content=\"2 minutos\" \/>\n<script type=\"application\/ld+json\" class=\"yoast-schema-graph\">{\"@context\":\"https:\/\/schema.org\",\"@graph\":[{\"@type\":\"Organization\",\"@id\":\"https:\/\/ap-hotelsresorts.com\/#organization\",\"name\":\"AP HOTELS & RESORTS\",\"url\":\"https:\/\/ap-hotelsresorts.com\/\",\"sameAs\":[\"https:\/\/www.facebook.com\/aphotelsresorts\",\"https:\/\/www.instagram.com\/aphotelsresorts\/\",\"https:\/\/www.linkedin.com\/company\/ap-hotels-and-resorts\",\"https:\/\/www.youtube.com\/channel\/UCSmwGBz36kx2XALzeVAlKEg\",\"https:\/\/twitter.com\/ApHotels\"],\"logo\":{\"@type\":\"ImageObject\",\"@id\":\"https:\/\/ap-hotelsresorts.com\/#logo\",\"inLanguage\":\"pt-PT\",\"url\":\"https:\/\/ap-hotelsresorts.com\/wp-content\/uploads\/2021\/03\/logo-1.png\",\"contentUrl\":\"https:\/\/ap-hotelsresorts.com\/wp-content\/uploads\/2021\/03\/logo-1.png\",\"width\":\"3915\",\"height\":\"1388\",\"caption\":\"AP HOTELS & RESORTS\"},\"image\":{\"@id\":\"https:\/\/ap-hotelsresorts.com\/#logo\"}},{\"@type\":\"WebSite\",\"@id\":\"https:\/\/ap-hotelsresorts.com\/#website\",\"url\":\"https:\/\/ap-hotelsresorts.com\/\",\"name\":\"AP HOTELS &amp; RESORTS .\",\"description\":\"Albufeira . Faro . Portim\u00e3o . Tavira . Algarve\",\"publisher\":{\"@id\":\"https:\/\/ap-hotelsresorts.com\/#organization\"},\"potentialAction\":[{\"@type\":\"SearchAction\",\"target\":{\"@type\":\"EntryPoint\",\"urlTemplate\":\"https:\/\/ap-hotelsresorts.com\/?s={search_term_string}\"},\"query-input\":\"required name=search_term_string\"}],\"inLanguage\":\"pt-PT\"},{\"@type\":\"WebPage\",\"@id\":\"https:\/\/ap-hotelsresorts.com\/pt-pt\/cabanas\/o-que-fazer-em-cabanas-de-tavira\/#webpage\",\"url\":\"https:\/\/ap-hotelsresorts.com\/pt-pt\/cabanas\/o-que-fazer-em-cabanas-de-tavira\/\",\"name\":\"O que fazer em Cabanas de Tavira - AP Cabanas Beach & Nature - Official Website\",\"isPartOf\":{\"@id\":\"https:\/\/ap-hotelsresorts.com\/#website\"},\"datePublished\":\"2021-10-28T15:32:26+00:00\",\"dateModified\":\"2026-01-15T16:39:56+00:00\",\"description\":\"Descubra o que fazer em Cabanas de Tavira. Conhe\u00e7a os parques naturais, praias e locais hist\u00f3ricos que pode visitar\",\"breadcrumb\":{\"@id\":\"https:\/\/ap-hotelsresorts.com\/pt-pt\/cabanas\/o-que-fazer-em-cabanas-de-tavira\/#breadcrumb\"},\"inLanguage\":\"pt-PT\",\"potentialAction\":[{\"@type\":\"ReadAction\",\"target\":[\"https:\/\/ap-hotelsresorts.com\/pt-pt\/cabanas\/o-que-fazer-em-cabanas-de-tavira\/\"]}]},{\"@type\":\"BreadcrumbList\",\"@id\":\"https:\/\/ap-hotelsresorts.com\/pt-pt\/cabanas\/o-que-fazer-em-cabanas-de-tavira\/#breadcrumb\",\"itemListElement\":[{\"@type\":\"ListItem\",\"position\":1,\"name\":\"Home\",\"item\":\"https:\/\/ap-hotelsresorts.com\/pt-pt\/\"},{\"@type\":\"ListItem\",\"position\":2,\"name\":\"CABANAS\",\"item\":\"https:\/\/ap-hotelsresorts.com\/pt-pt\/cabanas\/\"},{\"@type\":\"ListItem\",\"position\":3,\"name\":\"O que fazer em Cabanas de Tavira\"}]}]}<\/script>\n<!-- \/ Yoast SEO plugin. -->","yoast_head_json":{"title":"O que fazer em Cabanas de Tavira - AP Cabanas Beach & Nature - Official Website","description":"Descubra o que fazer em Cabanas de Tavira. Conhe\u00e7a os parques naturais, praias e locais hist\u00f3ricos que pode visitar","robots":{"index":"index","follow":"follow","max-snippet":"max-snippet:-1","max-image-preview":"max-image-preview:large","max-video-preview":"max-video-preview:-1"},"canonical":"https:\/\/ap-hotelsresorts.com\/pt-pt\/cabanas\/o-que-fazer-em-cabanas-de-tavira\/","og_locale":"pt_PT","og_type":"article","og_title":"O que fazer em Cabanas de Tavira - AP Cabanas Beach & Nature - Official Website","og_description":"Descubra o que fazer em Cabanas de Tavira. Conhe\u00e7a os parques naturais, praias e locais hist\u00f3ricos que pode visitar","og_url":"https:\/\/ap-hotelsresorts.com\/pt-pt\/cabanas\/o-que-fazer-em-cabanas-de-tavira\/","og_site_name":"AP HOTELS &amp; RESORTS .","article_publisher":"https:\/\/www.facebook.com\/aphotelsresorts","article_modified_time":"2026-01-15T16:39:56+00:00","twitter_card":"summary_large_image","twitter_site":"@ApHotels","twitter_misc":{"Tempo estimado de leitura":"2 minutos"},"schema":{"@context":"https:\/\/schema.org","@graph":[{"@type":"Organization","@id":"https:\/\/ap-hotelsresorts.com\/#organization","name":"AP HOTELS & RESORTS","url":"https:\/\/ap-hotelsresorts.com\/","sameAs":["https:\/\/www.facebook.com\/aphotelsresorts","https:\/\/www.instagram.com\/aphotelsresorts\/","https:\/\/www.linkedin.com\/company\/ap-hotels-and-resorts","https:\/\/www.youtube.com\/channel\/UCSmwGBz36kx2XALzeVAlKEg","https:\/\/twitter.com\/ApHotels"],"logo":{"@type":"ImageObject","@id":"https:\/\/ap-hotelsresorts.com\/#logo","inLanguage":"pt-PT","url":"https:\/\/ap-hotelsresorts.com\/wp-content\/uploads\/2021\/03\/logo-1.png","contentUrl":"https:\/\/ap-hotelsresorts.com\/wp-content\/uploads\/2021\/03\/logo-1.png","width":"3915","height":"1388","caption":"AP HOTELS & RESORTS"},"image":{"@id":"https:\/\/ap-hotelsresorts.com\/#logo"}},{"@type":"WebSite","@id":"https:\/\/ap-hotelsresorts.com\/#website","url":"https:\/\/ap-hotelsresorts.com\/","name":"AP HOTELS &amp; RESORTS .","description":"Albufeira . Faro . Portim\u00e3o . Tavira . Algarve","publisher":{"@id":"https:\/\/ap-hotelsresorts.com\/#organization"},"potentialAction":[{"@type":"SearchAction","target":{"@type":"EntryPoint","urlTemplate":"https:\/\/ap-hotelsresorts.com\/?s={search_term_string}"},"query-input":"required name=search_term_string"}],"inLanguage":"pt-PT"},{"@type":"WebPage","@id":"https:\/\/ap-hotelsresorts.com\/pt-pt\/cabanas\/o-que-fazer-em-cabanas-de-tavira\/#webpage","url":"https:\/\/ap-hotelsresorts.com\/pt-pt\/cabanas\/o-que-fazer-em-cabanas-de-tavira\/","name":"O que fazer em Cabanas de Tavira - AP Cabanas Beach & Nature - Official Website","isPartOf":{"@id":"https:\/\/ap-hotelsresorts.com\/#website"},"datePublished":"2021-10-28T15:32:26+00:00","dateModified":"2026-01-15T16:39:56+00:00","description":"Descubra o que fazer em Cabanas de Tavira. Conhe\u00e7a os parques naturais, praias e locais hist\u00f3ricos que pode visitar","breadcrumb":{"@id":"https:\/\/ap-hotelsresorts.com\/pt-pt\/cabanas\/o-que-fazer-em-cabanas-de-tavira\/#breadcrumb"},"inLanguage":"pt-PT","potentialAction":[{"@type":"ReadAction","target":["https:\/\/ap-hotelsresorts.com\/pt-pt\/cabanas\/o-que-fazer-em-cabanas-de-tavira\/"]}]},{"@type":"BreadcrumbList","@id":"https:\/\/ap-hotelsresorts.com\/pt-pt\/cabanas\/o-que-fazer-em-cabanas-de-tavira\/#breadcrumb","itemListElement":[{"@type":"ListItem","position":1,"name":"Home","item":"https:\/\/ap-hotelsresorts.com\/pt-pt\/"},{"@type":"ListItem","position":2,"name":"CABANAS","item":"https:\/\/ap-hotelsresorts.com\/pt-pt\/cabanas\/"},{"@type":"ListItem","position":3,"name":"O que fazer em Cabanas de Tavira"}]}]}},"_links":{"self":[{"href":"https:\/\/ap-hotelsresorts.com\/pt-pt\/wp-json\/wp\/v2\/pages\/28964"}],"collection":[{"href":"https:\/\/ap-hotelsresorts.com\/pt-pt\/wp-json\/wp\/v2\/pages"}],"about":[{"href":"https:\/\/ap-hotelsresorts.com\/pt-pt\/wp-json\/wp\/v2\/types\/page"}],"author":[{"embeddable":true,"href":"https:\/\/ap-hotelsresorts.com\/pt-pt\/wp-json\/wp\/v2\/users\/12"}],"replies":[{"embeddable":true,"href":"https:\/\/ap-hotelsresorts.com\/pt-pt\/wp-json\/wp\/v2\/comments?post=28964"}],"version-history":[{"count":0,"href":"https:\/\/ap-hotelsresorts.com\/pt-pt\/wp-json\/wp\/v2\/pages\/28964\/revisions"}],"up":[{"embeddable":true,"href":"https:\/\/ap-hotelsresorts.com\/pt-pt\/wp-json\/wp\/v2\/pages\/28902"}],"wp:attachment":[{"href":"https:\/\/ap-hotelsresorts.com\/pt-pt\/wp-json\/wp\/v2\/media?parent=28964"}],"curies":[{"name":"wp","href":"https:\/\/api.w.org\/{rel}","templated":true}]}}